{"id":10709,"date":"2014-11-19T15:14:03","date_gmt":"2014-11-19T15:14:03","guid":{"rendered":"http:\/\/theme-fusion.com\/avadaxml\/?page_id=10709"},"modified":"2025-03-14T11:56:11","modified_gmt":"2025-03-14T10:56:11","slug":"home-3","status":"publish","type":"page","link":"http:\/\/www.ukd-stuttgart.de\/wordpress\/","title":{"rendered":"Home"},"content":{"rendered":"<p><div class=\"fusion-fullwidth fullwidth-box fusion-builder-row-1 nonhundred-percent-fullwidth non-hundred-percent-height-scrolling\"  style='background-color: rgba(255,255,255,0);background-position: left top;background-repeat: no-repeat;padding-top:10px;padding-right:0px;padding-bottom:0px;padding-left:0px;border-top-width:0px;border-bottom-width:0px;border-color:#eae9e9;border-top-style:solid;border-bottom-style:solid;'><div class=\"fusion-builder-row fusion-row \"><div  class=\"fusion-layout-column fusion_builder_column fusion_builder_column_1_1 fusion-builder-column-0 fusion-one-full fusion-column-first fusion-column-last fusion-column-no-min-height 1_1\"  style='margin-top:0px;margin-bottom:0px;'><div class=\"fusion-column-wrapper\" style=\"padding: 0px 0px 0px 0px;background-position:left top;background-repeat:no-repeat;-webkit-background-size:cover;-moz-background-size:cover;-o-background-size:cover;background-size:cover;\"   data-bg-url=\"\"><div class=\"fusion-text\"><h1 style=\"text-align: center; font-size: 30px !important;\"><strong>Herzlich willkommen beim Uni Karate Dojo Stuttgart e.V. (UKD Stuttgart)<\/strong><\/h1>\n<\/div><div class=\"fusion-clearfix\"><\/div><\/div><\/div><\/div><\/div><style type=\"text\/css\">.fusion-fullwidth.fusion-builder-row-1 a:not(.fusion-button):not(.fusion-builder-module-control):not(.fusion-social-network-icon):not(.fb-icon-element):not(.fusion-countdown-link):not(.fusion-rollover-link):not(.fusion-rollover-gallery):not(.fusion-button-bar):not(.add_to_cart_button):not(.show_details_button):not(.product_type_external):not(.fusion-quick-view):not(.fusion-rollover-title-link):not(.fusion-breadcrumb-link) , .fusion-fullwidth.fusion-builder-row-1 a:not(.fusion-button):not(.fusion-builder-module-control):not(.fusion-social-network-icon):not(.fb-icon-element):not(.fusion-countdown-link):not(.fusion-rollover-link):not(.fusion-rollover-gallery):not(.fusion-button-bar):not(.add_to_cart_button):not(.show_details_button):not(.product_type_external):not(.fusion-quick-view):not(.fusion-rollover-title-link):not(.fusion-breadcrumb-link):before, .fusion-fullwidth.fusion-builder-row-1 a:not(.fusion-button):not(.fusion-builder-module-control):not(.fusion-social-network-icon):not(.fb-icon-element):not(.fusion-countdown-link):not(.fusion-rollover-link):not(.fusion-rollover-gallery):not(.fusion-button-bar):not(.add_to_cart_button):not(.show_details_button):not(.product_type_external):not(.fusion-quick-view):not(.fusion-rollover-title-link):not(.fusion-breadcrumb-link):after {color: #333333;}.fusion-fullwidth.fusion-builder-row-1 a:not(.fusion-button):not(.fusion-builder-module-control):not(.fusion-social-network-icon):not(.fb-icon-element):not(.fusion-countdown-link):not(.fusion-rollover-link):not(.fusion-rollover-gallery):not(.fusion-button-bar):not(.add_to_cart_button):not(.show_details_button):not(.product_type_external):not(.fusion-quick-view):not(.fusion-rollover-title-link):not(.fusion-breadcrumb-link):hover, .fusion-fullwidth.fusion-builder-row-1 a:not(.fusion-button):not(.fusion-builder-module-control):not(.fusion-social-network-icon):not(.fb-icon-element):not(.fusion-countdown-link):not(.fusion-rollover-link):not(.fusion-rollover-gallery):not(.fusion-button-bar):not(.add_to_cart_button):not(.show_details_button):not(.product_type_external):not(.fusion-quick-view):not(.fusion-rollover-title-link):not(.fusion-breadcrumb-link):hover:before, .fusion-fullwidth.fusion-builder-row-1 a:not(.fusion-button):not(.fusion-builder-module-control):not(.fusion-social-network-icon):not(.fb-icon-element):not(.fusion-countdown-link):not(.fusion-rollover-link):not(.fusion-rollover-gallery):not(.fusion-button-bar):not(.add_to_cart_button):not(.show_details_button):not(.product_type_external):not(.fusion-quick-view):not(.fusion-rollover-title-link):not(.fusion-breadcrumb-link):hover:after {color: #9e9e9e;}.fusion-fullwidth.fusion-builder-row-1 .pagination a.inactive:hover, .fusion-fullwidth.fusion-builder-row-1 .fusion-filters .fusion-filter.fusion-active a {border-color: #9e9e9e;}.fusion-fullwidth.fusion-builder-row-1 .pagination .current {border-color: #9e9e9e; background-color: #9e9e9e;}.fusion-fullwidth.fusion-builder-row-1 .fusion-filters .fusion-filter.fusion-active a, .fusion-fullwidth.fusion-builder-row-1 .fusion-date-and-formats .fusion-format-box, .fusion-fullwidth.fusion-builder-row-1 .fusion-popover, .fusion-fullwidth.fusion-builder-row-1 .tooltip-shortcode {color: #9e9e9e;}#main .fusion-fullwidth.fusion-builder-row-1 .post .blog-shortcode-post-title a:hover {color: #9e9e9e;}<\/style><div class=\"fusion-fullwidth fullwidth-box fusion-builder-row-2 nonhundred-percent-fullwidth non-hundred-percent-height-scrolling\"  style='background-color: rgba(255,255,255,0);background-position: center center;background-repeat: no-repeat;padding-top:0px;padding-right:0px;padding-bottom:0px;padding-left:0px;border-top-width:0px;border-bottom-width:0px;border-color:#eae9e9;border-top-style:solid;border-bottom-style:solid;'><div class=\"fusion-builder-row fusion-row \"><div  class=\"fusion-layout-column fusion_builder_column fusion_builder_column_1_1 fusion-builder-column-1 fusion-one-full fusion-column-first fusion-column-last 1_1\"  style='margin-top:0px;margin-bottom:20px;'><div class=\"fusion-column-wrapper\" style=\"padding: 0px 0px 0px 0px;background-position:left top;background-repeat:no-repeat;-webkit-background-size:cover;-moz-background-size:cover;-o-background-size:cover;background-size:cover;\"   data-bg-url=\"\"><div class=\"fusion-alert alert success alert-success fusion-alert-center fusion-alert-capitalize alert-dismissable\" style=\"background-color:#dff0d8;color:rgba(92,163,64,1);border-color:rgba(92,163,64,1);border-width:1px;\"><button type=\"button\" class=\"close toggle-alert\" data-dismiss=\"alert\" aria-hidden=\"true\">&times;<\/button><div class=\"fusion-alert-content-wrapper\"><span class=\"alert-icon\"><i class=\"fa-lg fa fa-check-circle\"><\/i><\/span><span class=\"fusion-alert-content\"><p style=\"text-align: center;\">Regelm\u00e4\u00dfig neue <strong>Anf\u00e4ngerkurse<\/strong>! Starttermin bitte erfragen unter kontakt@ukd-stuttgart.de<\/p>\n<p style=\"text-align: center;\"><strong>Montagabend 18:45 &#8211; 20:00 Uhr <\/strong>in der gro\u00dfen Sporthalle des <a href=\"http:\/\/www.ukd-stuttgart.de\/wordpress\/koenigin-katharina-stift\/\"><strong>K\u00f6nigin-Katharina-Stifts<\/strong><\/a> in Stuttgart<\/p>\n<hr>\n<p style=\"text-align: center;\"><a href=\"http:\/\/www.ukd-stuttgart.de\/wordpress\/wp-content\/uploads\/2023\/08\/2023_Anmeldung_Anfaenger.pdf\">Anmeldebogen <\/a>zum Ausf\u00fcllen und mitbringen oder schicken an kontakt@ukd-stuttgart.de<\/p><\/span><\/div><\/div><div class=\"fusion-clearfix\"><\/div><\/div><\/div><\/div><\/div><style type=\"text\/css\">.fusion-fullwidth.fusion-builder-row-2 a:not(.fusion-button):not(.fusion-builder-module-control):not(.fusion-social-network-icon):not(.fb-icon-element):not(.fusion-countdown-link):not(.fusion-rollover-link):not(.fusion-rollover-gallery):not(.fusion-button-bar):not(.add_to_cart_button):not(.show_details_button):not(.product_type_external):not(.fusion-quick-view):not(.fusion-rollover-title-link):not(.fusion-breadcrumb-link) , .fusion-fullwidth.fusion-builder-row-2 a:not(.fusion-button):not(.fusion-builder-module-control):not(.fusion-social-network-icon):not(.fb-icon-element):not(.fusion-countdown-link):not(.fusion-rollover-link):not(.fusion-rollover-gallery):not(.fusion-button-bar):not(.add_to_cart_button):not(.show_details_button):not(.product_type_external):not(.fusion-quick-view):not(.fusion-rollover-title-link):not(.fusion-breadcrumb-link):before, .fusion-fullwidth.fusion-builder-row-2 a:not(.fusion-button):not(.fusion-builder-module-control):not(.fusion-social-network-icon):not(.fb-icon-element):not(.fusion-countdown-link):not(.fusion-rollover-link):not(.fusion-rollover-gallery):not(.fusion-button-bar):not(.add_to_cart_button):not(.show_details_button):not(.product_type_external):not(.fusion-quick-view):not(.fusion-rollover-title-link):not(.fusion-breadcrumb-link):after {color: #333333;}.fusion-fullwidth.fusion-builder-row-2 a:not(.fusion-button):not(.fusion-builder-module-control):not(.fusion-social-network-icon):not(.fb-icon-element):not(.fusion-countdown-link):not(.fusion-rollover-link):not(.fusion-rollover-gallery):not(.fusion-button-bar):not(.add_to_cart_button):not(.show_details_button):not(.product_type_external):not(.fusion-quick-view):not(.fusion-rollover-title-link):not(.fusion-breadcrumb-link):hover, .fusion-fullwidth.fusion-builder-row-2 a:not(.fusion-button):not(.fusion-builder-module-control):not(.fusion-social-network-icon):not(.fb-icon-element):not(.fusion-countdown-link):not(.fusion-rollover-link):not(.fusion-rollover-gallery):not(.fusion-button-bar):not(.add_to_cart_button):not(.show_details_button):not(.product_type_external):not(.fusion-quick-view):not(.fusion-rollover-title-link):not(.fusion-breadcrumb-link):hover:before, .fusion-fullwidth.fusion-builder-row-2 a:not(.fusion-button):not(.fusion-builder-module-control):not(.fusion-social-network-icon):not(.fb-icon-element):not(.fusion-countdown-link):not(.fusion-rollover-link):not(.fusion-rollover-gallery):not(.fusion-button-bar):not(.add_to_cart_button):not(.show_details_button):not(.product_type_external):not(.fusion-quick-view):not(.fusion-rollover-title-link):not(.fusion-breadcrumb-link):hover:after {color: #9e9e9e;}.fusion-fullwidth.fusion-builder-row-2 .pagination a.inactive:hover, .fusion-fullwidth.fusion-builder-row-2 .fusion-filters .fusion-filter.fusion-active a {border-color: #9e9e9e;}.fusion-fullwidth.fusion-builder-row-2 .pagination .current {border-color: #9e9e9e; background-color: #9e9e9e;}.fusion-fullwidth.fusion-builder-row-2 .fusion-filters .fusion-filter.fusion-active a, .fusion-fullwidth.fusion-builder-row-2 .fusion-date-and-formats .fusion-format-box, .fusion-fullwidth.fusion-builder-row-2 .fusion-popover, .fusion-fullwidth.fusion-builder-row-2 .tooltip-shortcode {color: #9e9e9e;}#main .fusion-fullwidth.fusion-builder-row-2 .post .blog-shortcode-post-title a:hover {color: #9e9e9e;}<\/style><div class=\"fusion-fullwidth fullwidth-box fusion-builder-row-3 nonhundred-percent-fullwidth non-hundred-percent-height-scrolling\"  style='background-color: rgba(255,255,255,0);background-position: center center;background-repeat: no-repeat;padding-top:0px;padding-right:0px;padding-bottom:0px;padding-left:0px;border-top-width:0px;border-bottom-width:0px;border-color:#eae9e9;border-top-style:solid;border-bottom-style:solid;'><div class=\"fusion-builder-row fusion-row \"><div  class=\"fusion-layout-column fusion_builder_column fusion_builder_column_1_1 fusion-builder-column-2 fusion-one-full fusion-column-first fusion-column-last 1_1\"  style='margin-top:0px;margin-bottom:0px;'><div class=\"fusion-column-wrapper\" style=\"padding: 0px 0px 0px 0px;background-position:left top;background-repeat:no-repeat;-webkit-background-size:cover;-moz-background-size:cover;-o-background-size:cover;background-size:cover;\"   data-bg-url=\"\"><div class=\"fusion-slider-sc fusion-flexslider-loading flexslider flexslider-hover-type-none\" data-slideshow_autoplay=\"1\" data-slideshow_smooth_height=\"0\" data-slideshow_speed=\"10000\" style=\"max-width:100%;height:100%;\"><ul class=\"slides\"><li class=\"image\"><span class=\"fusion-image-hover-element hover-type-none\"><img loading=\"lazy\" src=\"http:\/\/www.ukd-stuttgart.de\/wordpress\/wp-content\/uploads\/2016\/05\/slider_1_neu.jpg\" alt=\"Slider mit Bild von Karateka\" width=\"1920\" height=\"700\" class=\"wp-image-12785\" \/><\/span><\/li><li class=\"image\"><span class=\"fusion-image-hover-element hover-type-none\"><img loading=\"lazy\" src=\"http:\/\/www.ukd-stuttgart.de\/wordpress\/wp-content\/uploads\/2016\/05\/slider_2_neu.jpg\" alt=\"Slider mit Bild von Gi\" width=\"1920\" height=\"700\" class=\"wp-image-12786\" \/><\/span><\/li><li class=\"image\"><span class=\"fusion-image-hover-element hover-type-none\"><img loading=\"lazy\" src=\"http:\/\/www.ukd-stuttgart.de\/wordpress\/wp-content\/uploads\/2016\/05\/slider_3.jpg\" alt=\"Slider mit Bild von Karateka\" width=\"1920\" height=\"1141\" class=\"wp-image-12784\" \/><\/span><\/li><li class=\"image\"><span class=\"fusion-image-hover-element hover-type-none\"><img loading=\"lazy\" src=\"http:\/\/www.ukd-stuttgart.de\/wordpress\/wp-content\/uploads\/2016\/04\/pruefung-1.jpg\" alt=\"Bild mit Karateg\u00fcrtel\" width=\"668\" height=\"426\" class=\"wp-image-12860\" \/><\/span><\/li><li class=\"image\"><span class=\"fusion-image-hover-element hover-type-none\"><img loading=\"lazy\" src=\"http:\/\/www.ukd-stuttgart.de\/wordpress\/wp-content\/uploads\/2016\/04\/pruefung.jpg\" width=\"668\" height=\"426\" class=\"wp-image-12778\" \/><\/span><\/li><\/ul><\/div><div class=\"fusion-alert alert success alert-success fusion-alert-center fusion-alert-capitalize alert-dismissable\" style=\"background-color:#dff0d8;color:rgba(92,163,64,1);border-color:rgba(92,163,64,1);border-width:1px;\"><button type=\"button\" class=\"close toggle-alert\" data-dismiss=\"alert\" aria-hidden=\"true\">&times;<\/button><div class=\"fusion-alert-content-wrapper\"><span class=\"alert-icon\"><i class=\"fa-lg fa fa-check-circle\"><\/i><\/span><span class=\"fusion-alert-content\"><p>Wer dem UKD direkt beitreten m\u00f6chte findet den Aufnahmeantrag hier:&nbsp;<a href=\"http:\/\/www.ukd-stuttgart.de\/wordpress\/wp-content\/uploads\/2018\/07\/UKD_Aufnahmeantrag_NEU.pdf\" target=\"_blank\" rel=\"noopener\">Aufnahmeantrag<\/a><br \/>\n1. Den Aufnahmeantrag bitte vollst\u00e4ndig ausf\u00fcllen und unterschreiben.<br \/>\n2. Den Aufnahmeantrag (und ggf. die Studienbescheinigung etc.) als Scan per E-Mail senden an:&nbsp;mitgliederverwaltung@ukd-stuttgart.de<\/p><\/span><\/div><\/div><div class=\"fusion-blog-shortcode fusion-blog-shortcode-1 fusion-blog-archive fusion-blog-layout-grid-wrapper fusion-blog-no\"><style type=\"text\/css\">.fusion-blog-shortcode-1 .fusion-blog-layout-grid .fusion-post-grid{padding:20px;}.fusion-blog-shortcode-1 .fusion-posts-container{margin-left: -20px !important; margin-right:-20px !important;}<\/style><div class=\"fusion-posts-container fusion-posts-container-no fusion-blog-rollover fusion-blog-layout-grid fusion-blog-layout-grid-3 isotope\" data-pages=\"0\" data-grid-col-space=\"40\" style=\"margin: -20px -20px 0;min-height:500px;\"><article id=\"blog-1-post-13913\" class=\"fusion-post-grid post-13913 post type-post status-publish format-standard has-post-thumbnail hentry category-aktuelles\">\n<div class=\"fusion-post-wrapper\" style=\"background-color:rgba(255,255,255,0);border:1px solid #ebeaea;border-bottom-width:3px;\">\n\n\t\t\t<div class=\"fusion-flexslider flexslider fusion-flexslider-loading fusion-post-slideshow\" style=\"border-color:#ebeaea;\">\n\t\t<ul class=\"slides\">\n\t\t\t\n\t\t\t\t\t\t\t\t\t\t\t\t\t\t<li>\n\n<div  class=\"fusion-image-wrapper\" aria-haspopup=\"true\">\n\t\n\t\n\t\t\n\t\t\t\t\t<img width=\"1600\" height=\"1200\" src=\"http:\/\/www.ukd-stuttgart.de\/wordpress\/wp-content\/uploads\/2026\/03\/Iain-Stuttgart-seminar-2025.jpeg\" class=\"attachment-full size-full wp-post-image\" alt=\"\" loading=\"lazy\" srcset=\"http:\/\/www.ukd-stuttgart.de\/wordpress\/wp-content\/uploads\/2026\/03\/Iain-Stuttgart-seminar-2025-200x150.jpeg 200w, http:\/\/www.ukd-stuttgart.de\/wordpress\/wp-content\/uploads\/2026\/03\/Iain-Stuttgart-seminar-2025-400x300.jpeg 400w, http:\/\/www.ukd-stuttgart.de\/wordpress\/wp-content\/uploads\/2026\/03\/Iain-Stuttgart-seminar-2025-600x450.jpeg 600w, http:\/\/www.ukd-stuttgart.de\/wordpress\/wp-content\/uploads\/2026\/03\/Iain-Stuttgart-seminar-2025-800x600.jpeg 800w, http:\/\/www.ukd-stuttgart.de\/wordpress\/wp-content\/uploads\/2026\/03\/Iain-Stuttgart-seminar-2025-1200x900.jpeg 1200w, http:\/\/www.ukd-stuttgart.de\/wordpress\/wp-content\/uploads\/2026\/03\/Iain-Stuttgart-seminar-2025.jpeg 1600w\" sizes=\"(min-width: 2200px) 100vw, (min-width: 824px) 340px, (min-width: 732px) 510px, (min-width: 640px) 732px, \" \/>\n\t\n\n\t\t<div class=\"fusion-rollover\">\n\t<div class=\"fusion-rollover-content\">\n\n\t\t\t\t\t\t\t\t\t\t\t\t\t\t<a class=\"fusion-rollover-link\" href=\"http:\/\/www.ukd-stuttgart.de\/wordpress\/lehrgang-iain-abernethy-juni-2025\/\">Lehrgang Iain Abernethy Juni 2025<\/a>\n\t\t\t\n\t\t\t\t\t\t\t\t\t\t\t\t\t\t\n\t\t\t\t\t\t\t\t\n\t\t\t\t\t\t\t\t\t\t\t\t\t<div class=\"fusion-rollover-sep\"><\/div>\n\t\t\t\t\n\t\t\t\t\t\t\t\t\t\t\t\t\t\t\t\t\t\t<a class=\"fusion-rollover-gallery\" href=\"http:\/\/www.ukd-stuttgart.de\/wordpress\/wp-content\/uploads\/2026\/03\/Iain-Stuttgart-seminar-2025.jpeg\" data-id=\"13913\" data-rel=\"iLightbox[gallery]\" data-title=\"Iain Stuttgart seminar 2025\" data-caption=\"\">\n\t\t\t\t\t\tGallery\t\t\t\t\t<\/a>\n\t\t\t\t\t\t\t\t\t\t\t\t\t\t\n\t\t\t\t\n\t\t\t\t\t\t\t\t\t\t\t\t<h4 class=\"fusion-rollover-title\">\n\t\t\t\t\t<a class=\"fusion-rollover-title-link\" href=\"http:\/\/www.ukd-stuttgart.de\/wordpress\/lehrgang-iain-abernethy-juni-2025\/\">\n\t\t\t\t\t\tLehrgang Iain Abernethy Juni 2025\t\t\t\t\t<\/a>\n\t\t\t\t<\/h4>\n\t\t\t\n\t\t\t\t\t\t\t\t\t\t\t\t\t\t<div class=\"fusion-rollover-categories\"><a href=\"http:\/\/www.ukd-stuttgart.de\/wordpress\/category\/aktuelles\/\" rel=\"tag\">Aktuelles<\/a><\/div>\t\t\t\t\t\n\t\t\n\t\t\t\t<a class=\"fusion-link-wrapper\" href=\"http:\/\/www.ukd-stuttgart.de\/wordpress\/lehrgang-iain-abernethy-juni-2025\/\" aria-label=\"Lehrgang Iain Abernethy Juni 2025\"><\/a>\n\t<\/div>\n<\/div>\n\n\t\n<\/div>\n<\/li>\n\t\t\t\n\t\t\t\n\t\t\t\t\t\t\t\t\t\t\t\t\t\t\t\t\t\t\t\t\t\t\t\t\t\t\t\t\t\t\t\t\t\t\t\t\t\t\t\t\t\t\t\t\t\t\t\t\t\t\t\t\t\t\t\t\t\t\t\t\t\t\t\t\t\t\t\t<\/ul>\n\t<\/div>\n\t<div class=\"fusion-post-content-wrapper\" style=\"padding:30px 25px 20px 25px;\"><div class=\"fusion-post-content post-content\"><h2 class=\"blog-shortcode-post-title entry-title\"><a href=\"http:\/\/www.ukd-stuttgart.de\/wordpress\/lehrgang-iain-abernethy-juni-2025\/\">Lehrgang Iain Abernethy Juni 2025<\/a><\/h2><p class=\"fusion-single-line-meta\">By <span class=\"vcard\"><span class=\"fn\"><a href=\"http:\/\/www.ukd-stuttgart.de\/wordpress\/author\/admin\/\" title=\"Beitr\u00e4ge von admin\" rel=\"author\">admin<\/a><\/span><\/span><span class=\"fusion-inline-sep\">|<\/span><span class=\"updated\" style=\"display:none;\">2026-03-16T20:25:09+01:00<\/span><span>1. Juli 2025<\/span><span class=\"fusion-inline-sep\">|<\/span>Categories: <a href=\"http:\/\/www.ukd-stuttgart.de\/wordpress\/category\/aktuelles\/\" rel=\"category tag\">Aktuelles<\/a><span class=\"fusion-inline-sep\">|<\/span><\/p><div class=\"fusion-content-sep sep-double sep-solid\" style=\"border-color:#e0dede;\"><\/div><div class=\"fusion-post-content-container\"><p>Neue Ideen vom alten Meister \u2013 Die 15. Stuttgarter Bunkai- &amp; SV-Tage mit Iain Abernethy R\u00e4umen wir mal kurz auf mit einem Klischee: Es gibt keine Sch\u00fclerkatas. Klar, die f\u00fcnf Heian-Katas stehen f\u00fcr alle am [...]<\/p><\/div><\/div><div class=\"fusion-meta-info\"><div class=\"fusion-alignleft\"><a class=\"fusion-read-more\" href=\"http:\/\/www.ukd-stuttgart.de\/wordpress\/lehrgang-iain-abernethy-juni-2025\/\">Read More<\/a><\/div><\/div><\/div><div class=\"fusion-clearfix\"><\/div><\/div>\n<\/article>\n<article id=\"blog-1-post-13869\" class=\"fusion-post-grid post-13869 post type-post status-publish format-standard has-post-thumbnail hentry category-allgemein\">\n<div class=\"fusion-post-wrapper\" style=\"background-color:rgba(255,255,255,0);border:1px solid #ebeaea;border-bottom-width:3px;\">\n\n\t\t\t<div class=\"fusion-flexslider flexslider fusion-flexslider-loading fusion-post-slideshow\" style=\"border-color:#ebeaea;\">\n\t\t<ul class=\"slides\">\n\t\t\t\n\t\t\t\t\t\t\t\t\t\t\t\t\t\t<li>\n\n<div  class=\"fusion-image-wrapper\" aria-haspopup=\"true\">\n\t\n\t\n\t\t\n\t\t\t\t\t<img width=\"2497\" height=\"1029\" src=\"http:\/\/www.ukd-stuttgart.de\/wordpress\/wp-content\/uploads\/2025\/06\/Karate-Bunkai-Banner-1.jpg\" class=\"attachment-full size-full wp-post-image\" alt=\"\" loading=\"lazy\" srcset=\"http:\/\/www.ukd-stuttgart.de\/wordpress\/wp-content\/uploads\/2025\/06\/Karate-Bunkai-Banner-1-200x82.jpg 200w, http:\/\/www.ukd-stuttgart.de\/wordpress\/wp-content\/uploads\/2025\/06\/Karate-Bunkai-Banner-1-400x165.jpg 400w, http:\/\/www.ukd-stuttgart.de\/wordpress\/wp-content\/uploads\/2025\/06\/Karate-Bunkai-Banner-1-600x247.jpg 600w, http:\/\/www.ukd-stuttgart.de\/wordpress\/wp-content\/uploads\/2025\/06\/Karate-Bunkai-Banner-1-800x330.jpg 800w, http:\/\/www.ukd-stuttgart.de\/wordpress\/wp-content\/uploads\/2025\/06\/Karate-Bunkai-Banner-1-1200x495.jpg 1200w, http:\/\/www.ukd-stuttgart.de\/wordpress\/wp-content\/uploads\/2025\/06\/Karate-Bunkai-Banner-1.jpg 2497w\" sizes=\"(min-width: 2200px) 100vw, (min-width: 824px) 340px, (min-width: 732px) 510px, (min-width: 640px) 732px, \" \/>\n\t\n\n\t\t<div class=\"fusion-rollover\">\n\t<div class=\"fusion-rollover-content\">\n\n\t\t\t\t\t\t\t\t\t\t\t\t\t\t<a class=\"fusion-rollover-link\" href=\"http:\/\/www.ukd-stuttgart.de\/wordpress\/neuerscheinung-karate-bunkai-in-der-praxis-die-kata-als-schluessel-zur-selbstverteidigung\/\">Neuerscheinung &#8222;Karate-Bunkai in der Praxis \u2013 Die Kata als Schl\u00fcssel zur Selbstverteidigung&#8220;<\/a>\n\t\t\t\n\t\t\t\t\t\t\t\t\t\t\t\t\t\t\n\t\t\t\t\t\t\t\t\n\t\t\t\t\t\t\t\t\t\t\t\t\t<div class=\"fusion-rollover-sep\"><\/div>\n\t\t\t\t\n\t\t\t\t\t\t\t\t\t\t\t\t\t\t\t\t\t\t<a class=\"fusion-rollover-gallery\" href=\"http:\/\/www.ukd-stuttgart.de\/wordpress\/wp-content\/uploads\/2025\/06\/Karate-Bunkai-Banner-1.jpg\" data-id=\"13869\" data-rel=\"iLightbox[gallery]\" data-title=\"Karate-Bunkai-Banner\" data-caption=\"\">\n\t\t\t\t\t\tGallery\t\t\t\t\t<\/a>\n\t\t\t\t\t\t\t\t\t\t\t\t\t\t\n\t\t\t\t\n\t\t\t\t\t\t\t\t\t\t\t\t<h4 class=\"fusion-rollover-title\">\n\t\t\t\t\t<a class=\"fusion-rollover-title-link\" href=\"http:\/\/www.ukd-stuttgart.de\/wordpress\/neuerscheinung-karate-bunkai-in-der-praxis-die-kata-als-schluessel-zur-selbstverteidigung\/\">\n\t\t\t\t\t\tNeuerscheinung &#8222;Karate-Bunkai in der Praxis \u2013 Die Kata als Schl\u00fcssel zur Selbstverteidigung&#8220;\t\t\t\t\t<\/a>\n\t\t\t\t<\/h4>\n\t\t\t\n\t\t\t\t\t\t\t\t\t\t\t\t\t\t<div class=\"fusion-rollover-categories\"><a href=\"http:\/\/www.ukd-stuttgart.de\/wordpress\/category\/allgemein\/\" rel=\"tag\">Allgemein<\/a><\/div>\t\t\t\t\t\n\t\t\n\t\t\t\t<a class=\"fusion-link-wrapper\" href=\"http:\/\/www.ukd-stuttgart.de\/wordpress\/neuerscheinung-karate-bunkai-in-der-praxis-die-kata-als-schluessel-zur-selbstverteidigung\/\" aria-label=\"Neuerscheinung &#8222;Karate-Bunkai in der Praxis \u2013 Die Kata als Schl\u00fcssel zur Selbstverteidigung&#8220;\"><\/a>\n\t<\/div>\n<\/div>\n\n\t\n<\/div>\n<\/li>\n\t\t\t\n\t\t\t\n\t\t\t\t\t\t\t\t\t\t\t\t\t\t\t\t\t\t\t\t\t\t\t\t\t\t\t\t\t\t\t\t\t\t\t\t\t\t\t\t\t\t\t\t\t\t\t\t\t\t\t\t\t\t\t\t\t\t\t\t\t\t\t\t\t\t\t\t<\/ul>\n\t<\/div>\n\t<div class=\"fusion-post-content-wrapper\" style=\"padding:30px 25px 20px 25px;\"><div class=\"fusion-post-content post-content\"><h2 class=\"blog-shortcode-post-title entry-title\"><a href=\"http:\/\/www.ukd-stuttgart.de\/wordpress\/neuerscheinung-karate-bunkai-in-der-praxis-die-kata-als-schluessel-zur-selbstverteidigung\/\">Neuerscheinung &#8222;Karate-Bunkai in der Praxis \u2013 Die Kata als Schl\u00fcssel zur Selbstverteidigung&#8220;<\/a><\/h2><p class=\"fusion-single-line-meta\">By <span class=\"vcard\"><span class=\"fn\"><a href=\"http:\/\/www.ukd-stuttgart.de\/wordpress\/author\/admin\/\" title=\"Beitr\u00e4ge von admin\" rel=\"author\">admin<\/a><\/span><\/span><span class=\"fusion-inline-sep\">|<\/span><span class=\"updated\" style=\"display:none;\">2025-10-20T08:25:25+02:00<\/span><span>27. Juni 2025<\/span><span class=\"fusion-inline-sep\">|<\/span>Categories: <a href=\"http:\/\/www.ukd-stuttgart.de\/wordpress\/category\/allgemein\/\" rel=\"category tag\">Allgemein<\/a><span class=\"fusion-inline-sep\">|<\/span><\/p><div class=\"fusion-content-sep sep-double sep-solid\" style=\"border-color:#e0dede;\"><\/div><div class=\"fusion-post-content-container\"><p>Unser Trainer und 2. Vorsitzender Mark Kleber hat ein Buch geschrieben und im Kono-Fachverlag ver\u00f6ffentlicht. Hier die Pressemitteilung mit dem Hinweis, dass sich ein Blick in dieses hervorragende Buch lohnt: Melle, 13.Mai 2025 \u2013 Wer [...]<\/p><\/div><\/div><div class=\"fusion-meta-info\"><div class=\"fusion-alignleft\"><a class=\"fusion-read-more\" href=\"http:\/\/www.ukd-stuttgart.de\/wordpress\/neuerscheinung-karate-bunkai-in-der-praxis-die-kata-als-schluessel-zur-selbstverteidigung\/\">Read More<\/a><\/div><\/div><\/div><div class=\"fusion-clearfix\"><\/div><\/div>\n<\/article>\n<article id=\"blog-1-post-13866\" class=\"fusion-post-grid post-13866 post type-post status-publish format-standard has-post-thumbnail hentry category-pruefungen\">\n<div class=\"fusion-post-wrapper\" style=\"background-color:rgba(255,255,255,0);border:1px solid #ebeaea;border-bottom-width:3px;\">\n\n\t\t\t<div class=\"fusion-flexslider flexslider fusion-flexslider-loading fusion-post-slideshow\" style=\"border-color:#ebeaea;\">\n\t\t<ul class=\"slides\">\n\t\t\t\n\t\t\t\t\t\t\t\t\t\t\t\t\t\t<li>\n\n<div  class=\"fusion-image-wrapper\" aria-haspopup=\"true\">\n\t\n\t\n\t\t\n\t\t\t\t\t<img width=\"2560\" height=\"1700\" src=\"http:\/\/www.ukd-stuttgart.de\/wordpress\/wp-content\/uploads\/2025\/04\/20250409-scaled.jpg\" class=\"attachment-full size-full wp-post-image\" alt=\"\" loading=\"lazy\" srcset=\"http:\/\/www.ukd-stuttgart.de\/wordpress\/wp-content\/uploads\/2025\/04\/20250409-200x133.jpg 200w, http:\/\/www.ukd-stuttgart.de\/wordpress\/wp-content\/uploads\/2025\/04\/20250409-400x266.jpg 400w, http:\/\/www.ukd-stuttgart.de\/wordpress\/wp-content\/uploads\/2025\/04\/20250409-600x398.jpg 600w, http:\/\/www.ukd-stuttgart.de\/wordpress\/wp-content\/uploads\/2025\/04\/20250409-800x531.jpg 800w, http:\/\/www.ukd-stuttgart.de\/wordpress\/wp-content\/uploads\/2025\/04\/20250409-1200x797.jpg 1200w, http:\/\/www.ukd-stuttgart.de\/wordpress\/wp-content\/uploads\/2025\/04\/20250409-scaled.jpg 2560w\" sizes=\"(min-width: 2200px) 100vw, (min-width: 824px) 340px, (min-width: 732px) 510px, (min-width: 640px) 732px, \" \/>\n\t\n\n\t\t<div class=\"fusion-rollover\">\n\t<div class=\"fusion-rollover-content\">\n\n\t\t\t\t\t\t\t\t\t\t\t\t\t\t<a class=\"fusion-rollover-link\" href=\"http:\/\/www.ukd-stuttgart.de\/wordpress\/kyu-pruefung-april-2025\/\">Kyu-Pr\u00fcfung April 2025<\/a>\n\t\t\t\n\t\t\t\t\t\t\t\t\t\t\t\t\t\t\n\t\t\t\t\t\t\t\t\n\t\t\t\t\t\t\t\t\t\t\t\t\t<div class=\"fusion-rollover-sep\"><\/div>\n\t\t\t\t\n\t\t\t\t\t\t\t\t\t\t\t\t\t\t\t\t\t\t<a class=\"fusion-rollover-gallery\" href=\"http:\/\/www.ukd-stuttgart.de\/wordpress\/wp-content\/uploads\/2025\/04\/20250409-scaled.jpg\" data-id=\"13866\" data-rel=\"iLightbox[gallery]\" data-title=\"20250409\" data-caption=\"\">\n\t\t\t\t\t\tGallery\t\t\t\t\t<\/a>\n\t\t\t\t\t\t\t\t\t\t\t\t\t\t\n\t\t\t\t\n\t\t\t\t\t\t\t\t\t\t\t\t<h4 class=\"fusion-rollover-title\">\n\t\t\t\t\t<a class=\"fusion-rollover-title-link\" href=\"http:\/\/www.ukd-stuttgart.de\/wordpress\/kyu-pruefung-april-2025\/\">\n\t\t\t\t\t\tKyu-Pr\u00fcfung April 2025\t\t\t\t\t<\/a>\n\t\t\t\t<\/h4>\n\t\t\t\n\t\t\t\t\t\t\t\t\t\t\t\t\t\t<div class=\"fusion-rollover-categories\"><a href=\"http:\/\/www.ukd-stuttgart.de\/wordpress\/category\/pruefungen\/\" rel=\"tag\">Pr\u00fcfungen<\/a><\/div>\t\t\t\t\t\n\t\t\n\t\t\t\t<a class=\"fusion-link-wrapper\" href=\"http:\/\/www.ukd-stuttgart.de\/wordpress\/kyu-pruefung-april-2025\/\" aria-label=\"Kyu-Pr\u00fcfung April 2025\"><\/a>\n\t<\/div>\n<\/div>\n\n\t\n<\/div>\n<\/li>\n\t\t\t\n\t\t\t\n\t\t\t\t\t\t\t\t\t\t\t\t\t\t\t\t\t\t\t\t\t\t\t\t\t\t\t\t\t\t\t\t\t\t\t\t\t\t\t\t\t\t\t\t\t\t\t\t\t\t\t\t\t\t\t\t\t\t\t\t\t\t\t\t\t\t\t\t<\/ul>\n\t<\/div>\n\t<div class=\"fusion-post-content-wrapper\" style=\"padding:30px 25px 20px 25px;\"><div class=\"fusion-post-content post-content\"><h2 class=\"blog-shortcode-post-title entry-title\"><a href=\"http:\/\/www.ukd-stuttgart.de\/wordpress\/kyu-pruefung-april-2025\/\">Kyu-Pr\u00fcfung April 2025<\/a><\/h2><p class=\"fusion-single-line-meta\">By <span class=\"vcard\"><span class=\"fn\"><a href=\"http:\/\/www.ukd-stuttgart.de\/wordpress\/author\/admin\/\" title=\"Beitr\u00e4ge von admin\" rel=\"author\">admin<\/a><\/span><\/span><span class=\"fusion-inline-sep\">|<\/span><span class=\"updated\" style=\"display:none;\">2025-04-28T16:31:04+02:00<\/span><span>28. April 2025<\/span><span class=\"fusion-inline-sep\">|<\/span>Categories: <a href=\"http:\/\/www.ukd-stuttgart.de\/wordpress\/category\/pruefungen\/\" rel=\"category tag\">Pr\u00fcfungen<\/a><span class=\"fusion-inline-sep\">|<\/span><\/p><div class=\"fusion-content-sep sep-double sep-solid\" style=\"border-color:#e0dede;\"><\/div><div class=\"fusion-post-content-container\"><p>Am Mittwoch den 09.04.2025 fanden beim UKD Stuttgart Kyu-Pr\u00fcfungen statt. Alle\u00a0Hochschulsport-Pr\u00fcflinge waren sehr gut vorbereitet und zeigten sehr gute Leistungen. Herzlichen Gl\u00fcckwunsch zur bestandenen Pr\u00fcfung!<\/p><\/div><\/div><div class=\"fusion-meta-info\"><div class=\"fusion-alignleft\"><a class=\"fusion-read-more\" href=\"http:\/\/www.ukd-stuttgart.de\/wordpress\/kyu-pruefung-april-2025\/\">Read More<\/a><\/div><\/div><\/div><div class=\"fusion-clearfix\"><\/div><\/div>\n<\/article>\n<article id=\"blog-1-post-13828\" class=\"fusion-post-grid post-13828 post type-post status-publish format-standard has-post-thumbnail hentry category-pruefungen\">\n<div class=\"fusion-post-wrapper\" style=\"background-color:rgba(255,255,255,0);border:1px solid #ebeaea;border-bottom-width:3px;\">\n\n\t\t\t<div class=\"fusion-flexslider flexslider fusion-flexslider-loading fusion-post-slideshow\" style=\"border-color:#ebeaea;\">\n\t\t<ul class=\"slides\">\n\t\t\t\n\t\t\t\t\t\t\t\t\t\t\t\t\t\t<li>\n\n<div  class=\"fusion-image-wrapper\" aria-haspopup=\"true\">\n\t\n\t\n\t\t\n\t\t\t\t\t<img width=\"2560\" height=\"2108\" src=\"http:\/\/www.ukd-stuttgart.de\/wordpress\/wp-content\/uploads\/2024\/11\/20241016_2130322-scaled.jpg\" class=\"attachment-full size-full wp-post-image\" alt=\"\" loading=\"lazy\" srcset=\"http:\/\/www.ukd-stuttgart.de\/wordpress\/wp-content\/uploads\/2024\/11\/20241016_2130322-200x165.jpg 200w, http:\/\/www.ukd-stuttgart.de\/wordpress\/wp-content\/uploads\/2024\/11\/20241016_2130322-400x329.jpg 400w, http:\/\/www.ukd-stuttgart.de\/wordpress\/wp-content\/uploads\/2024\/11\/20241016_2130322-600x494.jpg 600w, http:\/\/www.ukd-stuttgart.de\/wordpress\/wp-content\/uploads\/2024\/11\/20241016_2130322-800x659.jpg 800w, http:\/\/www.ukd-stuttgart.de\/wordpress\/wp-content\/uploads\/2024\/11\/20241016_2130322-1200x988.jpg 1200w, http:\/\/www.ukd-stuttgart.de\/wordpress\/wp-content\/uploads\/2024\/11\/20241016_2130322-scaled.jpg 2560w\" sizes=\"(min-width: 2200px) 100vw, (min-width: 824px) 340px, (min-width: 732px) 510px, (min-width: 640px) 732px, \" \/>\n\t\n\n\t\t<div class=\"fusion-rollover\">\n\t<div class=\"fusion-rollover-content\">\n\n\t\t\t\t\t\t\t\t\t\t\t\t\t\t<a class=\"fusion-rollover-link\" href=\"http:\/\/www.ukd-stuttgart.de\/wordpress\/kyu-pruefung-oktober-2024\/\">Kyu-Pr\u00fcfung Oktober 2024<\/a>\n\t\t\t\n\t\t\t\t\t\t\t\t\t\t\t\t\t\t\n\t\t\t\t\t\t\t\t\n\t\t\t\t\t\t\t\t\t\t\t\t\t<div class=\"fusion-rollover-sep\"><\/div>\n\t\t\t\t\n\t\t\t\t\t\t\t\t\t\t\t\t\t\t\t\t\t\t<a class=\"fusion-rollover-gallery\" href=\"http:\/\/www.ukd-stuttgart.de\/wordpress\/wp-content\/uploads\/2024\/11\/20241016_2130322-scaled.jpg\" data-id=\"13828\" data-rel=\"iLightbox[gallery]\" data-title=\"20241016_213032~2\" data-caption=\"\">\n\t\t\t\t\t\tGallery\t\t\t\t\t<\/a>\n\t\t\t\t\t\t\t\t\t\t\t\t\t\t\n\t\t\t\t\n\t\t\t\t\t\t\t\t\t\t\t\t<h4 class=\"fusion-rollover-title\">\n\t\t\t\t\t<a class=\"fusion-rollover-title-link\" href=\"http:\/\/www.ukd-stuttgart.de\/wordpress\/kyu-pruefung-oktober-2024\/\">\n\t\t\t\t\t\tKyu-Pr\u00fcfung Oktober 2024\t\t\t\t\t<\/a>\n\t\t\t\t<\/h4>\n\t\t\t\n\t\t\t\t\t\t\t\t\t\t\t\t\t\t<div class=\"fusion-rollover-categories\"><a href=\"http:\/\/www.ukd-stuttgart.de\/wordpress\/category\/pruefungen\/\" rel=\"tag\">Pr\u00fcfungen<\/a><\/div>\t\t\t\t\t\n\t\t\n\t\t\t\t<a class=\"fusion-link-wrapper\" href=\"http:\/\/www.ukd-stuttgart.de\/wordpress\/kyu-pruefung-oktober-2024\/\" aria-label=\"Kyu-Pr\u00fcfung Oktober 2024\"><\/a>\n\t<\/div>\n<\/div>\n\n\t\n<\/div>\n<\/li>\n\t\t\t\n\t\t\t\n\t\t\t\t\t\t\t\t\t\t\t\t\t\t\t\t\t\t\t\t\t\t\t\t\t\t\t\t\t\t\t\t\t\t\t\t\t\t\t\t\t\t\t\t\t\t\t\t\t\t\t\t\t\t\t\t\t\t\t\t\t\t\t\t\t\t\t\t<\/ul>\n\t<\/div>\n\t<div class=\"fusion-post-content-wrapper\" style=\"padding:30px 25px 20px 25px;\"><div class=\"fusion-post-content post-content\"><h2 class=\"blog-shortcode-post-title entry-title\"><a href=\"http:\/\/www.ukd-stuttgart.de\/wordpress\/kyu-pruefung-oktober-2024\/\">Kyu-Pr\u00fcfung Oktober 2024<\/a><\/h2><p class=\"fusion-single-line-meta\">By <span class=\"vcard\"><span class=\"fn\"><a href=\"http:\/\/www.ukd-stuttgart.de\/wordpress\/author\/admin\/\" title=\"Beitr\u00e4ge von admin\" rel=\"author\">admin<\/a><\/span><\/span><span class=\"fusion-inline-sep\">|<\/span><span class=\"updated\" style=\"display:none;\">2024-11-13T09:39:03+01:00<\/span><span>13. November 2024<\/span><span class=\"fusion-inline-sep\">|<\/span>Categories: <a href=\"http:\/\/www.ukd-stuttgart.de\/wordpress\/category\/pruefungen\/\" rel=\"category tag\">Pr\u00fcfungen<\/a><span class=\"fusion-inline-sep\">|<\/span><\/p><div class=\"fusion-content-sep sep-double sep-solid\" style=\"border-color:#e0dede;\"><\/div><div class=\"fusion-post-content-container\"><p>Am Mittwoch den 16.10.2024 fanden beim UKD Stuttgart Kyu-Pr\u00fcfungen statt. Die Pr\u00fcflinge haben sich sehr gut vorbereitet, sogar in den trainingfreien Sommerferien wurde flei\u00dfig unter Eigenregie trainiert. Alle 4 Pr\u00fcflinge \u00fcberzeugten mit sehr guten Leistungen. [...]<\/p><\/div><\/div><div class=\"fusion-meta-info\"><div class=\"fusion-alignleft\"><a class=\"fusion-read-more\" href=\"http:\/\/www.ukd-stuttgart.de\/wordpress\/kyu-pruefung-oktober-2024\/\">Read More<\/a><\/div><\/div><\/div><div class=\"fusion-clearfix\"><\/div><\/div>\n<\/article>\n<article id=\"blog-1-post-13820\" class=\"fusion-post-grid post-13820 post type-post status-publish format-standard has-post-thumbnail hentry category-pruefungen\">\n<div class=\"fusion-post-wrapper\" style=\"background-color:rgba(255,255,255,0);border:1px solid #ebeaea;border-bottom-width:3px;\">\n\n\t\t\t<div class=\"fusion-flexslider flexslider fusion-flexslider-loading fusion-post-slideshow\" style=\"border-color:#ebeaea;\">\n\t\t<ul class=\"slides\">\n\t\t\t\n\t\t\t\t\t\t\t\t\t\t\t\t\t\t<li>\n\n<div  class=\"fusion-image-wrapper\" aria-haspopup=\"true\">\n\t\n\t\n\t\t\n\t\t\t\t\t<img width=\"2560\" height=\"1879\" src=\"http:\/\/www.ukd-stuttgart.de\/wordpress\/wp-content\/uploads\/2024\/07\/20240724_205613-scaled.jpg\" class=\"attachment-full size-full wp-post-image\" alt=\"\" loading=\"lazy\" srcset=\"http:\/\/www.ukd-stuttgart.de\/wordpress\/wp-content\/uploads\/2024\/07\/20240724_205613-200x147.jpg 200w, http:\/\/www.ukd-stuttgart.de\/wordpress\/wp-content\/uploads\/2024\/07\/20240724_205613-400x294.jpg 400w, http:\/\/www.ukd-stuttgart.de\/wordpress\/wp-content\/uploads\/2024\/07\/20240724_205613-600x440.jpg 600w, http:\/\/www.ukd-stuttgart.de\/wordpress\/wp-content\/uploads\/2024\/07\/20240724_205613-800x587.jpg 800w, http:\/\/www.ukd-stuttgart.de\/wordpress\/wp-content\/uploads\/2024\/07\/20240724_205613-1200x881.jpg 1200w, http:\/\/www.ukd-stuttgart.de\/wordpress\/wp-content\/uploads\/2024\/07\/20240724_205613-scaled.jpg 2560w\" sizes=\"(min-width: 2200px) 100vw, (min-width: 824px) 340px, (min-width: 732px) 510px, (min-width: 640px) 732px, \" \/>\n\t\n\n\t\t<div class=\"fusion-rollover\">\n\t<div class=\"fusion-rollover-content\">\n\n\t\t\t\t\t\t\t\t\t\t\t\t\t\t<a class=\"fusion-rollover-link\" href=\"http:\/\/www.ukd-stuttgart.de\/wordpress\/kyu-pruefung-juli-2024\/\">Kyu-Pr\u00fcfung Juli 2024<\/a>\n\t\t\t\n\t\t\t\t\t\t\t\t\t\t\t\t\t\t\n\t\t\t\t\t\t\t\t\n\t\t\t\t\t\t\t\t\t\t\t\t\t<div class=\"fusion-rollover-sep\"><\/div>\n\t\t\t\t\n\t\t\t\t\t\t\t\t\t\t\t\t\t\t\t\t\t\t<a class=\"fusion-rollover-gallery\" href=\"http:\/\/www.ukd-stuttgart.de\/wordpress\/wp-content\/uploads\/2024\/07\/20240724_205613-scaled.jpg\" data-id=\"13820\" data-rel=\"iLightbox[gallery]\" data-title=\"Pruefung_2024_07_24\" data-caption=\"\">\n\t\t\t\t\t\tGallery\t\t\t\t\t<\/a>\n\t\t\t\t\t\t\t\t\t\t\t\t\t\t\n\t\t\t\t\n\t\t\t\t\t\t\t\t\t\t\t\t<h4 class=\"fusion-rollover-title\">\n\t\t\t\t\t<a class=\"fusion-rollover-title-link\" href=\"http:\/\/www.ukd-stuttgart.de\/wordpress\/kyu-pruefung-juli-2024\/\">\n\t\t\t\t\t\tKyu-Pr\u00fcfung Juli 2024\t\t\t\t\t<\/a>\n\t\t\t\t<\/h4>\n\t\t\t\n\t\t\t\t\t\t\t\t\t\t\t\t\t\t<div class=\"fusion-rollover-categories\"><a href=\"http:\/\/www.ukd-stuttgart.de\/wordpress\/category\/pruefungen\/\" rel=\"tag\">Pr\u00fcfungen<\/a><\/div>\t\t\t\t\t\n\t\t\n\t\t\t\t<a class=\"fusion-link-wrapper\" href=\"http:\/\/www.ukd-stuttgart.de\/wordpress\/kyu-pruefung-juli-2024\/\" aria-label=\"Kyu-Pr\u00fcfung Juli 2024\"><\/a>\n\t<\/div>\n<\/div>\n\n\t\n<\/div>\n<\/li>\n\t\t\t\n\t\t\t\n\t\t\t\t\t\t\t\t\t\t\t\t\t\t\t\t\t\t\t\t\t\t\t\t\t\t\t\t\t\t\t\t\t\t\t\t\t\t\t\t\t\t\t\t\t\t\t\t\t\t\t\t\t\t\t\t\t\t\t\t\t\t\t\t\t\t\t\t<\/ul>\n\t<\/div>\n\t<div class=\"fusion-post-content-wrapper\" style=\"padding:30px 25px 20px 25px;\"><div class=\"fusion-post-content post-content\"><h2 class=\"blog-shortcode-post-title entry-title\"><a href=\"http:\/\/www.ukd-stuttgart.de\/wordpress\/kyu-pruefung-juli-2024\/\">Kyu-Pr\u00fcfung Juli 2024<\/a><\/h2><p class=\"fusion-single-line-meta\">By <span class=\"vcard\"><span class=\"fn\"><a href=\"http:\/\/www.ukd-stuttgart.de\/wordpress\/author\/admin\/\" title=\"Beitr\u00e4ge von admin\" rel=\"author\">admin<\/a><\/span><\/span><span class=\"fusion-inline-sep\">|<\/span><span class=\"updated\" style=\"display:none;\">2025-04-28T16:33:43+02:00<\/span><span>26. Juli 2024<\/span><span class=\"fusion-inline-sep\">|<\/span>Categories: <a href=\"http:\/\/www.ukd-stuttgart.de\/wordpress\/category\/pruefungen\/\" rel=\"category tag\">Pr\u00fcfungen<\/a><span class=\"fusion-inline-sep\">|<\/span><\/p><div class=\"fusion-content-sep sep-double sep-solid\" style=\"border-color:#e0dede;\"><\/div><div class=\"fusion-post-content-container\"><p>Am Donnerstag den 24.07.2024 fanden beim UKD Stuttgart Kyu-Pr\u00fcfungen statt. Alle Pr\u00fcflinge haben sich sehr gut vorbereitet und zeigten sehr gute Leistungen. Herzlichen Gl\u00fcckwunsch zur bestandenen Pr\u00fcfung! Gro\u00dfer Dank gilt auch den Trainerinnen und Trainern, [...]<\/p><\/div><\/div><div class=\"fusion-meta-info\"><div class=\"fusion-alignleft\"><a class=\"fusion-read-more\" href=\"http:\/\/www.ukd-stuttgart.de\/wordpress\/kyu-pruefung-juli-2024\/\">Read More<\/a><\/div><\/div><\/div><div class=\"fusion-clearfix\"><\/div><\/div>\n<\/article>\n<article id=\"blog-1-post-13812\" class=\"fusion-post-grid post-13812 post type-post status-publish format-standard has-post-thumbnail hentry category-pruefungen\">\n<div class=\"fusion-post-wrapper\" style=\"background-color:rgba(255,255,255,0);border:1px solid #ebeaea;border-bottom-width:3px;\">\n\n\t\t\t<div class=\"fusion-flexslider flexslider fusion-flexslider-loading fusion-post-slideshow\" style=\"border-color:#ebeaea;\">\n\t\t<ul class=\"slides\">\n\t\t\t\n\t\t\t\t\t\t\t\t\t\t\t\t\t\t<li>\n\n<div  class=\"fusion-image-wrapper\" aria-haspopup=\"true\">\n\t\n\t\n\t\t\n\t\t\t\t\t<img width=\"2560\" height=\"1299\" src=\"http:\/\/www.ukd-stuttgart.de\/wordpress\/wp-content\/uploads\/2024\/04\/20240417_213438-scaled.jpg\" class=\"attachment-full size-full wp-post-image\" alt=\"\" loading=\"lazy\" srcset=\"http:\/\/www.ukd-stuttgart.de\/wordpress\/wp-content\/uploads\/2024\/04\/20240417_213438-200x101.jpg 200w, http:\/\/www.ukd-stuttgart.de\/wordpress\/wp-content\/uploads\/2024\/04\/20240417_213438-400x203.jpg 400w, http:\/\/www.ukd-stuttgart.de\/wordpress\/wp-content\/uploads\/2024\/04\/20240417_213438-600x304.jpg 600w, http:\/\/www.ukd-stuttgart.de\/wordpress\/wp-content\/uploads\/2024\/04\/20240417_213438-800x406.jpg 800w, http:\/\/www.ukd-stuttgart.de\/wordpress\/wp-content\/uploads\/2024\/04\/20240417_213438-1200x609.jpg 1200w, http:\/\/www.ukd-stuttgart.de\/wordpress\/wp-content\/uploads\/2024\/04\/20240417_213438-scaled.jpg 2560w\" sizes=\"(min-width: 2200px) 100vw, (min-width: 824px) 340px, (min-width: 732px) 510px, (min-width: 640px) 732px, \" \/>\n\t\n\n\t\t<div class=\"fusion-rollover\">\n\t<div class=\"fusion-rollover-content\">\n\n\t\t\t\t\t\t\t\t\t\t\t\t\t\t<a class=\"fusion-rollover-link\" href=\"http:\/\/www.ukd-stuttgart.de\/wordpress\/kyu-pruefung-april-2024\/\">Kyu-Pr\u00fcfung April 2024<\/a>\n\t\t\t\n\t\t\t\t\t\t\t\t\t\t\t\t\t\t\n\t\t\t\t\t\t\t\t\n\t\t\t\t\t\t\t\t\t\t\t\t\t<div class=\"fusion-rollover-sep\"><\/div>\n\t\t\t\t\n\t\t\t\t\t\t\t\t\t\t\t\t\t\t\t\t\t\t<a class=\"fusion-rollover-gallery\" href=\"http:\/\/www.ukd-stuttgart.de\/wordpress\/wp-content\/uploads\/2024\/04\/20240417_213438-scaled.jpg\" data-id=\"13812\" data-rel=\"iLightbox[gallery]\" data-title=\"20240417_213438\" data-caption=\"\">\n\t\t\t\t\t\tGallery\t\t\t\t\t<\/a>\n\t\t\t\t\t\t\t\t\t\t\t\t\t\t\n\t\t\t\t\n\t\t\t\t\t\t\t\t\t\t\t\t<h4 class=\"fusion-rollover-title\">\n\t\t\t\t\t<a class=\"fusion-rollover-title-link\" href=\"http:\/\/www.ukd-stuttgart.de\/wordpress\/kyu-pruefung-april-2024\/\">\n\t\t\t\t\t\tKyu-Pr\u00fcfung April 2024\t\t\t\t\t<\/a>\n\t\t\t\t<\/h4>\n\t\t\t\n\t\t\t\t\t\t\t\t\t\t\t\t\t\t<div class=\"fusion-rollover-categories\"><a href=\"http:\/\/www.ukd-stuttgart.de\/wordpress\/category\/pruefungen\/\" rel=\"tag\">Pr\u00fcfungen<\/a><\/div>\t\t\t\t\t\n\t\t\n\t\t\t\t<a class=\"fusion-link-wrapper\" href=\"http:\/\/www.ukd-stuttgart.de\/wordpress\/kyu-pruefung-april-2024\/\" aria-label=\"Kyu-Pr\u00fcfung April 2024\"><\/a>\n\t<\/div>\n<\/div>\n\n\t\n<\/div>\n<\/li>\n\t\t\t\n\t\t\t\n\t\t\t\t\t\t\t\t\t\t\t\t\t\t\t\t\t\t\t\t\t\t\t\t\t\t\t\t\t\t\t\t\t\t\t\t\t\t\t\t\t\t\t\t\t\t\t\t\t\t\t\t\t\t\t\t\t\t\t\t\t\t\t\t\t\t\t\t<\/ul>\n\t<\/div>\n\t<div class=\"fusion-post-content-wrapper\" style=\"padding:30px 25px 20px 25px;\"><div class=\"fusion-post-content post-content\"><h2 class=\"blog-shortcode-post-title entry-title\"><a href=\"http:\/\/www.ukd-stuttgart.de\/wordpress\/kyu-pruefung-april-2024\/\">Kyu-Pr\u00fcfung April 2024<\/a><\/h2><p class=\"fusion-single-line-meta\">By <span class=\"vcard\"><span class=\"fn\"><a href=\"http:\/\/www.ukd-stuttgart.de\/wordpress\/author\/admin\/\" title=\"Beitr\u00e4ge von admin\" rel=\"author\">admin<\/a><\/span><\/span><span class=\"fusion-inline-sep\">|<\/span><span class=\"updated\" style=\"display:none;\">2025-04-28T16:33:37+02:00<\/span><span>29. April 2024<\/span><span class=\"fusion-inline-sep\">|<\/span>Categories: <a href=\"http:\/\/www.ukd-stuttgart.de\/wordpress\/category\/pruefungen\/\" rel=\"category tag\">Pr\u00fcfungen<\/a><span class=\"fusion-inline-sep\">|<\/span><\/p><div class=\"fusion-content-sep sep-double sep-solid\" style=\"border-color:#e0dede;\"><\/div><div class=\"fusion-post-content-container\"><p>Sechs erfolgreiche Kyu-Pr\u00fcfungen am 17. April 2024 im UKD: Vier Teilnehmerinnen und Teilnehmer aus dem Anf\u00e4ngerkurs stellten sich der Pr\u00fcfung zum 8. Kyu, eine Ukdlerin dem 7. Kyu und ein Ukdler dem 4. Kyu. Bevor [...]<\/p><\/div><\/div><div class=\"fusion-meta-info\"><div class=\"fusion-alignleft\"><a class=\"fusion-read-more\" href=\"http:\/\/www.ukd-stuttgart.de\/wordpress\/kyu-pruefung-april-2024\/\">Read More<\/a><\/div><\/div><\/div><div class=\"fusion-clearfix\"><\/div><\/div>\n<\/article>\n<article id=\"blog-1-post-13738\" class=\"fusion-post-grid post-13738 post type-post status-publish format-standard has-post-thumbnail hentry category-pruefungen\">\n<div class=\"fusion-post-wrapper\" style=\"background-color:rgba(255,255,255,0);border:1px solid #ebeaea;border-bottom-width:3px;\">\n\n\t\t\t<div class=\"fusion-flexslider flexslider fusion-flexslider-loading fusion-post-slideshow\" style=\"border-color:#ebeaea;\">\n\t\t<ul class=\"slides\">\n\t\t\t\n\t\t\t\t\t\t\t\t\t\t\t\t\t\t<li>\n\n<div  class=\"fusion-image-wrapper\" aria-haspopup=\"true\">\n\t\n\t\n\t\t\n\t\t\t\t\t<img width=\"2560\" height=\"1613\" src=\"http:\/\/www.ukd-stuttgart.de\/wordpress\/wp-content\/uploads\/2023\/08\/2023_07_26_pruefung-scaled.jpg\" class=\"attachment-full size-full wp-post-image\" alt=\"\" loading=\"lazy\" srcset=\"http:\/\/www.ukd-stuttgart.de\/wordpress\/wp-content\/uploads\/2023\/08\/2023_07_26_pruefung-200x126.jpg 200w, http:\/\/www.ukd-stuttgart.de\/wordpress\/wp-content\/uploads\/2023\/08\/2023_07_26_pruefung-400x252.jpg 400w, http:\/\/www.ukd-stuttgart.de\/wordpress\/wp-content\/uploads\/2023\/08\/2023_07_26_pruefung-600x378.jpg 600w, http:\/\/www.ukd-stuttgart.de\/wordpress\/wp-content\/uploads\/2023\/08\/2023_07_26_pruefung-800x504.jpg 800w, http:\/\/www.ukd-stuttgart.de\/wordpress\/wp-content\/uploads\/2023\/08\/2023_07_26_pruefung-1200x756.jpg 1200w, http:\/\/www.ukd-stuttgart.de\/wordpress\/wp-content\/uploads\/2023\/08\/2023_07_26_pruefung-scaled.jpg 2560w\" sizes=\"(min-width: 2200px) 100vw, (min-width: 824px) 340px, (min-width: 732px) 510px, (min-width: 640px) 732px, \" \/>\n\t\n\n\t\t<div class=\"fusion-rollover\">\n\t<div class=\"fusion-rollover-content\">\n\n\t\t\t\t\t\t\t\t\t\t\t\t\t\t<a class=\"fusion-rollover-link\" href=\"http:\/\/www.ukd-stuttgart.de\/wordpress\/kyu-pruefung-juli-2023\/\">Kyu-Pr\u00fcfung Juli 2023<\/a>\n\t\t\t\n\t\t\t\t\t\t\t\t\t\t\t\t\t\t\n\t\t\t\t\t\t\t\t\n\t\t\t\t\t\t\t\t\t\t\t\t\t<div class=\"fusion-rollover-sep\"><\/div>\n\t\t\t\t\n\t\t\t\t\t\t\t\t\t\t\t\t\t\t\t\t\t\t<a class=\"fusion-rollover-gallery\" href=\"http:\/\/www.ukd-stuttgart.de\/wordpress\/wp-content\/uploads\/2023\/08\/2023_07_26_pruefung-scaled.jpg\" data-id=\"13738\" data-rel=\"iLightbox[gallery]\" data-title=\"2023_07_26_pruefung\" data-caption=\"\">\n\t\t\t\t\t\tGallery\t\t\t\t\t<\/a>\n\t\t\t\t\t\t\t\t\t\t\t\t\t\t\n\t\t\t\t\n\t\t\t\t\t\t\t\t\t\t\t\t<h4 class=\"fusion-rollover-title\">\n\t\t\t\t\t<a class=\"fusion-rollover-title-link\" href=\"http:\/\/www.ukd-stuttgart.de\/wordpress\/kyu-pruefung-juli-2023\/\">\n\t\t\t\t\t\tKyu-Pr\u00fcfung Juli 2023\t\t\t\t\t<\/a>\n\t\t\t\t<\/h4>\n\t\t\t\n\t\t\t\t\t\t\t\t\t\t\t\t\t\t<div class=\"fusion-rollover-categories\"><a href=\"http:\/\/www.ukd-stuttgart.de\/wordpress\/category\/pruefungen\/\" rel=\"tag\">Pr\u00fcfungen<\/a><\/div>\t\t\t\t\t\n\t\t\n\t\t\t\t<a class=\"fusion-link-wrapper\" href=\"http:\/\/www.ukd-stuttgart.de\/wordpress\/kyu-pruefung-juli-2023\/\" aria-label=\"Kyu-Pr\u00fcfung Juli 2023\"><\/a>\n\t<\/div>\n<\/div>\n\n\t\n<\/div>\n<\/li>\n\t\t\t\n\t\t\t\n\t\t\t\t\t\t\t\t\t\t\t\t\t\t\t\t\t\t\t\t\t\t\t\t\t\t\t\t\t\t\t\t\t\t\t\t\t\t\t\t\t\t\t\t\t\t\t\t\t\t\t\t\t\t\t\t\t\t\t\t\t\t\t\t\t\t\t\t<\/ul>\n\t<\/div>\n\t<div class=\"fusion-post-content-wrapper\" style=\"padding:30px 25px 20px 25px;\"><div class=\"fusion-post-content post-content\"><h2 class=\"blog-shortcode-post-title entry-title\"><a href=\"http:\/\/www.ukd-stuttgart.de\/wordpress\/kyu-pruefung-juli-2023\/\">Kyu-Pr\u00fcfung Juli 2023<\/a><\/h2><p class=\"fusion-single-line-meta\">By <span class=\"vcard\"><span class=\"fn\"><a href=\"http:\/\/www.ukd-stuttgart.de\/wordpress\/author\/admin\/\" title=\"Beitr\u00e4ge von admin\" rel=\"author\">admin<\/a><\/span><\/span><span class=\"fusion-inline-sep\">|<\/span><span class=\"updated\" style=\"display:none;\">2025-04-28T16:33:31+02:00<\/span><span>28. August 2023<\/span><span class=\"fusion-inline-sep\">|<\/span>Categories: <a href=\"http:\/\/www.ukd-stuttgart.de\/wordpress\/category\/pruefungen\/\" rel=\"category tag\">Pr\u00fcfungen<\/a><span class=\"fusion-inline-sep\">|<\/span><\/p><div class=\"fusion-content-sep sep-double sep-solid\" style=\"border-color:#e0dede;\"><\/div><div class=\"fusion-post-content-container\"><p>Am 26. Juli 2023 gab es vor den Sommerferien wieder eine Pr\u00fcfrung: Nach dem gemeinsamen Aufw\u00e4rmen im Kumitetraining mit Ian stellten sich zwei Teilnehmerinnen aus dem Anf\u00e4ngerkurs dem 8. Kyu und zwei UKDler jeweils dem [...]<\/p><\/div><\/div><div class=\"fusion-meta-info\"><div class=\"fusion-alignleft\"><a class=\"fusion-read-more\" href=\"http:\/\/www.ukd-stuttgart.de\/wordpress\/kyu-pruefung-juli-2023\/\">Read More<\/a><\/div><\/div><\/div><div class=\"fusion-clearfix\"><\/div><\/div>\n<\/article>\n<article id=\"blog-1-post-13733\" class=\"fusion-post-grid post-13733 post type-post status-publish format-standard has-post-thumbnail hentry category-aktuelles category-lehrgaenge\">\n<div class=\"fusion-post-wrapper\" style=\"background-color:rgba(255,255,255,0);border:1px solid #ebeaea;border-bottom-width:3px;\">\n\n\t\t\t<div class=\"fusion-flexslider flexslider fusion-flexslider-loading fusion-post-slideshow\" style=\"border-color:#ebeaea;\">\n\t\t<ul class=\"slides\">\n\t\t\t\n\t\t\t\t\t\t\t\t\t\t\t\t\t\t<li>\n\n<div  class=\"fusion-image-wrapper\" aria-haspopup=\"true\">\n\t\n\t\n\t\t\n\t\t\t\t\t<img width=\"2560\" height=\"1920\" src=\"http:\/\/www.ukd-stuttgart.de\/wordpress\/wp-content\/uploads\/2023\/07\/Iain-Lehrgang-Foto3-scaled.jpg\" class=\"attachment-full size-full wp-post-image\" alt=\"\" loading=\"lazy\" srcset=\"http:\/\/www.ukd-stuttgart.de\/wordpress\/wp-content\/uploads\/2023\/07\/Iain-Lehrgang-Foto3-200x150.jpg 200w, http:\/\/www.ukd-stuttgart.de\/wordpress\/wp-content\/uploads\/2023\/07\/Iain-Lehrgang-Foto3-400x300.jpg 400w, http:\/\/www.ukd-stuttgart.de\/wordpress\/wp-content\/uploads\/2023\/07\/Iain-Lehrgang-Foto3-600x450.jpg 600w, http:\/\/www.ukd-stuttgart.de\/wordpress\/wp-content\/uploads\/2023\/07\/Iain-Lehrgang-Foto3-800x600.jpg 800w, http:\/\/www.ukd-stuttgart.de\/wordpress\/wp-content\/uploads\/2023\/07\/Iain-Lehrgang-Foto3-1200x900.jpg 1200w, http:\/\/www.ukd-stuttgart.de\/wordpress\/wp-content\/uploads\/2023\/07\/Iain-Lehrgang-Foto3-scaled.jpg 2560w\" sizes=\"(min-width: 2200px) 100vw, (min-width: 824px) 340px, (min-width: 732px) 510px, (min-width: 640px) 732px, \" \/>\n\t\n\n\t\t<div class=\"fusion-rollover\">\n\t<div class=\"fusion-rollover-content\">\n\n\t\t\t\t\t\t\t\t\t\t\t\t\t\t<a class=\"fusion-rollover-link\" href=\"http:\/\/www.ukd-stuttgart.de\/wordpress\/lehrgang-iain-abernethy-juli-2023\/\">Lehrgang Iain Abernethy Juli 2023<\/a>\n\t\t\t\n\t\t\t\t\t\t\t\t\t\t\t\t\t\t\n\t\t\t\t\t\t\t\t\n\t\t\t\t\t\t\t\t\t\t\t\t\t<div class=\"fusion-rollover-sep\"><\/div>\n\t\t\t\t\n\t\t\t\t\t\t\t\t\t\t\t\t\t\t\t\t\t\t<a class=\"fusion-rollover-gallery\" href=\"http:\/\/www.ukd-stuttgart.de\/wordpress\/wp-content\/uploads\/2023\/07\/Iain-Lehrgang-Foto3-scaled.jpg\" data-id=\"13733\" data-rel=\"iLightbox[gallery]\" data-title=\"Iain-Lehrgang 2023\" data-caption=\"\">\n\t\t\t\t\t\tGallery\t\t\t\t\t<\/a>\n\t\t\t\t\t\t\t\t\t\t\t\t\t\t\n\t\t\t\t\n\t\t\t\t\t\t\t\t\t\t\t\t<h4 class=\"fusion-rollover-title\">\n\t\t\t\t\t<a class=\"fusion-rollover-title-link\" href=\"http:\/\/www.ukd-stuttgart.de\/wordpress\/lehrgang-iain-abernethy-juli-2023\/\">\n\t\t\t\t\t\tLehrgang Iain Abernethy Juli 2023\t\t\t\t\t<\/a>\n\t\t\t\t<\/h4>\n\t\t\t\n\t\t\t\t\t\t\t\t\t\t\t\t\t\t<div class=\"fusion-rollover-categories\"><a href=\"http:\/\/www.ukd-stuttgart.de\/wordpress\/category\/aktuelles\/\" rel=\"tag\">Aktuelles<\/a>, <a href=\"http:\/\/www.ukd-stuttgart.de\/wordpress\/category\/lehrgaenge\/\" rel=\"tag\">Lehrg\u00e4nge<\/a><\/div>\t\t\t\t\t\n\t\t\n\t\t\t\t<a class=\"fusion-link-wrapper\" href=\"http:\/\/www.ukd-stuttgart.de\/wordpress\/lehrgang-iain-abernethy-juli-2023\/\" aria-label=\"Lehrgang Iain Abernethy Juli 2023\"><\/a>\n\t<\/div>\n<\/div>\n\n\t\n<\/div>\n<\/li>\n\t\t\t\n\t\t\t\n\t\t\t\t\t\t\t\t\t\t\t\t\t\t\t\t\t\t\t\t\t\t\t\t\t\t\t\t\t\t\t\t\t\t\t\t\t\t\t\t\t\t\t\t\t\t\t\t\t\t\t\t\t\t\t\t\t\t\t\t\t\t\t\t\t\t\t\t<\/ul>\n\t<\/div>\n\t<div class=\"fusion-post-content-wrapper\" style=\"padding:30px 25px 20px 25px;\"><div class=\"fusion-post-content post-content\"><h2 class=\"blog-shortcode-post-title entry-title\"><a href=\"http:\/\/www.ukd-stuttgart.de\/wordpress\/lehrgang-iain-abernethy-juli-2023\/\">Lehrgang Iain Abernethy Juli 2023<\/a><\/h2><p class=\"fusion-single-line-meta\">By <span class=\"vcard\"><span class=\"fn\"><a href=\"http:\/\/www.ukd-stuttgart.de\/wordpress\/author\/admin\/\" title=\"Beitr\u00e4ge von admin\" rel=\"author\">admin<\/a><\/span><\/span><span class=\"fusion-inline-sep\">|<\/span><span class=\"updated\" style=\"display:none;\">2025-04-28T16:33:19+02:00<\/span><span>18. Juli 2023<\/span><span class=\"fusion-inline-sep\">|<\/span>Categories: <a href=\"http:\/\/www.ukd-stuttgart.de\/wordpress\/category\/aktuelles\/\" rel=\"category tag\">Aktuelles<\/a>, <a href=\"http:\/\/www.ukd-stuttgart.de\/wordpress\/category\/lehrgaenge\/\" rel=\"category tag\">Lehrg\u00e4nge<\/a><span class=\"fusion-inline-sep\">|<\/span><\/p><div class=\"fusion-content-sep sep-double sep-solid\" style=\"border-color:#e0dede;\"><\/div><div class=\"fusion-post-content-container\"><p>Wenn Iain Abernethy Training gibt, ist die Halle entweder ganz, ganz still oder sehr laut. Still, wenn fast neunzig Karateka aufmerksam Iains Erkl\u00e4rungen lauschen, laut, wenn alle zusammen Partner-\u00dcbungen machen, Flow Drills, die Iain aus [...]<\/p><\/div><\/div><div class=\"fusion-meta-info\"><div class=\"fusion-alignleft\"><a class=\"fusion-read-more\" href=\"http:\/\/www.ukd-stuttgart.de\/wordpress\/lehrgang-iain-abernethy-juli-2023\/\">Read More<\/a><\/div><\/div><\/div><div class=\"fusion-clearfix\"><\/div><\/div>\n<\/article>\n<article id=\"blog-1-post-13660\" class=\"fusion-post-grid post-13660 post type-post status-publish format-standard has-post-thumbnail hentry category-pruefungen\">\n<div class=\"fusion-post-wrapper\" style=\"background-color:rgba(255,255,255,0);border:1px solid #ebeaea;border-bottom-width:3px;\">\n\n\t\t\t<div class=\"fusion-flexslider flexslider fusion-flexslider-loading fusion-post-slideshow\" style=\"border-color:#ebeaea;\">\n\t\t<ul class=\"slides\">\n\t\t\t\n\t\t\t\t\t\t\t\t\t\t\t\t\t\t<li>\n\n<div  class=\"fusion-image-wrapper\" aria-haspopup=\"true\">\n\t\n\t\n\t\t\n\t\t\t\t\t<img width=\"2560\" height=\"2529\" src=\"http:\/\/www.ukd-stuttgart.de\/wordpress\/wp-content\/uploads\/2023\/02\/2023_pruefung-1-scaled.jpg\" class=\"attachment-full size-full wp-post-image\" alt=\"\" loading=\"lazy\" srcset=\"http:\/\/www.ukd-stuttgart.de\/wordpress\/wp-content\/uploads\/2023\/02\/2023_pruefung-1-200x198.jpg 200w, http:\/\/www.ukd-stuttgart.de\/wordpress\/wp-content\/uploads\/2023\/02\/2023_pruefung-1-400x395.jpg 400w, http:\/\/www.ukd-stuttgart.de\/wordpress\/wp-content\/uploads\/2023\/02\/2023_pruefung-1-600x593.jpg 600w, http:\/\/www.ukd-stuttgart.de\/wordpress\/wp-content\/uploads\/2023\/02\/2023_pruefung-1-800x790.jpg 800w, http:\/\/www.ukd-stuttgart.de\/wordpress\/wp-content\/uploads\/2023\/02\/2023_pruefung-1-1200x1186.jpg 1200w, http:\/\/www.ukd-stuttgart.de\/wordpress\/wp-content\/uploads\/2023\/02\/2023_pruefung-1-scaled.jpg 2560w\" sizes=\"(min-width: 2200px) 100vw, (min-width: 824px) 340px, (min-width: 732px) 510px, (min-width: 640px) 732px, \" \/>\n\t\n\n\t\t<div class=\"fusion-rollover\">\n\t<div class=\"fusion-rollover-content\">\n\n\t\t\t\t\t\t\t\t\t\t\t\t\t\t<a class=\"fusion-rollover-link\" href=\"http:\/\/www.ukd-stuttgart.de\/wordpress\/kyu-pruefung-februar-2023\/\">Kyu-Pr\u00fcfung Februar 2023<\/a>\n\t\t\t\n\t\t\t\t\t\t\t\t\t\t\t\t\t\t\n\t\t\t\t\t\t\t\t\n\t\t\t\t\t\t\t\t\t\t\t\t\t<div class=\"fusion-rollover-sep\"><\/div>\n\t\t\t\t\n\t\t\t\t\t\t\t\t\t\t\t\t\t\t\t\t\t\t<a class=\"fusion-rollover-gallery\" href=\"http:\/\/www.ukd-stuttgart.de\/wordpress\/wp-content\/uploads\/2023\/02\/2023_pruefung-1-scaled.jpg\" data-id=\"13660\" data-rel=\"iLightbox[gallery]\" data-title=\"2023_pruefung\" data-caption=\"\">\n\t\t\t\t\t\tGallery\t\t\t\t\t<\/a>\n\t\t\t\t\t\t\t\t\t\t\t\t\t\t\n\t\t\t\t\n\t\t\t\t\t\t\t\t\t\t\t\t<h4 class=\"fusion-rollover-title\">\n\t\t\t\t\t<a class=\"fusion-rollover-title-link\" href=\"http:\/\/www.ukd-stuttgart.de\/wordpress\/kyu-pruefung-februar-2023\/\">\n\t\t\t\t\t\tKyu-Pr\u00fcfung Februar 2023\t\t\t\t\t<\/a>\n\t\t\t\t<\/h4>\n\t\t\t\n\t\t\t\t\t\t\t\t\t\t\t\t\t\t<div class=\"fusion-rollover-categories\"><a href=\"http:\/\/www.ukd-stuttgart.de\/wordpress\/category\/pruefungen\/\" rel=\"tag\">Pr\u00fcfungen<\/a><\/div>\t\t\t\t\t\n\t\t\n\t\t\t\t<a class=\"fusion-link-wrapper\" href=\"http:\/\/www.ukd-stuttgart.de\/wordpress\/kyu-pruefung-februar-2023\/\" aria-label=\"Kyu-Pr\u00fcfung Februar 2023\"><\/a>\n\t<\/div>\n<\/div>\n\n\t\n<\/div>\n<\/li>\n\t\t\t\n\t\t\t\n\t\t\t\t\t\t\t\t\t\t\t\t\t\t\t\t\t\t\t\t\t\t\t\t\t\t\t\t\t\t\t\t\t\t\t\t\t\t\t\t\t\t\t\t\t\t\t\t\t\t\t\t\t\t\t\t\t\t\t\t\t\t\t\t\t\t\t\t<\/ul>\n\t<\/div>\n\t<div class=\"fusion-post-content-wrapper\" style=\"padding:30px 25px 20px 25px;\"><div class=\"fusion-post-content post-content\"><h2 class=\"blog-shortcode-post-title entry-title\"><a href=\"http:\/\/www.ukd-stuttgart.de\/wordpress\/kyu-pruefung-februar-2023\/\">Kyu-Pr\u00fcfung Februar 2023<\/a><\/h2><p class=\"fusion-single-line-meta\">By <span class=\"vcard\"><span class=\"fn\"><a href=\"http:\/\/www.ukd-stuttgart.de\/wordpress\/author\/admin\/\" title=\"Beitr\u00e4ge von admin\" rel=\"author\">admin<\/a><\/span><\/span><span class=\"fusion-inline-sep\">|<\/span><span class=\"updated\" style=\"display:none;\">2025-04-28T16:33:12+02:00<\/span><span>17. Februar 2023<\/span><span class=\"fusion-inline-sep\">|<\/span>Categories: <a href=\"http:\/\/www.ukd-stuttgart.de\/wordpress\/category\/pruefungen\/\" rel=\"category tag\">Pr\u00fcfungen<\/a><span class=\"fusion-inline-sep\">|<\/span><\/p><div class=\"fusion-content-sep sep-double sep-solid\" style=\"border-color:#e0dede;\"><\/div><div class=\"fusion-post-content-container\"><p>Am 15.02.2022 Kyu-Pr\u00fcfungen statt. Die Pr\u00fcflinge zeigten sehr gute Leistungen und waren sehr gut auf die jeweilige Pr\u00fcfung vorbereitet. Wir gratulieren zur bestandenen Pr\u00fcfung zum 8. bzw. 1. Kyu.<\/p><\/div><\/div><div class=\"fusion-meta-info\"><div class=\"fusion-alignleft\"><a class=\"fusion-read-more\" href=\"http:\/\/www.ukd-stuttgart.de\/wordpress\/kyu-pruefung-februar-2023\/\">Read More<\/a><\/div><\/div><\/div><div class=\"fusion-clearfix\"><\/div><\/div>\n<\/article>\n<article id=\"blog-1-post-13628\" class=\"fusion-post-grid post-13628 post type-post status-publish format-standard has-post-thumbnail hentry category-pruefungen\">\n<div class=\"fusion-post-wrapper\" style=\"background-color:rgba(255,255,255,0);border:1px solid #ebeaea;border-bottom-width:3px;\">\n\n\t\t\t<div class=\"fusion-flexslider flexslider fusion-flexslider-loading fusion-post-slideshow\" style=\"border-color:#ebeaea;\">\n\t\t<ul class=\"slides\">\n\t\t\t\n\t\t\t\t\t\t\t\t\t\t\t\t\t\t<li>\n\n<div  class=\"fusion-image-wrapper\" aria-haspopup=\"true\">\n\t\n\t\n\t\t\n\t\t\t\t\t<img width=\"2028\" height=\"2560\" src=\"http:\/\/www.ukd-stuttgart.de\/wordpress\/wp-content\/uploads\/2022\/12\/2022winter-scaled.jpg\" class=\"attachment-full size-full wp-post-image\" alt=\"\" loading=\"lazy\" srcset=\"http:\/\/www.ukd-stuttgart.de\/wordpress\/wp-content\/uploads\/2022\/12\/2022winter-200x252.jpg 200w, http:\/\/www.ukd-stuttgart.de\/wordpress\/wp-content\/uploads\/2022\/12\/2022winter-400x505.jpg 400w, http:\/\/www.ukd-stuttgart.de\/wordpress\/wp-content\/uploads\/2022\/12\/2022winter-600x757.jpg 600w, http:\/\/www.ukd-stuttgart.de\/wordpress\/wp-content\/uploads\/2022\/12\/2022winter-800x1010.jpg 800w, http:\/\/www.ukd-stuttgart.de\/wordpress\/wp-content\/uploads\/2022\/12\/2022winter-1200x1515.jpg 1200w, http:\/\/www.ukd-stuttgart.de\/wordpress\/wp-content\/uploads\/2022\/12\/2022winter-scaled.jpg 2028w\" sizes=\"(min-width: 2200px) 100vw, (min-width: 824px) 340px, (min-width: 732px) 510px, (min-width: 640px) 732px, \" \/>\n\t\n\n\t\t<div class=\"fusion-rollover\">\n\t<div class=\"fusion-rollover-content\">\n\n\t\t\t\t\t\t\t\t\t\t\t\t\t\t<a class=\"fusion-rollover-link\" href=\"http:\/\/www.ukd-stuttgart.de\/wordpress\/kyu-pruefung-winter-2022\/\">Kyu-Pr\u00fcfung Winter 2022<\/a>\n\t\t\t\n\t\t\t\t\t\t\t\t\t\t\t\t\t\t\n\t\t\t\t\t\t\t\t\n\t\t\t\t\t\t\t\t\t\t\t\t\t<div class=\"fusion-rollover-sep\"><\/div>\n\t\t\t\t\n\t\t\t\t\t\t\t\t\t\t\t\t\t\t\t\t\t\t<a class=\"fusion-rollover-gallery\" href=\"http:\/\/www.ukd-stuttgart.de\/wordpress\/wp-content\/uploads\/2022\/12\/2022winter-scaled.jpg\" data-id=\"13628\" data-rel=\"iLightbox[gallery]\" data-title=\"2022winter\" data-caption=\"\">\n\t\t\t\t\t\tGallery\t\t\t\t\t<\/a>\n\t\t\t\t\t\t\t\t\t\t\t\t\t\t\n\t\t\t\t\n\t\t\t\t\t\t\t\t\t\t\t\t<h4 class=\"fusion-rollover-title\">\n\t\t\t\t\t<a class=\"fusion-rollover-title-link\" href=\"http:\/\/www.ukd-stuttgart.de\/wordpress\/kyu-pruefung-winter-2022\/\">\n\t\t\t\t\t\tKyu-Pr\u00fcfung Winter 2022\t\t\t\t\t<\/a>\n\t\t\t\t<\/h4>\n\t\t\t\n\t\t\t\t\t\t\t\t\t\t\t\t\t\t<div class=\"fusion-rollover-categories\"><a href=\"http:\/\/www.ukd-stuttgart.de\/wordpress\/category\/pruefungen\/\" rel=\"tag\">Pr\u00fcfungen<\/a><\/div>\t\t\t\t\t\n\t\t\n\t\t\t\t<a class=\"fusion-link-wrapper\" href=\"http:\/\/www.ukd-stuttgart.de\/wordpress\/kyu-pruefung-winter-2022\/\" aria-label=\"Kyu-Pr\u00fcfung Winter 2022\"><\/a>\n\t<\/div>\n<\/div>\n\n\t\n<\/div>\n<\/li>\n\t\t\t\n\t\t\t\n\t\t\t\t\t\t\t\t\t\t\t\t\t\t\t\t\t\t\t\t\t\t\t\t\t\t\t\t\t\t\t\t\t\t\t\t\t\t\t\t\t\t\t\t\t\t\t\t\t\t\t\t\t\t\t\t\t\t\t\t\t\t\t\t\t\t\t\t<\/ul>\n\t<\/div>\n\t<div class=\"fusion-post-content-wrapper\" style=\"padding:30px 25px 20px 25px;\"><div class=\"fusion-post-content post-content\"><h2 class=\"blog-shortcode-post-title entry-title\"><a href=\"http:\/\/www.ukd-stuttgart.de\/wordpress\/kyu-pruefung-winter-2022\/\">Kyu-Pr\u00fcfung Winter 2022<\/a><\/h2><p class=\"fusion-single-line-meta\">By <span class=\"vcard\"><span class=\"fn\"><a href=\"http:\/\/www.ukd-stuttgart.de\/wordpress\/author\/admin\/\" title=\"Beitr\u00e4ge von admin\" rel=\"author\">admin<\/a><\/span><\/span><span class=\"fusion-inline-sep\">|<\/span><span class=\"updated\" style=\"display:none;\">2025-04-28T16:33:04+02:00<\/span><span>18. Dezember 2022<\/span><span class=\"fusion-inline-sep\">|<\/span>Categories: <a href=\"http:\/\/www.ukd-stuttgart.de\/wordpress\/category\/pruefungen\/\" rel=\"category tag\">Pr\u00fcfungen<\/a><span class=\"fusion-inline-sep\">|<\/span><\/p><div class=\"fusion-content-sep sep-double sep-solid\" style=\"border-color:#e0dede;\"><\/div><div class=\"fusion-post-content-container\"><p>Nach intensiven Vorbereitungen fanden am 14.12.2022 Kyu-Pr\u00fcfungen statt. Wir gratulieren den Pr\u00fcflingen zur sehr gut bestandenen Pr\u00fcfung!<\/p><\/div><\/div><div class=\"fusion-meta-info\"><div class=\"fusion-alignleft\"><a class=\"fusion-read-more\" href=\"http:\/\/www.ukd-stuttgart.de\/wordpress\/kyu-pruefung-winter-2022\/\">Read More<\/a><\/div><\/div><\/div><div class=\"fusion-clearfix\"><\/div><\/div>\n<\/article>\n<article id=\"blog-1-post-13536\" class=\"fusion-post-grid post-13536 post type-post status-publish format-standard hentry category-allgemein\">\n<div class=\"fusion-post-wrapper\" style=\"background-color:rgba(255,255,255,0);border:1px solid #ebeaea;border-bottom-width:3px;\">\n\n<div class=\"fusion-post-content-wrapper\" style=\"padding:30px 25px 20px 25px;\"><div class=\"fusion-post-content post-content\"><h2 class=\"blog-shortcode-post-title entry-title\"><a href=\"http:\/\/www.ukd-stuttgart.de\/wordpress\/homepage-reset\/\">Homepage Reset<\/a><\/h2><p class=\"fusion-single-line-meta\">By <span class=\"vcard\"><span class=\"fn\"><a href=\"http:\/\/www.ukd-stuttgart.de\/wordpress\/author\/admin\/\" title=\"Beitr\u00e4ge von admin\" rel=\"author\">admin<\/a><\/span><\/span><span class=\"fusion-inline-sep\">|<\/span><span class=\"updated\" style=\"display:none;\">2022-10-04T13:30:59+02:00<\/span><span>4. Oktober 2022<\/span><span class=\"fusion-inline-sep\">|<\/span>Categories: <a href=\"http:\/\/www.ukd-stuttgart.de\/wordpress\/category\/allgemein\/\" rel=\"category tag\">Allgemein<\/a><span class=\"fusion-inline-sep\">|<\/span><\/p><div class=\"fusion-content-sep sep-double sep-solid\" style=\"border-color:#e0dede;\"><\/div><div class=\"fusion-post-content-container\"><p>Liebe Mitglieder und BesucherInnen dieser Seite, aufgrund des Update auf PHP 8.0 war unsere Homepage wenige Tage nur eingeschr\u00e4nkt nutzbar. Leider mussten wir ein altes Backup einspielen, sodass neuere Eintr\u00e4ge verloren gegangen sind. Wir werden [...]<\/p><\/div><\/div><div class=\"fusion-meta-info\"><div class=\"fusion-alignleft\"><a class=\"fusion-read-more\" href=\"http:\/\/www.ukd-stuttgart.de\/wordpress\/homepage-reset\/\">Read More<\/a><\/div><\/div><\/div><div class=\"fusion-clearfix\"><\/div><\/div>\n<\/article>\n<article id=\"blog-1-post-13543\" class=\"fusion-post-grid post-13543 post type-post status-publish format-standard has-post-thumbnail hentry category-pruefungen\">\n<div class=\"fusion-post-wrapper\" style=\"background-color:rgba(255,255,255,0);border:1px solid #ebeaea;border-bottom-width:3px;\">\n\n\t\t\t<div class=\"fusion-flexslider flexslider fusion-flexslider-loading fusion-post-slideshow\" style=\"border-color:#ebeaea;\">\n\t\t<ul class=\"slides\">\n\t\t\t\n\t\t\t\t\t\t\t\t\t\t\t\t\t\t<li>\n\n<div  class=\"fusion-image-wrapper\" aria-haspopup=\"true\">\n\t\n\t\n\t\t\n\t\t\t\t\t<img width=\"1240\" height=\"404\" src=\"http:\/\/www.ukd-stuttgart.de\/wordpress\/wp-content\/uploads\/2022\/10\/2022kyu.jpg\" class=\"attachment-full size-full wp-post-image\" alt=\"\" loading=\"lazy\" srcset=\"http:\/\/www.ukd-stuttgart.de\/wordpress\/wp-content\/uploads\/2022\/10\/2022kyu-200x65.jpg 200w, http:\/\/www.ukd-stuttgart.de\/wordpress\/wp-content\/uploads\/2022\/10\/2022kyu-400x130.jpg 400w, http:\/\/www.ukd-stuttgart.de\/wordpress\/wp-content\/uploads\/2022\/10\/2022kyu-600x195.jpg 600w, http:\/\/www.ukd-stuttgart.de\/wordpress\/wp-content\/uploads\/2022\/10\/2022kyu-800x261.jpg 800w, http:\/\/www.ukd-stuttgart.de\/wordpress\/wp-content\/uploads\/2022\/10\/2022kyu-1200x391.jpg 1200w, http:\/\/www.ukd-stuttgart.de\/wordpress\/wp-content\/uploads\/2022\/10\/2022kyu.jpg 1240w\" sizes=\"(min-width: 2200px) 100vw, (min-width: 824px) 340px, (min-width: 732px) 510px, (min-width: 640px) 732px, \" \/>\n\t\n\n\t\t<div class=\"fusion-rollover\">\n\t<div class=\"fusion-rollover-content\">\n\n\t\t\t\t\t\t\t\t\t\t\t\t\t\t<a class=\"fusion-rollover-link\" href=\"http:\/\/www.ukd-stuttgart.de\/wordpress\/kyu-pruefung-sommer-2022\/\">Kyu-Pr\u00fcfung Sommer 2022<\/a>\n\t\t\t\n\t\t\t\t\t\t\t\t\t\t\t\t\t\t\n\t\t\t\t\t\t\t\t\n\t\t\t\t\t\t\t\t\t\t\t\t\t<div class=\"fusion-rollover-sep\"><\/div>\n\t\t\t\t\n\t\t\t\t\t\t\t\t\t\t\t\t\t\t\t\t\t\t<a class=\"fusion-rollover-gallery\" href=\"http:\/\/www.ukd-stuttgart.de\/wordpress\/wp-content\/uploads\/2022\/10\/2022kyu.jpg\" data-id=\"13543\" data-rel=\"iLightbox[gallery]\" data-title=\"2022kyu\" data-caption=\"\">\n\t\t\t\t\t\tGallery\t\t\t\t\t<\/a>\n\t\t\t\t\t\t\t\t\t\t\t\t\t\t\n\t\t\t\t\n\t\t\t\t\t\t\t\t\t\t\t\t<h4 class=\"fusion-rollover-title\">\n\t\t\t\t\t<a class=\"fusion-rollover-title-link\" href=\"http:\/\/www.ukd-stuttgart.de\/wordpress\/kyu-pruefung-sommer-2022\/\">\n\t\t\t\t\t\tKyu-Pr\u00fcfung Sommer 2022\t\t\t\t\t<\/a>\n\t\t\t\t<\/h4>\n\t\t\t\n\t\t\t\t\t\t\t\t\t\t\t\t\t\t<div class=\"fusion-rollover-categories\"><a href=\"http:\/\/www.ukd-stuttgart.de\/wordpress\/category\/pruefungen\/\" rel=\"tag\">Pr\u00fcfungen<\/a><\/div>\t\t\t\t\t\n\t\t\n\t\t\t\t<a class=\"fusion-link-wrapper\" href=\"http:\/\/www.ukd-stuttgart.de\/wordpress\/kyu-pruefung-sommer-2022\/\" aria-label=\"Kyu-Pr\u00fcfung Sommer 2022\"><\/a>\n\t<\/div>\n<\/div>\n\n\t\n<\/div>\n<\/li>\n\t\t\t\n\t\t\t\n\t\t\t\t\t\t\t\t\t\t\t\t\t\t\t\t\t\t\t\t\t\t\t\t\t\t\t\t\t\t\t\t\t\t\t\t\t\t\t\t\t\t\t\t\t\t\t\t\t\t\t\t\t\t\t\t\t\t\t\t\t\t\t\t\t\t\t\t<\/ul>\n\t<\/div>\n\t<div class=\"fusion-post-content-wrapper\" style=\"padding:30px 25px 20px 25px;\"><div class=\"fusion-post-content post-content\"><h2 class=\"blog-shortcode-post-title entry-title\"><a href=\"http:\/\/www.ukd-stuttgart.de\/wordpress\/kyu-pruefung-sommer-2022\/\">Kyu-Pr\u00fcfung Sommer 2022<\/a><\/h2><p class=\"fusion-single-line-meta\">By <span class=\"vcard\"><span class=\"fn\"><a href=\"http:\/\/www.ukd-stuttgart.de\/wordpress\/author\/admin\/\" title=\"Beitr\u00e4ge von admin\" rel=\"author\">admin<\/a><\/span><\/span><span class=\"fusion-inline-sep\">|<\/span><span class=\"updated\" style=\"display:none;\">2025-04-28T16:32:55+02:00<\/span><span>15. August 2022<\/span><span class=\"fusion-inline-sep\">|<\/span>Categories: <a href=\"http:\/\/www.ukd-stuttgart.de\/wordpress\/category\/pruefungen\/\" rel=\"category tag\">Pr\u00fcfungen<\/a><span class=\"fusion-inline-sep\">|<\/span><\/p><div class=\"fusion-content-sep sep-double sep-solid\" style=\"border-color:#e0dede;\"><\/div><div class=\"fusion-post-content-container\"><p>An zwei Terminen vor den Sommerferien fanden Kyu-Pr\u00fcfungen statt. Wir gratulieren allen Pr\u00fcflingen zur bestandenen Pr\u00fcfung!<\/p><\/div><\/div><div class=\"fusion-meta-info\"><div class=\"fusion-alignleft\"><a class=\"fusion-read-more\" href=\"http:\/\/www.ukd-stuttgart.de\/wordpress\/kyu-pruefung-sommer-2022\/\">Read More<\/a><\/div><\/div><\/div><div class=\"fusion-clearfix\"><\/div><\/div>\n<\/article>\n<article id=\"blog-1-post-13549\" class=\"fusion-post-grid post-13549 post type-post status-publish format-standard has-post-thumbnail hentry category-lehrgaenge\">\n<div class=\"fusion-post-wrapper\" style=\"background-color:rgba(255,255,255,0);border:1px solid #ebeaea;border-bottom-width:3px;\">\n\n\t\t\t<div class=\"fusion-flexslider flexslider fusion-flexslider-loading fusion-post-slideshow\" style=\"border-color:#ebeaea;\">\n\t\t<ul class=\"slides\">\n\t\t\t\n\t\t\t\t\t\t\t\t\t\t\t\t\t\t<li>\n\n<div  class=\"fusion-image-wrapper\" aria-haspopup=\"true\">\n\t\n\t\n\t\t\n\t\t\t\t\t<img width=\"2560\" height=\"1920\" src=\"http:\/\/www.ukd-stuttgart.de\/wordpress\/wp-content\/uploads\/2022\/10\/Gruppenfoto-scaled.jpeg\" class=\"attachment-full size-full wp-post-image\" alt=\"\" loading=\"lazy\" srcset=\"http:\/\/www.ukd-stuttgart.de\/wordpress\/wp-content\/uploads\/2022\/10\/Gruppenfoto-200x150.jpeg 200w, http:\/\/www.ukd-stuttgart.de\/wordpress\/wp-content\/uploads\/2022\/10\/Gruppenfoto-400x300.jpeg 400w, http:\/\/www.ukd-stuttgart.de\/wordpress\/wp-content\/uploads\/2022\/10\/Gruppenfoto-600x450.jpeg 600w, http:\/\/www.ukd-stuttgart.de\/wordpress\/wp-content\/uploads\/2022\/10\/Gruppenfoto-800x600.jpeg 800w, http:\/\/www.ukd-stuttgart.de\/wordpress\/wp-content\/uploads\/2022\/10\/Gruppenfoto-1200x900.jpeg 1200w, http:\/\/www.ukd-stuttgart.de\/wordpress\/wp-content\/uploads\/2022\/10\/Gruppenfoto-scaled.jpeg 2560w\" sizes=\"(min-width: 2200px) 100vw, (min-width: 824px) 340px, (min-width: 732px) 510px, (min-width: 640px) 732px, \" \/>\n\t\n\n\t\t<div class=\"fusion-rollover\">\n\t<div class=\"fusion-rollover-content\">\n\n\t\t\t\t\t\t\t\t\t\t\t\t\t\t<a class=\"fusion-rollover-link\" href=\"http:\/\/www.ukd-stuttgart.de\/wordpress\/12-stuttgarter-bunkai-sv-tage\/\">12. Stuttgarter Bunkai-\/SV-Tage<\/a>\n\t\t\t\n\t\t\t\t\t\t\t\t\t\t\t\t\t\t\n\t\t\t\t\t\t\t\t\n\t\t\t\t\t\t\t\t\t\t\t\t\t<div class=\"fusion-rollover-sep\"><\/div>\n\t\t\t\t\n\t\t\t\t\t\t\t\t\t\t\t\t\t\t\t\t\t\t<a class=\"fusion-rollover-gallery\" href=\"http:\/\/www.ukd-stuttgart.de\/wordpress\/wp-content\/uploads\/2022\/10\/Gruppenfoto-scaled.jpeg\" data-id=\"13549\" data-rel=\"iLightbox[gallery]\" data-title=\"Gruppenfoto\" data-caption=\"\">\n\t\t\t\t\t\tGallery\t\t\t\t\t<\/a>\n\t\t\t\t\t\t\t\t\t\t\t\t\t\t\n\t\t\t\t\n\t\t\t\t\t\t\t\t\t\t\t\t<h4 class=\"fusion-rollover-title\">\n\t\t\t\t\t<a class=\"fusion-rollover-title-link\" href=\"http:\/\/www.ukd-stuttgart.de\/wordpress\/12-stuttgarter-bunkai-sv-tage\/\">\n\t\t\t\t\t\t12. Stuttgarter Bunkai-\/SV-Tage\t\t\t\t\t<\/a>\n\t\t\t\t<\/h4>\n\t\t\t\n\t\t\t\t\t\t\t\t\t\t\t\t\t\t<div class=\"fusion-rollover-categories\"><a href=\"http:\/\/www.ukd-stuttgart.de\/wordpress\/category\/lehrgaenge\/\" rel=\"tag\">Lehrg\u00e4nge<\/a><\/div>\t\t\t\t\t\n\t\t\n\t\t\t\t<a class=\"fusion-link-wrapper\" href=\"http:\/\/www.ukd-stuttgart.de\/wordpress\/12-stuttgarter-bunkai-sv-tage\/\" aria-label=\"12. Stuttgarter Bunkai-\/SV-Tage\"><\/a>\n\t<\/div>\n<\/div>\n\n\t\n<\/div>\n<\/li>\n\t\t\t\n\t\t\t\n\t\t\t\t\t\t\t\t\t\t\t\t\t\t\t\t\t\t\t\t\t\t\t\t\t\t\t\t\t\t\t\t\t\t\t\t\t\t\t\t\t\t\t\t\t\t\t\t\t\t\t\t\t\t\t\t\t\t\t\t\t\t\t\t\t\t\t\t<\/ul>\n\t<\/div>\n\t<div class=\"fusion-post-content-wrapper\" style=\"padding:30px 25px 20px 25px;\"><div class=\"fusion-post-content post-content\"><h2 class=\"blog-shortcode-post-title entry-title\"><a href=\"http:\/\/www.ukd-stuttgart.de\/wordpress\/12-stuttgarter-bunkai-sv-tage\/\">12. Stuttgarter Bunkai-\/SV-Tage<\/a><\/h2><p class=\"fusion-single-line-meta\">By <span class=\"vcard\"><span class=\"fn\"><a href=\"http:\/\/www.ukd-stuttgart.de\/wordpress\/author\/admin\/\" title=\"Beitr\u00e4ge von admin\" rel=\"author\">admin<\/a><\/span><\/span><span class=\"fusion-inline-sep\">|<\/span><span class=\"updated\" style=\"display:none;\">2025-04-28T16:32:49+02:00<\/span><span>27. Juni 2022<\/span><span class=\"fusion-inline-sep\">|<\/span>Categories: <a href=\"http:\/\/www.ukd-stuttgart.de\/wordpress\/category\/lehrgaenge\/\" rel=\"category tag\">Lehrg\u00e4nge<\/a><span class=\"fusion-inline-sep\">|<\/span><\/p><div class=\"fusion-content-sep sep-double sep-solid\" style=\"border-color:#e0dede;\"><\/div><div class=\"fusion-post-content-container\"><p>Am Wochenende des 25.\/26.06.2022 fanden die 12. Stuttgarter Bunkai-\/SV-Tage statt. Es war sch\u00f6n viele bekannte Gesichter nach einer langen Zeit mal wieder 'live' zu sehen. Danke jedem Einzelnen UKDler f\u00fcr die Hilfe an der Kasse\/am [...]<\/p><\/div><\/div><div class=\"fusion-meta-info\"><div class=\"fusion-alignleft\"><a class=\"fusion-read-more\" href=\"http:\/\/www.ukd-stuttgart.de\/wordpress\/12-stuttgarter-bunkai-sv-tage\/\">Read More<\/a><\/div><\/div><\/div><div class=\"fusion-clearfix\"><\/div><\/div>\n<\/article>\n<article id=\"blog-1-post-13546\" class=\"fusion-post-grid post-13546 post type-post status-publish format-standard has-post-thumbnail hentry category-pruefungen\">\n<div class=\"fusion-post-wrapper\" style=\"background-color:rgba(255,255,255,0);border:1px solid #ebeaea;border-bottom-width:3px;\">\n\n\t\t\t<div class=\"fusion-flexslider flexslider fusion-flexslider-loading fusion-post-slideshow\" style=\"border-color:#ebeaea;\">\n\t\t<ul class=\"slides\">\n\t\t\t\n\t\t\t\t\t\t\t\t\t\t\t\t\t\t<li>\n\n<div  class=\"fusion-image-wrapper\" aria-haspopup=\"true\">\n\t\n\t\n\t\t\n\t\t\t\t\t<img width=\"2048\" height=\"2048\" src=\"http:\/\/www.ukd-stuttgart.de\/wordpress\/wp-content\/uploads\/2022\/10\/Pruefung-5.-DAN-Mark.jpg\" class=\"attachment-full size-full wp-post-image\" alt=\"\" loading=\"lazy\" srcset=\"http:\/\/www.ukd-stuttgart.de\/wordpress\/wp-content\/uploads\/2022\/10\/Pruefung-5.-DAN-Mark-200x200.jpg 200w, http:\/\/www.ukd-stuttgart.de\/wordpress\/wp-content\/uploads\/2022\/10\/Pruefung-5.-DAN-Mark-400x400.jpg 400w, http:\/\/www.ukd-stuttgart.de\/wordpress\/wp-content\/uploads\/2022\/10\/Pruefung-5.-DAN-Mark-600x600.jpg 600w, http:\/\/www.ukd-stuttgart.de\/wordpress\/wp-content\/uploads\/2022\/10\/Pruefung-5.-DAN-Mark-800x800.jpg 800w, http:\/\/www.ukd-stuttgart.de\/wordpress\/wp-content\/uploads\/2022\/10\/Pruefung-5.-DAN-Mark-1200x1200.jpg 1200w, http:\/\/www.ukd-stuttgart.de\/wordpress\/wp-content\/uploads\/2022\/10\/Pruefung-5.-DAN-Mark.jpg 2048w\" sizes=\"(min-width: 2200px) 100vw, (min-width: 824px) 340px, (min-width: 732px) 510px, (min-width: 640px) 732px, \" \/>\n\t\n\n\t\t<div class=\"fusion-rollover\">\n\t<div class=\"fusion-rollover-content\">\n\n\t\t\t\t\t\t\t\t\t\t\t\t\t\t<a class=\"fusion-rollover-link\" href=\"http:\/\/www.ukd-stuttgart.de\/wordpress\/mark-kleber-pruefung-5-dan\/\">Mark Kleber Pr\u00fcfung 5. DAN<\/a>\n\t\t\t\n\t\t\t\t\t\t\t\t\t\t\t\t\t\t\n\t\t\t\t\t\t\t\t\n\t\t\t\t\t\t\t\t\t\t\t\t\t<div class=\"fusion-rollover-sep\"><\/div>\n\t\t\t\t\n\t\t\t\t\t\t\t\t\t\t\t\t\t\t\t\t\t\t<a class=\"fusion-rollover-gallery\" href=\"http:\/\/www.ukd-stuttgart.de\/wordpress\/wp-content\/uploads\/2022\/10\/Pruefung-5.-DAN-Mark.jpg\" data-id=\"13546\" data-rel=\"iLightbox[gallery]\" data-title=\"Pruefung-5.-DAN-Mark\" data-caption=\"\">\n\t\t\t\t\t\tGallery\t\t\t\t\t<\/a>\n\t\t\t\t\t\t\t\t\t\t\t\t\t\t\n\t\t\t\t\n\t\t\t\t\t\t\t\t\t\t\t\t<h4 class=\"fusion-rollover-title\">\n\t\t\t\t\t<a class=\"fusion-rollover-title-link\" href=\"http:\/\/www.ukd-stuttgart.de\/wordpress\/mark-kleber-pruefung-5-dan\/\">\n\t\t\t\t\t\tMark Kleber Pr\u00fcfung 5. DAN\t\t\t\t\t<\/a>\n\t\t\t\t<\/h4>\n\t\t\t\n\t\t\t\t\t\t\t\t\t\t\t\t\t\t<div class=\"fusion-rollover-categories\"><a href=\"http:\/\/www.ukd-stuttgart.de\/wordpress\/category\/pruefungen\/\" rel=\"tag\">Pr\u00fcfungen<\/a><\/div>\t\t\t\t\t\n\t\t\n\t\t\t\t<a class=\"fusion-link-wrapper\" href=\"http:\/\/www.ukd-stuttgart.de\/wordpress\/mark-kleber-pruefung-5-dan\/\" aria-label=\"Mark Kleber Pr\u00fcfung 5. DAN\"><\/a>\n\t<\/div>\n<\/div>\n\n\t\n<\/div>\n<\/li>\n\t\t\t\n\t\t\t\n\t\t\t\t\t\t\t\t\t\t\t\t\t\t\t\t\t\t\t\t\t\t\t\t\t\t\t\t\t\t\t\t\t\t\t\t\t\t\t\t\t\t\t\t\t\t\t\t\t\t\t\t\t\t\t\t\t\t\t\t\t\t\t\t\t\t\t\t<\/ul>\n\t<\/div>\n\t<div class=\"fusion-post-content-wrapper\" style=\"padding:30px 25px 20px 25px;\"><div class=\"fusion-post-content post-content\"><h2 class=\"blog-shortcode-post-title entry-title\"><a href=\"http:\/\/www.ukd-stuttgart.de\/wordpress\/mark-kleber-pruefung-5-dan\/\">Mark Kleber Pr\u00fcfung 5. DAN<\/a><\/h2><p class=\"fusion-single-line-meta\">By <span class=\"vcard\"><span class=\"fn\"><a href=\"http:\/\/www.ukd-stuttgart.de\/wordpress\/author\/admin\/\" title=\"Beitr\u00e4ge von admin\" rel=\"author\">admin<\/a><\/span><\/span><span class=\"fusion-inline-sep\">|<\/span><span class=\"updated\" style=\"display:none;\">2025-04-28T16:32:43+02:00<\/span><span>27. Juni 2022<\/span><span class=\"fusion-inline-sep\">|<\/span>Categories: <a href=\"http:\/\/www.ukd-stuttgart.de\/wordpress\/category\/pruefungen\/\" rel=\"category tag\">Pr\u00fcfungen<\/a><span class=\"fusion-inline-sep\">|<\/span><\/p><div class=\"fusion-content-sep sep-double sep-solid\" style=\"border-color:#e0dede;\"><\/div><div class=\"fusion-post-content-container\"><p>Am Vorabend der 12. Bunkai-\/SV-Tage mit Iain Abernethy gab es am 24.06.2022 eine Danpr\u00fcfung. Mark Kleber vom UKD Stuttgart stellte sich als einziger Pr\u00fcfling der Pr\u00fcfung zum 5. Dan nach den Vorgaben der World Combat [...]<\/p><\/div><\/div><div class=\"fusion-meta-info\"><div class=\"fusion-alignleft\"><a class=\"fusion-read-more\" href=\"http:\/\/www.ukd-stuttgart.de\/wordpress\/mark-kleber-pruefung-5-dan\/\">Read More<\/a><\/div><\/div><\/div><div class=\"fusion-clearfix\"><\/div><\/div>\n<\/article>\n<article id=\"blog-1-post-13553\" class=\"fusion-post-grid post-13553 post type-post status-publish format-standard has-post-thumbnail hentry category-pruefungen\">\n<div class=\"fusion-post-wrapper\" style=\"background-color:rgba(255,255,255,0);border:1px solid #ebeaea;border-bottom-width:3px;\">\n\n\t\t\t<div class=\"fusion-flexslider flexslider fusion-flexslider-loading fusion-post-slideshow\" style=\"border-color:#ebeaea;\">\n\t\t<ul class=\"slides\">\n\t\t\t\n\t\t\t\t\t\t\t\t\t\t\t\t\t\t<li>\n\n<div  class=\"fusion-image-wrapper\" aria-haspopup=\"true\">\n\t\n\t\n\t\t\n\t\t\t\t\t<img width=\"2353\" height=\"2038\" src=\"http:\/\/www.ukd-stuttgart.de\/wordpress\/wp-content\/uploads\/2022\/10\/DSC_0151-1.jpg\" class=\"attachment-full size-full wp-post-image\" alt=\"\" loading=\"lazy\" srcset=\"http:\/\/www.ukd-stuttgart.de\/wordpress\/wp-content\/uploads\/2022\/10\/DSC_0151-1-200x173.jpg 200w, http:\/\/www.ukd-stuttgart.de\/wordpress\/wp-content\/uploads\/2022\/10\/DSC_0151-1-400x346.jpg 400w, http:\/\/www.ukd-stuttgart.de\/wordpress\/wp-content\/uploads\/2022\/10\/DSC_0151-1-600x520.jpg 600w, http:\/\/www.ukd-stuttgart.de\/wordpress\/wp-content\/uploads\/2022\/10\/DSC_0151-1-800x693.jpg 800w, http:\/\/www.ukd-stuttgart.de\/wordpress\/wp-content\/uploads\/2022\/10\/DSC_0151-1-1200x1039.jpg 1200w, http:\/\/www.ukd-stuttgart.de\/wordpress\/wp-content\/uploads\/2022\/10\/DSC_0151-1.jpg 2353w\" sizes=\"(min-width: 2200px) 100vw, (min-width: 824px) 340px, (min-width: 732px) 510px, (min-width: 640px) 732px, \" \/>\n\t\n\n\t\t<div class=\"fusion-rollover\">\n\t<div class=\"fusion-rollover-content\">\n\n\t\t\t\t\t\t\t\t\t\t\t\t\t\t<a class=\"fusion-rollover-link\" href=\"http:\/\/www.ukd-stuttgart.de\/wordpress\/kyu-pruefung-sommer-2021\/\">Kyu-Pr\u00fcfung Sommer 2021<\/a>\n\t\t\t\n\t\t\t\t\t\t\t\t\t\t\t\t\t\t\n\t\t\t\t\t\t\t\t\n\t\t\t\t\t\t\t\t\t\t\t\t\t<div class=\"fusion-rollover-sep\"><\/div>\n\t\t\t\t\n\t\t\t\t\t\t\t\t\t\t\t\t\t\t\t\t\t\t<a class=\"fusion-rollover-gallery\" href=\"http:\/\/www.ukd-stuttgart.de\/wordpress\/wp-content\/uploads\/2022\/10\/DSC_0151-1.jpg\" data-id=\"13553\" data-rel=\"iLightbox[gallery]\" data-title=\"DSC_0151-1\" data-caption=\"\">\n\t\t\t\t\t\tGallery\t\t\t\t\t<\/a>\n\t\t\t\t\t\t\t\t\t\t\t\t\t\t\n\t\t\t\t\n\t\t\t\t\t\t\t\t\t\t\t\t<h4 class=\"fusion-rollover-title\">\n\t\t\t\t\t<a class=\"fusion-rollover-title-link\" href=\"http:\/\/www.ukd-stuttgart.de\/wordpress\/kyu-pruefung-sommer-2021\/\">\n\t\t\t\t\t\tKyu-Pr\u00fcfung Sommer 2021\t\t\t\t\t<\/a>\n\t\t\t\t<\/h4>\n\t\t\t\n\t\t\t\t\t\t\t\t\t\t\t\t\t\t<div class=\"fusion-rollover-categories\"><a href=\"http:\/\/www.ukd-stuttgart.de\/wordpress\/category\/pruefungen\/\" rel=\"tag\">Pr\u00fcfungen<\/a><\/div>\t\t\t\t\t\n\t\t\n\t\t\t\t<a class=\"fusion-link-wrapper\" href=\"http:\/\/www.ukd-stuttgart.de\/wordpress\/kyu-pruefung-sommer-2021\/\" aria-label=\"Kyu-Pr\u00fcfung Sommer 2021\"><\/a>\n\t<\/div>\n<\/div>\n\n\t\n<\/div>\n<\/li>\n\t\t\t\n\t\t\t\n\t\t\t\t\t\t\t\t\t\t\t\t\t\t\t\t\t\t\t\t\t\t\t\t\t\t\t\t\t\t\t\t\t\t\t\t\t\t\t\t\t\t\t\t\t\t\t\t\t\t\t\t\t\t\t\t\t\t\t\t\t\t\t\t\t\t\t\t<\/ul>\n\t<\/div>\n\t<div class=\"fusion-post-content-wrapper\" style=\"padding:30px 25px 20px 25px;\"><div class=\"fusion-post-content post-content\"><h2 class=\"blog-shortcode-post-title entry-title\"><a href=\"http:\/\/www.ukd-stuttgart.de\/wordpress\/kyu-pruefung-sommer-2021\/\">Kyu-Pr\u00fcfung Sommer 2021<\/a><\/h2><p class=\"fusion-single-line-meta\">By <span class=\"vcard\"><span class=\"fn\"><a href=\"http:\/\/www.ukd-stuttgart.de\/wordpress\/author\/admin\/\" title=\"Beitr\u00e4ge von admin\" rel=\"author\">admin<\/a><\/span><\/span><span class=\"fusion-inline-sep\">|<\/span><span class=\"updated\" style=\"display:none;\">2025-04-28T16:32:35+02:00<\/span><span>26. August 2021<\/span><span class=\"fusion-inline-sep\">|<\/span>Categories: <a href=\"http:\/\/www.ukd-stuttgart.de\/wordpress\/category\/pruefungen\/\" rel=\"category tag\">Pr\u00fcfungen<\/a><span class=\"fusion-inline-sep\">|<\/span><\/p><div class=\"fusion-content-sep sep-double sep-solid\" style=\"border-color:#e0dede;\"><\/div><div class=\"fusion-post-content-container\"><p>Am Donnerstag den 29.07.2021 fand eine kleine aber feine Kyu-Pr\u00fcfung statt. Alle Pr\u00fcflinge haben sich sehr gut vorbereitet und zeigten gute Leistungen. Herzlichen Gl\u00fcckwunsch zur bestandenen Pr\u00fcfung! Trainiert flei\u00dfig weiter. ?<\/p><\/div><\/div><div class=\"fusion-meta-info\"><div class=\"fusion-alignleft\"><a class=\"fusion-read-more\" href=\"http:\/\/www.ukd-stuttgart.de\/wordpress\/kyu-pruefung-sommer-2021\/\">Read More<\/a><\/div><\/div><\/div><div class=\"fusion-clearfix\"><\/div><\/div>\n<\/article>\n<article id=\"blog-1-post-13437\" class=\"fusion-post-grid post-13437 post type-post status-publish format-standard has-post-thumbnail hentry category-pruefungen\">\n<div class=\"fusion-post-wrapper\" style=\"background-color:rgba(255,255,255,0);border:1px solid #ebeaea;border-bottom-width:3px;\">\n\n\t\t\t<div class=\"fusion-flexslider flexslider fusion-flexslider-loading fusion-post-slideshow\" style=\"border-color:#ebeaea;\">\n\t\t<ul class=\"slides\">\n\t\t\t\n\t\t\t\t\t\t\t\t\t\t\t\t\t\t<li>\n\n<div  class=\"fusion-image-wrapper\" aria-haspopup=\"true\">\n\t\n\t\n\t\t\n\t\t\t\t\t<img width=\"976\" height=\"312\" src=\"http:\/\/www.ukd-stuttgart.de\/wordpress\/wp-content\/uploads\/2019\/07\/Sommerpruefung_2019.jpg\" class=\"attachment-full size-full wp-post-image\" alt=\"\" loading=\"lazy\" srcset=\"http:\/\/www.ukd-stuttgart.de\/wordpress\/wp-content\/uploads\/2019\/07\/Sommerpruefung_2019-200x64.jpg 200w, http:\/\/www.ukd-stuttgart.de\/wordpress\/wp-content\/uploads\/2019\/07\/Sommerpruefung_2019-400x128.jpg 400w, http:\/\/www.ukd-stuttgart.de\/wordpress\/wp-content\/uploads\/2019\/07\/Sommerpruefung_2019-600x192.jpg 600w, http:\/\/www.ukd-stuttgart.de\/wordpress\/wp-content\/uploads\/2019\/07\/Sommerpruefung_2019-800x256.jpg 800w, http:\/\/www.ukd-stuttgart.de\/wordpress\/wp-content\/uploads\/2019\/07\/Sommerpruefung_2019.jpg 976w\" sizes=\"(min-width: 2200px) 100vw, (min-width: 824px) 340px, (min-width: 732px) 510px, (min-width: 640px) 732px, \" \/>\n\t\n\n\t\t<div class=\"fusion-rollover\">\n\t<div class=\"fusion-rollover-content\">\n\n\t\t\t\t\t\t\t\t\t\t\t\t\t\t<a class=\"fusion-rollover-link\" href=\"http:\/\/www.ukd-stuttgart.de\/wordpress\/kyu-und-dan-pruefungen-im-juli-2019\/\">Kyu- und Dan-Pr\u00fcfungen im Sommer 2019<\/a>\n\t\t\t\n\t\t\t\t\t\t\t\t\t\t\t\t\t\t\n\t\t\t\t\t\t\t\t\n\t\t\t\t\t\t\t\t\t\t\t\t\t<div class=\"fusion-rollover-sep\"><\/div>\n\t\t\t\t\n\t\t\t\t\t\t\t\t\t\t\t\t\t\t\t\t\t\t<a class=\"fusion-rollover-gallery\" href=\"http:\/\/www.ukd-stuttgart.de\/wordpress\/wp-content\/uploads\/2019\/07\/Sommerpruefung_2019.jpg\" data-id=\"13437\" data-rel=\"iLightbox[gallery]\" data-title=\"Sommerpruefung_2019\" data-caption=\"\">\n\t\t\t\t\t\tGallery\t\t\t\t\t<\/a>\n\t\t\t\t\t\t\t\t\t\t\t\t\t\t\n\t\t\t\t\n\t\t\t\t\t\t\t\t\t\t\t\t<h4 class=\"fusion-rollover-title\">\n\t\t\t\t\t<a class=\"fusion-rollover-title-link\" href=\"http:\/\/www.ukd-stuttgart.de\/wordpress\/kyu-und-dan-pruefungen-im-juli-2019\/\">\n\t\t\t\t\t\tKyu- und Dan-Pr\u00fcfungen im Sommer 2019\t\t\t\t\t<\/a>\n\t\t\t\t<\/h4>\n\t\t\t\n\t\t\t\t\t\t\t\t\t\t\t\t\t\t<div class=\"fusion-rollover-categories\"><a href=\"http:\/\/www.ukd-stuttgart.de\/wordpress\/category\/pruefungen\/\" rel=\"tag\">Pr\u00fcfungen<\/a><\/div>\t\t\t\t\t\n\t\t\n\t\t\t\t<a class=\"fusion-link-wrapper\" href=\"http:\/\/www.ukd-stuttgart.de\/wordpress\/kyu-und-dan-pruefungen-im-juli-2019\/\" aria-label=\"Kyu- und Dan-Pr\u00fcfungen im Sommer 2019\"><\/a>\n\t<\/div>\n<\/div>\n\n\t\n<\/div>\n<\/li>\n\t\t\t\n\t\t\t\n\t\t\t\t\t\t\t\t\t\t\t\t\t\t\t\t\t\t\t\t\t\t\t\t\t\t\t\t\t\t\t\t\t\t\t\t\t\t\t\t\t\t\t\t\t\t\t\t\t\t\t\t\t\t\t\t\t\t\t\t\t\t\t\t\t\t\t\t<\/ul>\n\t<\/div>\n\t<div class=\"fusion-post-content-wrapper\" style=\"padding:30px 25px 20px 25px;\"><div class=\"fusion-post-content post-content\"><h2 class=\"blog-shortcode-post-title entry-title\"><a href=\"http:\/\/www.ukd-stuttgart.de\/wordpress\/kyu-und-dan-pruefungen-im-juli-2019\/\">Kyu- und Dan-Pr\u00fcfungen im Sommer 2019<\/a><\/h2><p class=\"fusion-single-line-meta\">By <span class=\"vcard\"><span class=\"fn\"><a href=\"http:\/\/www.ukd-stuttgart.de\/wordpress\/author\/admin\/\" title=\"Beitr\u00e4ge von admin\" rel=\"author\">admin<\/a><\/span><\/span><span class=\"fusion-inline-sep\">|<\/span><span class=\"updated\" style=\"display:none;\">2019-11-08T10:36:03+01:00<\/span><span>30. Juli 2019<\/span><span class=\"fusion-inline-sep\">|<\/span>Categories: <a href=\"http:\/\/www.ukd-stuttgart.de\/wordpress\/category\/pruefungen\/\" rel=\"category tag\">Pr\u00fcfungen<\/a><span class=\"fusion-inline-sep\">|<\/span><\/p><div class=\"fusion-content-sep sep-double sep-solid\" style=\"border-color:#e0dede;\"><\/div><div class=\"fusion-post-content-container\"><p>Im Sommer fanden wieder unsere Kyu-Pr\u00fcfung (DKV) und Dan-Pr\u00fcfung (WCA) statt. Alle Pr\u00fcflinge haben sich sehr gut vorbereitet und zeigten gute Leistungen. Herzlichen Gl\u00fcckwunsch zur bestandenen Pr\u00fcfung! Trainiert flei\u00dfig weiter. ?<\/p><\/div><\/div><div class=\"fusion-meta-info\"><div class=\"fusion-alignleft\"><a class=\"fusion-read-more\" href=\"http:\/\/www.ukd-stuttgart.de\/wordpress\/kyu-und-dan-pruefungen-im-juli-2019\/\">Read More<\/a><\/div><\/div><\/div><div class=\"fusion-clearfix\"><\/div><\/div>\n<\/article>\n<article id=\"blog-1-post-13556\" class=\"fusion-post-grid post-13556 post type-post status-publish format-standard has-post-thumbnail hentry category-pruefungen\">\n<div class=\"fusion-post-wrapper\" style=\"background-color:rgba(255,255,255,0);border:1px solid #ebeaea;border-bottom-width:3px;\">\n\n\t\t\t<div class=\"fusion-flexslider flexslider fusion-flexslider-loading fusion-post-slideshow\" style=\"border-color:#ebeaea;\">\n\t\t<ul class=\"slides\">\n\t\t\t\n\t\t\t\t\t\t\t\t\t\t\t\t\t\t<li>\n\n<div  class=\"fusion-image-wrapper\" aria-haspopup=\"true\">\n\t\n\t\n\t\t\n\t\t\t\t\t<img width=\"874\" height=\"381\" src=\"http:\/\/www.ukd-stuttgart.de\/wordpress\/wp-content\/uploads\/2022\/10\/2019-07_Pruefung.jpg\" class=\"attachment-full size-full wp-post-image\" alt=\"\" loading=\"lazy\" srcset=\"http:\/\/www.ukd-stuttgart.de\/wordpress\/wp-content\/uploads\/2022\/10\/2019-07_Pruefung-200x87.jpg 200w, http:\/\/www.ukd-stuttgart.de\/wordpress\/wp-content\/uploads\/2022\/10\/2019-07_Pruefung-400x174.jpg 400w, http:\/\/www.ukd-stuttgart.de\/wordpress\/wp-content\/uploads\/2022\/10\/2019-07_Pruefung-600x262.jpg 600w, http:\/\/www.ukd-stuttgart.de\/wordpress\/wp-content\/uploads\/2022\/10\/2019-07_Pruefung-800x349.jpg 800w, http:\/\/www.ukd-stuttgart.de\/wordpress\/wp-content\/uploads\/2022\/10\/2019-07_Pruefung.jpg 874w\" sizes=\"(min-width: 2200px) 100vw, (min-width: 824px) 340px, (min-width: 732px) 510px, (min-width: 640px) 732px, \" \/>\n\t\n\n\t\t<div class=\"fusion-rollover\">\n\t<div class=\"fusion-rollover-content\">\n\n\t\t\t\t\t\t\t\t\t\t\t\t\t\t<a class=\"fusion-rollover-link\" href=\"http:\/\/www.ukd-stuttgart.de\/wordpress\/kyu-und-dan-pruefungen-im-sommer-2019\/\">Kyu- und Dan-Pr\u00fcfungen im Sommer 2019<\/a>\n\t\t\t\n\t\t\t\t\t\t\t\t\t\t\t\t\t\t\n\t\t\t\t\t\t\t\t\n\t\t\t\t\t\t\t\t\t\t\t\t\t<div class=\"fusion-rollover-sep\"><\/div>\n\t\t\t\t\n\t\t\t\t\t\t\t\t\t\t\t\t\t\t\t\t\t\t<a class=\"fusion-rollover-gallery\" href=\"http:\/\/www.ukd-stuttgart.de\/wordpress\/wp-content\/uploads\/2022\/10\/2019-07_Pruefung.jpg\" data-id=\"13556\" data-rel=\"iLightbox[gallery]\" data-title=\"2019-07_Pr\u00fcfung\" data-caption=\"\">\n\t\t\t\t\t\tGallery\t\t\t\t\t<\/a>\n\t\t\t\t\t\t\t\t\t\t\t\t\t\t\n\t\t\t\t\n\t\t\t\t\t\t\t\t\t\t\t\t<h4 class=\"fusion-rollover-title\">\n\t\t\t\t\t<a class=\"fusion-rollover-title-link\" href=\"http:\/\/www.ukd-stuttgart.de\/wordpress\/kyu-und-dan-pruefungen-im-sommer-2019\/\">\n\t\t\t\t\t\tKyu- und Dan-Pr\u00fcfungen im Sommer 2019\t\t\t\t\t<\/a>\n\t\t\t\t<\/h4>\n\t\t\t\n\t\t\t\t\t\t\t\t\t\t\t\t\t\t<div class=\"fusion-rollover-categories\"><a href=\"http:\/\/www.ukd-stuttgart.de\/wordpress\/category\/pruefungen\/\" rel=\"tag\">Pr\u00fcfungen<\/a><\/div>\t\t\t\t\t\n\t\t\n\t\t\t\t<a class=\"fusion-link-wrapper\" href=\"http:\/\/www.ukd-stuttgart.de\/wordpress\/kyu-und-dan-pruefungen-im-sommer-2019\/\" aria-label=\"Kyu- und Dan-Pr\u00fcfungen im Sommer 2019\"><\/a>\n\t<\/div>\n<\/div>\n\n\t\n<\/div>\n<\/li>\n\t\t\t\n\t\t\t\n\t\t\t\t\t\t\t\t\t\t\t\t\t\t\t\t\t\t\t\t\t\t\t\t\t\t\t\t\t\t\t\t\t\t\t\t\t\t\t\t\t\t\t\t\t\t\t\t\t\t\t\t\t\t\t\t\t\t\t\t\t\t\t\t\t\t\t\t<\/ul>\n\t<\/div>\n\t<div class=\"fusion-post-content-wrapper\" style=\"padding:30px 25px 20px 25px;\"><div class=\"fusion-post-content post-content\"><h2 class=\"blog-shortcode-post-title entry-title\"><a href=\"http:\/\/www.ukd-stuttgart.de\/wordpress\/kyu-und-dan-pruefungen-im-sommer-2019\/\">Kyu- und Dan-Pr\u00fcfungen im Sommer 2019<\/a><\/h2><p class=\"fusion-single-line-meta\">By <span class=\"vcard\"><span class=\"fn\"><a href=\"http:\/\/www.ukd-stuttgart.de\/wordpress\/author\/admin\/\" title=\"Beitr\u00e4ge von admin\" rel=\"author\">admin<\/a><\/span><\/span><span class=\"fusion-inline-sep\">|<\/span><span class=\"updated\" style=\"display:none;\">2025-04-28T16:32:19+02:00<\/span><span>30. Juli 2019<\/span><span class=\"fusion-inline-sep\">|<\/span>Categories: <a href=\"http:\/\/www.ukd-stuttgart.de\/wordpress\/category\/pruefungen\/\" rel=\"category tag\">Pr\u00fcfungen<\/a><span class=\"fusion-inline-sep\">|<\/span><\/p><div class=\"fusion-content-sep sep-double sep-solid\" style=\"border-color:#e0dede;\"><\/div><div class=\"fusion-post-content-container\"><p>Im Sommer fanden wieder unsere Kyu-Pr\u00fcfung (DKV) und Dan-Pr\u00fcfung (WCA) statt. Alle Pr\u00fcflinge haben sich sehr gut vorbereitet und zeigten gute Leistungen. Herzlichen Gl\u00fcckwunsch zur bestandenen Pr\u00fcfung! Trainiert flei\u00dfig weiter. ?<\/p><\/div><\/div><div class=\"fusion-meta-info\"><div class=\"fusion-alignleft\"><a class=\"fusion-read-more\" href=\"http:\/\/www.ukd-stuttgart.de\/wordpress\/kyu-und-dan-pruefungen-im-sommer-2019\/\">Read More<\/a><\/div><\/div><\/div><div class=\"fusion-clearfix\"><\/div><\/div>\n<\/article>\n<article id=\"blog-1-post-13429\" class=\"fusion-post-grid post-13429 post type-post status-publish format-standard has-post-thumbnail hentry category-lehrgaenge\">\n<div class=\"fusion-post-wrapper\" style=\"background-color:rgba(255,255,255,0);border:1px solid #ebeaea;border-bottom-width:3px;\">\n\n\t\t\t<div class=\"fusion-flexslider flexslider fusion-flexslider-loading fusion-post-slideshow\" style=\"border-color:#ebeaea;\">\n\t\t<ul class=\"slides\">\n\t\t\t\n\t\t\t\t\t\t\t\t\t\t\t\t\t\t<li>\n\n<div  class=\"fusion-image-wrapper\" aria-haspopup=\"true\">\n\t\n\t\n\t\t\n\t\t\t\t\t<img width=\"4543\" height=\"1716\" src=\"http:\/\/www.ukd-stuttgart.de\/wordpress\/wp-content\/uploads\/2019\/07\/29.06.2019-Iain-Abernethy-Seminar-in-Stuttgart.jpg\" class=\"attachment-full size-full wp-post-image\" alt=\"\" loading=\"lazy\" srcset=\"http:\/\/www.ukd-stuttgart.de\/wordpress\/wp-content\/uploads\/2019\/07\/29.06.2019-Iain-Abernethy-Seminar-in-Stuttgart-200x76.jpg 200w, http:\/\/www.ukd-stuttgart.de\/wordpress\/wp-content\/uploads\/2019\/07\/29.06.2019-Iain-Abernethy-Seminar-in-Stuttgart-400x151.jpg 400w, http:\/\/www.ukd-stuttgart.de\/wordpress\/wp-content\/uploads\/2019\/07\/29.06.2019-Iain-Abernethy-Seminar-in-Stuttgart-600x227.jpg 600w, http:\/\/www.ukd-stuttgart.de\/wordpress\/wp-content\/uploads\/2019\/07\/29.06.2019-Iain-Abernethy-Seminar-in-Stuttgart-800x302.jpg 800w, http:\/\/www.ukd-stuttgart.de\/wordpress\/wp-content\/uploads\/2019\/07\/29.06.2019-Iain-Abernethy-Seminar-in-Stuttgart-1200x453.jpg 1200w, http:\/\/www.ukd-stuttgart.de\/wordpress\/wp-content\/uploads\/2019\/07\/29.06.2019-Iain-Abernethy-Seminar-in-Stuttgart.jpg 4543w\" sizes=\"(min-width: 2200px) 100vw, (min-width: 824px) 340px, (min-width: 732px) 510px, (min-width: 640px) 732px, \" \/>\n\t\n\n\t\t<div class=\"fusion-rollover\">\n\t<div class=\"fusion-rollover-content\">\n\n\t\t\t\t\t\t\t\t\t\t\t\t\t\t<a class=\"fusion-rollover-link\" href=\"http:\/\/www.ukd-stuttgart.de\/wordpress\/11-stuttgarter-bunkai-sv-tage-mit-dan-pruefung\/\">11. Stuttgarter Bunkai-\/SV-Tage mit Dan-Pr\u00fcfung<\/a>\n\t\t\t\n\t\t\t\t\t\t\t\t\t\t\t\t\t\t\n\t\t\t\t\t\t\t\t\n\t\t\t\t\t\t\t\t\t\t\t\t\t<div class=\"fusion-rollover-sep\"><\/div>\n\t\t\t\t\n\t\t\t\t\t\t\t\t\t\t\t\t\t\t\t\t\t\t<a class=\"fusion-rollover-gallery\" href=\"http:\/\/www.ukd-stuttgart.de\/wordpress\/wp-content\/uploads\/2019\/07\/29.06.2019-Iain-Abernethy-Seminar-in-Stuttgart.jpg\" data-id=\"13429\" data-rel=\"iLightbox[gallery]\" data-title=\"29.06.2019 Iain Abernethy Seminar in Stuttgart\" data-caption=\"\">\n\t\t\t\t\t\tGallery\t\t\t\t\t<\/a>\n\t\t\t\t\t\t\t\t\t\t\t\t\t\t\n\t\t\t\t\n\t\t\t\t\t\t\t\t\t\t\t\t<h4 class=\"fusion-rollover-title\">\n\t\t\t\t\t<a class=\"fusion-rollover-title-link\" href=\"http:\/\/www.ukd-stuttgart.de\/wordpress\/11-stuttgarter-bunkai-sv-tage-mit-dan-pruefung\/\">\n\t\t\t\t\t\t11. Stuttgarter Bunkai-\/SV-Tage mit Dan-Pr\u00fcfung\t\t\t\t\t<\/a>\n\t\t\t\t<\/h4>\n\t\t\t\n\t\t\t\t\t\t\t\t\t\t\t\t\t\t<div class=\"fusion-rollover-categories\"><a href=\"http:\/\/www.ukd-stuttgart.de\/wordpress\/category\/lehrgaenge\/\" rel=\"tag\">Lehrg\u00e4nge<\/a><\/div>\t\t\t\t\t\n\t\t\n\t\t\t\t<a class=\"fusion-link-wrapper\" href=\"http:\/\/www.ukd-stuttgart.de\/wordpress\/11-stuttgarter-bunkai-sv-tage-mit-dan-pruefung\/\" aria-label=\"11. Stuttgarter Bunkai-\/SV-Tage mit Dan-Pr\u00fcfung\"><\/a>\n\t<\/div>\n<\/div>\n\n\t\n<\/div>\n<\/li>\n\t\t\t\n\t\t\t\n\t\t\t\t\t\t\t\t\t\t\t\t\t\t\t\t\t\t\t\t\t\t\t\t\t\t\t\t\t\t\t\t\t\t\t\t\t\t\t\t\t\t\t\t\t\t\t\t\t\t\t\t\t\t\t\t\t\t\t\t\t\t\t\t\t\t\t\t<\/ul>\n\t<\/div>\n\t<div class=\"fusion-post-content-wrapper\" style=\"padding:30px 25px 20px 25px;\"><div class=\"fusion-post-content post-content\"><h2 class=\"blog-shortcode-post-title entry-title\"><a href=\"http:\/\/www.ukd-stuttgart.de\/wordpress\/11-stuttgarter-bunkai-sv-tage-mit-dan-pruefung\/\">11. Stuttgarter Bunkai-\/SV-Tage mit Dan-Pr\u00fcfung<\/a><\/h2><p class=\"fusion-single-line-meta\">By <span class=\"vcard\"><span class=\"fn\"><a href=\"http:\/\/www.ukd-stuttgart.de\/wordpress\/author\/admin\/\" title=\"Beitr\u00e4ge von admin\" rel=\"author\">admin<\/a><\/span><\/span><span class=\"fusion-inline-sep\">|<\/span><span class=\"updated\" style=\"display:none;\">2019-07-03T16:49:19+02:00<\/span><span>3. Juli 2019<\/span><span class=\"fusion-inline-sep\">|<\/span>Categories: <a href=\"http:\/\/www.ukd-stuttgart.de\/wordpress\/category\/lehrgaenge\/\" rel=\"category tag\">Lehrg\u00e4nge<\/a><span class=\"fusion-inline-sep\">|<\/span><\/p><div class=\"fusion-content-sep sep-double sep-solid\" style=\"border-color:#e0dede;\"><\/div><div class=\"fusion-post-content-container\"><p>Am Vorabend der 11. UKD-Bunkai-Tage gab es diesmal an Stelle des sonst \u00fcblichen exklusiven Dojo-Trainings mit\u00a0 Iain eine Danpr\u00fcfung. Carsten Schmitt vom Karate Dojo SV05 G\u00f6ttschied (Idar-Oberstein) und Nicolas Hofele vom UKD Stuttgart stellten sich [...]<\/p><\/div><\/div><div class=\"fusion-meta-info\"><div class=\"fusion-alignleft\"><a class=\"fusion-read-more\" href=\"http:\/\/www.ukd-stuttgart.de\/wordpress\/11-stuttgarter-bunkai-sv-tage-mit-dan-pruefung\/\">Read More<\/a><\/div><\/div><\/div><div class=\"fusion-clearfix\"><\/div><\/div>\n<\/article>\n<article id=\"blog-1-post-13425\" class=\"fusion-post-grid post-13425 post type-post status-publish format-standard has-post-thumbnail hentry category-pruefungen\">\n<div class=\"fusion-post-wrapper\" style=\"background-color:rgba(255,255,255,0);border:1px solid #ebeaea;border-bottom-width:3px;\">\n\n\t\t\t<div class=\"fusion-flexslider flexslider fusion-flexslider-loading fusion-post-slideshow\" style=\"border-color:#ebeaea;\">\n\t\t<ul class=\"slides\">\n\t\t\t\n\t\t\t\t\t\t\t\t\t\t\t\t\t\t<li>\n\n<div  class=\"fusion-image-wrapper\" aria-haspopup=\"true\">\n\t\n\t\n\t\t\n\t\t\t\t\t<img width=\"2640\" height=\"1768\" src=\"http:\/\/www.ukd-stuttgart.de\/wordpress\/wp-content\/uploads\/2019\/07\/DSC_0438.jpg\" class=\"attachment-full size-full wp-post-image\" alt=\"\" loading=\"lazy\" srcset=\"http:\/\/www.ukd-stuttgart.de\/wordpress\/wp-content\/uploads\/2019\/07\/DSC_0438-200x134.jpg 200w, http:\/\/www.ukd-stuttgart.de\/wordpress\/wp-content\/uploads\/2019\/07\/DSC_0438-400x268.jpg 400w, http:\/\/www.ukd-stuttgart.de\/wordpress\/wp-content\/uploads\/2019\/07\/DSC_0438-600x402.jpg 600w, http:\/\/www.ukd-stuttgart.de\/wordpress\/wp-content\/uploads\/2019\/07\/DSC_0438-800x536.jpg 800w, http:\/\/www.ukd-stuttgart.de\/wordpress\/wp-content\/uploads\/2019\/07\/DSC_0438-1200x804.jpg 1200w, http:\/\/www.ukd-stuttgart.de\/wordpress\/wp-content\/uploads\/2019\/07\/DSC_0438.jpg 2640w\" sizes=\"(min-width: 2200px) 100vw, (min-width: 824px) 340px, (min-width: 732px) 510px, (min-width: 640px) 732px, \" \/>\n\t\n\n\t\t<div class=\"fusion-rollover\">\n\t<div class=\"fusion-rollover-content\">\n\n\t\t\t\t\t\t\t\t\t\t\t\t\t\t<a class=\"fusion-rollover-link\" href=\"http:\/\/www.ukd-stuttgart.de\/wordpress\/kyu-pruefung-22-05-2019\/\">Kyu-Pr\u00fcfung 22.05.2019<\/a>\n\t\t\t\n\t\t\t\t\t\t\t\t\t\t\t\t\t\t\n\t\t\t\t\t\t\t\t\n\t\t\t\t\t\t\t\t\t\t\t\t\t<div class=\"fusion-rollover-sep\"><\/div>\n\t\t\t\t\n\t\t\t\t\t\t\t\t\t\t\t\t\t\t\t\t\t\t<a class=\"fusion-rollover-gallery\" href=\"http:\/\/www.ukd-stuttgart.de\/wordpress\/wp-content\/uploads\/2019\/07\/DSC_0438.jpg\" data-id=\"13425\" data-rel=\"iLightbox[gallery]\" data-title=\"DSC_0438\" data-caption=\"\">\n\t\t\t\t\t\tGallery\t\t\t\t\t<\/a>\n\t\t\t\t\t\t\t\t\t\t\t\t\t\t\n\t\t\t\t\n\t\t\t\t\t\t\t\t\t\t\t\t<h4 class=\"fusion-rollover-title\">\n\t\t\t\t\t<a class=\"fusion-rollover-title-link\" href=\"http:\/\/www.ukd-stuttgart.de\/wordpress\/kyu-pruefung-22-05-2019\/\">\n\t\t\t\t\t\tKyu-Pr\u00fcfung 22.05.2019\t\t\t\t\t<\/a>\n\t\t\t\t<\/h4>\n\t\t\t\n\t\t\t\t\t\t\t\t\t\t\t\t\t\t<div class=\"fusion-rollover-categories\"><a href=\"http:\/\/www.ukd-stuttgart.de\/wordpress\/category\/pruefungen\/\" rel=\"tag\">Pr\u00fcfungen<\/a><\/div>\t\t\t\t\t\n\t\t\n\t\t\t\t<a class=\"fusion-link-wrapper\" href=\"http:\/\/www.ukd-stuttgart.de\/wordpress\/kyu-pruefung-22-05-2019\/\" aria-label=\"Kyu-Pr\u00fcfung 22.05.2019\"><\/a>\n\t<\/div>\n<\/div>\n\n\t\n<\/div>\n<\/li>\n\t\t\t\n\t\t\t\n\t\t\t\t\t\t\t\t\t\t\t\t\t\t\t\t\t\t\t\t\t\t\t\t\t\t\t\t\t\t\t\t\t\t\t\t\t\t\t\t\t\t\t\t\t\t\t\t\t\t\t\t\t\t\t\t\t\t\t\t\t\t\t\t\t\t\t\t<\/ul>\n\t<\/div>\n\t<div class=\"fusion-post-content-wrapper\" style=\"padding:30px 25px 20px 25px;\"><div class=\"fusion-post-content post-content\"><h2 class=\"blog-shortcode-post-title entry-title\"><a href=\"http:\/\/www.ukd-stuttgart.de\/wordpress\/kyu-pruefung-22-05-2019\/\">Kyu-Pr\u00fcfung 22.05.2019<\/a><\/h2><p class=\"fusion-single-line-meta\">By <span class=\"vcard\"><span class=\"fn\"><a href=\"http:\/\/www.ukd-stuttgart.de\/wordpress\/author\/admin\/\" title=\"Beitr\u00e4ge von admin\" rel=\"author\">admin<\/a><\/span><\/span><span class=\"fusion-inline-sep\">|<\/span><span class=\"updated\" style=\"display:none;\">2019-07-03T16:46:32+02:00<\/span><span>3. Juli 2019<\/span><span class=\"fusion-inline-sep\">|<\/span>Categories: <a href=\"http:\/\/www.ukd-stuttgart.de\/wordpress\/category\/pruefungen\/\" rel=\"category tag\">Pr\u00fcfungen<\/a><span class=\"fusion-inline-sep\">|<\/span><\/p><div class=\"fusion-content-sep sep-double sep-solid\" style=\"border-color:#e0dede;\"><\/div><div class=\"fusion-post-content-container\"><p>Am Mittwoch den 22.05.2019 fand unsere Kyu-Pr\u00fcfung statt. Alle Pr\u00fcflinge haben sich sehr gut vorbereitet und zeigten gute Leistungen. Herzlichen Gl\u00fcckwunsch zur bestandenen Pr\u00fcfung! Trainiert flei\u00dfig weiter. ?<\/p><\/div><\/div><div class=\"fusion-meta-info\"><div class=\"fusion-alignleft\"><a class=\"fusion-read-more\" href=\"http:\/\/www.ukd-stuttgart.de\/wordpress\/kyu-pruefung-22-05-2019\/\">Read More<\/a><\/div><\/div><\/div><div class=\"fusion-clearfix\"><\/div><\/div>\n<\/article>\n<article id=\"blog-1-post-13299\" class=\"fusion-post-grid post-13299 post type-post status-publish format-standard has-post-thumbnail hentry category-lehrgaenge\">\n<div class=\"fusion-post-wrapper\" style=\"background-color:rgba(255,255,255,0);border:1px solid #ebeaea;border-bottom-width:3px;\">\n\n\t\t\t<div class=\"fusion-flexslider flexslider fusion-flexslider-loading fusion-post-slideshow\" style=\"border-color:#ebeaea;\">\n\t\t<ul class=\"slides\">\n\t\t\t\n\t\t\t\t\t\t\t\t\t\t\t\t\t\t<li>\n\n<div  class=\"fusion-image-wrapper\" aria-haspopup=\"true\">\n\t\n\t\n\t\t\n\t\t\t\t\t<img width=\"2603\" height=\"2020\" src=\"http:\/\/www.ukd-stuttgart.de\/wordpress\/wp-content\/uploads\/2018\/07\/2018Bunkai.jpg\" class=\"attachment-full size-full wp-post-image\" alt=\"\" loading=\"lazy\" \/>\n\t\n\n\t\t<div class=\"fusion-rollover\">\n\t<div class=\"fusion-rollover-content\">\n\n\t\t\t\t\t\t\t\t\t\t\t\t\t\t<a class=\"fusion-rollover-link\" href=\"http:\/\/www.ukd-stuttgart.de\/wordpress\/10-stuttgarter-bunkai-sv-tage-mit-peter-consterdine-und-iain-abernethy\/\">10. Stuttgarter Bunkai-\/SV-Tage mit Peter Consterdine und Iain Abernethy<\/a>\n\t\t\t\n\t\t\t\t\t\t\t\t\t\t\t\t\t\t\n\t\t\t\t\t\t\t\t\n\t\t\t\t\t\t\t\t\t\t\t\t\t<div class=\"fusion-rollover-sep\"><\/div>\n\t\t\t\t\n\t\t\t\t\t\t\t\t\t\t\t\t\t\t\t\t\t\t<a class=\"fusion-rollover-gallery\" href=\"http:\/\/www.ukd-stuttgart.de\/wordpress\/wp-content\/uploads\/2018\/07\/2018Bunkai.jpg\" data-id=\"13299\" data-rel=\"iLightbox[gallery]\" data-title=\"2018Bunkai\" data-caption=\"\">\n\t\t\t\t\t\tGallery\t\t\t\t\t<\/a>\n\t\t\t\t\t\t\t\t\t\t\t\t\t\t\n\t\t\t\t\n\t\t\t\t\t\t\t\t\t\t\t\t<h4 class=\"fusion-rollover-title\">\n\t\t\t\t\t<a class=\"fusion-rollover-title-link\" href=\"http:\/\/www.ukd-stuttgart.de\/wordpress\/10-stuttgarter-bunkai-sv-tage-mit-peter-consterdine-und-iain-abernethy\/\">\n\t\t\t\t\t\t10. Stuttgarter Bunkai-\/SV-Tage mit Peter Consterdine und Iain Abernethy\t\t\t\t\t<\/a>\n\t\t\t\t<\/h4>\n\t\t\t\n\t\t\t\t\t\t\t\t\t\t\t\t\t\t<div class=\"fusion-rollover-categories\"><a href=\"http:\/\/www.ukd-stuttgart.de\/wordpress\/category\/lehrgaenge\/\" rel=\"tag\">Lehrg\u00e4nge<\/a><\/div>\t\t\t\t\t\n\t\t\n\t\t\t\t<a class=\"fusion-link-wrapper\" href=\"http:\/\/www.ukd-stuttgart.de\/wordpress\/10-stuttgarter-bunkai-sv-tage-mit-peter-consterdine-und-iain-abernethy\/\" aria-label=\"10. Stuttgarter Bunkai-\/SV-Tage mit Peter Consterdine und Iain Abernethy\"><\/a>\n\t<\/div>\n<\/div>\n\n\t\n<\/div>\n<\/li>\n\t\t\t\n\t\t\t\n\t\t\t\t\t\t\t\t\t\t\t\t\t\t\t\t\t\t\t\t\t\t\t\t\t\t\t\t\t\t\t\t\t\t\t\t\t\t\t\t\t\t\t\t\t\t\t\t\t\t\t\t\t\t\t\t\t\t\t\t\t\t\t\t\t\t\t\t<\/ul>\n\t<\/div>\n\t<div class=\"fusion-post-content-wrapper\" style=\"padding:30px 25px 20px 25px;\"><div class=\"fusion-post-content post-content\"><h2 class=\"blog-shortcode-post-title entry-title\"><a href=\"http:\/\/www.ukd-stuttgart.de\/wordpress\/10-stuttgarter-bunkai-sv-tage-mit-peter-consterdine-und-iain-abernethy\/\">10. Stuttgarter Bunkai-\/SV-Tage mit Peter Consterdine und Iain Abernethy<\/a><\/h2><p class=\"fusion-single-line-meta\">By <span class=\"vcard\"><span class=\"fn\"><a href=\"http:\/\/www.ukd-stuttgart.de\/wordpress\/author\/admin\/\" title=\"Beitr\u00e4ge von admin\" rel=\"author\">admin<\/a><\/span><\/span><span class=\"fusion-inline-sep\">|<\/span><span class=\"updated\" style=\"display:none;\">2018-07-21T10:26:08+02:00<\/span><span>21. Juli 2018<\/span><span class=\"fusion-inline-sep\">|<\/span>Categories: <a href=\"http:\/\/www.ukd-stuttgart.de\/wordpress\/category\/lehrgaenge\/\" rel=\"category tag\">Lehrg\u00e4nge<\/a><span class=\"fusion-inline-sep\">|<\/span><\/p><div class=\"fusion-content-sep sep-double sep-solid\" style=\"border-color:#e0dede;\"><\/div><div class=\"fusion-post-content-container\"><p>Bereits zum zehnten Mal fand am Wochenende 16.\/17.06.2018 der UKD-Bunkai Lehrgang statt. Zum zweiten Mal mit Peter Consterdine. Auch dieses Jahr war der Lehrgang wieder schnell ausgebucht und zahlreiche G\u00e4ste - auch International - vertreten. [...]<\/p><\/div><\/div><div class=\"fusion-meta-info\"><div class=\"fusion-alignleft\"><a class=\"fusion-read-more\" href=\"http:\/\/www.ukd-stuttgart.de\/wordpress\/10-stuttgarter-bunkai-sv-tage-mit-peter-consterdine-und-iain-abernethy\/\">Read More<\/a><\/div><\/div><\/div><div class=\"fusion-clearfix\"><\/div><\/div>\n<\/article>\n<article id=\"blog-1-post-13290\" class=\"fusion-post-grid post-13290 post type-post status-publish format-standard has-post-thumbnail hentry category-lehrgaenge\">\n<div class=\"fusion-post-wrapper\" style=\"background-color:rgba(255,255,255,0);border:1px solid #ebeaea;border-bottom-width:3px;\">\n\n\t\t\t<div class=\"fusion-flexslider flexslider fusion-flexslider-loading fusion-post-slideshow\" style=\"border-color:#ebeaea;\">\n\t\t<ul class=\"slides\">\n\t\t\t\n\t\t\t\t\t\t\t\t\t\t\t\t\t\t<li>\n\n<div  class=\"fusion-image-wrapper\" aria-haspopup=\"true\">\n\t\n\t\n\t\t\n\t\t\t\t\t<img width=\"1156\" height=\"575\" src=\"http:\/\/www.ukd-stuttgart.de\/wordpress\/wp-content\/uploads\/2018\/06\/Kata_2018.jpg\" class=\"attachment-full size-full wp-post-image\" alt=\"\" loading=\"lazy\" \/>\n\t\n\n\t\t<div class=\"fusion-rollover\">\n\t<div class=\"fusion-rollover-content\">\n\n\t\t\t\t\t\t\t\t\t\t\t\t\t\t<a class=\"fusion-rollover-link\" href=\"http:\/\/www.ukd-stuttgart.de\/wordpress\/12-stuttgarter-kata-tag-mit-schahrzad-mansouri-und-sigi-hartl\/\">12. Stuttgarter Kata-Tag mit Schahrzad Mansouri und Sigi Hartl<\/a>\n\t\t\t\n\t\t\t\t\t\t\t\t\t\t\t\t\t\t\n\t\t\t\t\t\t\t\t\n\t\t\t\t\t\t\t\t\t\t\t\t\t<div class=\"fusion-rollover-sep\"><\/div>\n\t\t\t\t\n\t\t\t\t\t\t\t\t\t\t\t\t\t\t\t\t\t\t<a class=\"fusion-rollover-gallery\" href=\"http:\/\/www.ukd-stuttgart.de\/wordpress\/wp-content\/uploads\/2018\/06\/Kata_2018.jpg\" data-id=\"13290\" data-rel=\"iLightbox[gallery]\" data-title=\"Kata_2018\" data-caption=\"\">\n\t\t\t\t\t\tGallery\t\t\t\t\t<\/a>\n\t\t\t\t\t\t\t\t\t\t\t\t\t\t\n\t\t\t\t\n\t\t\t\t\t\t\t\t\t\t\t\t<h4 class=\"fusion-rollover-title\">\n\t\t\t\t\t<a class=\"fusion-rollover-title-link\" href=\"http:\/\/www.ukd-stuttgart.de\/wordpress\/12-stuttgarter-kata-tag-mit-schahrzad-mansouri-und-sigi-hartl\/\">\n\t\t\t\t\t\t12. Stuttgarter Kata-Tag mit Schahrzad Mansouri und Sigi Hartl\t\t\t\t\t<\/a>\n\t\t\t\t<\/h4>\n\t\t\t\n\t\t\t\t\t\t\t\t\t\t\t\t\t\t<div class=\"fusion-rollover-categories\"><a href=\"http:\/\/www.ukd-stuttgart.de\/wordpress\/category\/lehrgaenge\/\" rel=\"tag\">Lehrg\u00e4nge<\/a><\/div>\t\t\t\t\t\n\t\t\n\t\t\t\t<a class=\"fusion-link-wrapper\" href=\"http:\/\/www.ukd-stuttgart.de\/wordpress\/12-stuttgarter-kata-tag-mit-schahrzad-mansouri-und-sigi-hartl\/\" aria-label=\"12. Stuttgarter Kata-Tag mit Schahrzad Mansouri und Sigi Hartl\"><\/a>\n\t<\/div>\n<\/div>\n\n\t\n<\/div>\n<\/li>\n\t\t\t\n\t\t\t\n\t\t\t\t\t\t\t\t\t\t\t\t\t\t\t\t\t\t\t\t\t\t\t\t\t\t\t\t\t\t\t\t\t\t\t\t\t\t\t\t\t\t\t\t\t\t\t\t\t\t\t\t\t\t\t\t\t\t\t\t\t\t\t\t\t\t\t\t<\/ul>\n\t<\/div>\n\t<div class=\"fusion-post-content-wrapper\" style=\"padding:30px 25px 20px 25px;\"><div class=\"fusion-post-content post-content\"><h2 class=\"blog-shortcode-post-title entry-title\"><a href=\"http:\/\/www.ukd-stuttgart.de\/wordpress\/12-stuttgarter-kata-tag-mit-schahrzad-mansouri-und-sigi-hartl\/\">12. Stuttgarter Kata-Tag mit Schahrzad Mansouri und Sigi Hartl<\/a><\/h2><p class=\"fusion-single-line-meta\">By <span class=\"vcard\"><span class=\"fn\"><a href=\"http:\/\/www.ukd-stuttgart.de\/wordpress\/author\/admin\/\" title=\"Beitr\u00e4ge von admin\" rel=\"author\">admin<\/a><\/span><\/span><span class=\"fusion-inline-sep\">|<\/span><span class=\"updated\" style=\"display:none;\">2018-06-29T10:32:43+02:00<\/span><span>29. Juni 2018<\/span><span class=\"fusion-inline-sep\">|<\/span>Categories: <a href=\"http:\/\/www.ukd-stuttgart.de\/wordpress\/category\/lehrgaenge\/\" rel=\"category tag\">Lehrg\u00e4nge<\/a><span class=\"fusion-inline-sep\">|<\/span><\/p><div class=\"fusion-content-sep sep-double sep-solid\" style=\"border-color:#e0dede;\"><\/div><div class=\"fusion-post-content-container\"><p>Beim diesj\u00e4hrigen Stuttgarter Kata-Tag waren das erste Mal in der UKD Geschichte Schahrzad Mansouri und Sigi Hartl bei uns zu Gast in Stuttgart. Nach dem gemeinsamen Aufw\u00e4rmen ging es dann f\u00fcr beide Gruppen richtig los. [...]<\/p><\/div><\/div><div class=\"fusion-meta-info\"><div class=\"fusion-alignleft\"><a class=\"fusion-read-more\" href=\"http:\/\/www.ukd-stuttgart.de\/wordpress\/12-stuttgarter-kata-tag-mit-schahrzad-mansouri-und-sigi-hartl\/\">Read More<\/a><\/div><\/div><\/div><div class=\"fusion-clearfix\"><\/div><\/div>\n<\/article>\n<article id=\"blog-1-post-13262\" class=\"fusion-post-grid post-13262 post type-post status-publish format-standard has-post-thumbnail hentry category-pruefungen\">\n<div class=\"fusion-post-wrapper\" style=\"background-color:rgba(255,255,255,0);border:1px solid #ebeaea;border-bottom-width:3px;\">\n\n\t\t\t<div class=\"fusion-flexslider flexslider fusion-flexslider-loading fusion-post-slideshow\" style=\"border-color:#ebeaea;\">\n\t\t<ul class=\"slides\">\n\t\t\t\n\t\t\t\t\t\t\t\t\t\t\t\t\t\t<li>\n\n<div  class=\"fusion-image-wrapper\" aria-haspopup=\"true\">\n\t\n\t\n\t\t\n\t\t\t\t\t<img width=\"2970\" height=\"2160\" src=\"http:\/\/www.ukd-stuttgart.de\/wordpress\/wp-content\/uploads\/2018\/02\/20180206_112417.jpg\" class=\"attachment-full size-full wp-post-image\" alt=\"\" loading=\"lazy\" \/>\n\t\n\n\t\t<div class=\"fusion-rollover\">\n\t<div class=\"fusion-rollover-content\">\n\n\t\t\t\t\t\t\t\t\t\t\t\t\t\t<a class=\"fusion-rollover-link\" href=\"http:\/\/www.ukd-stuttgart.de\/wordpress\/kyu-pruefung-anfaengerkurs-05-02-2018\/\">Kyu-Pr\u00fcfung Anf\u00e4ngerkurs 05.02.2018<\/a>\n\t\t\t\n\t\t\t\t\t\t\t\t\t\t\t\t\t\t\n\t\t\t\t\t\t\t\t\n\t\t\t\t\t\t\t\t\t\t\t\t\t<div class=\"fusion-rollover-sep\"><\/div>\n\t\t\t\t\n\t\t\t\t\t\t\t\t\t\t\t\t\t\t\t\t\t\t<a class=\"fusion-rollover-gallery\" href=\"http:\/\/www.ukd-stuttgart.de\/wordpress\/wp-content\/uploads\/2018\/02\/20180206_112417.jpg\" data-id=\"13262\" data-rel=\"iLightbox[gallery]\" data-title=\"_20180206_112417\" data-caption=\"\">\n\t\t\t\t\t\tGallery\t\t\t\t\t<\/a>\n\t\t\t\t\t\t\t\t\t\t\t\t\t\t\n\t\t\t\t\n\t\t\t\t\t\t\t\t\t\t\t\t<h4 class=\"fusion-rollover-title\">\n\t\t\t\t\t<a class=\"fusion-rollover-title-link\" href=\"http:\/\/www.ukd-stuttgart.de\/wordpress\/kyu-pruefung-anfaengerkurs-05-02-2018\/\">\n\t\t\t\t\t\tKyu-Pr\u00fcfung Anf\u00e4ngerkurs 05.02.2018\t\t\t\t\t<\/a>\n\t\t\t\t<\/h4>\n\t\t\t\n\t\t\t\t\t\t\t\t\t\t\t\t\t\t<div class=\"fusion-rollover-categories\"><a href=\"http:\/\/www.ukd-stuttgart.de\/wordpress\/category\/pruefungen\/\" rel=\"tag\">Pr\u00fcfungen<\/a><\/div>\t\t\t\t\t\n\t\t\n\t\t\t\t<a class=\"fusion-link-wrapper\" href=\"http:\/\/www.ukd-stuttgart.de\/wordpress\/kyu-pruefung-anfaengerkurs-05-02-2018\/\" aria-label=\"Kyu-Pr\u00fcfung Anf\u00e4ngerkurs 05.02.2018\"><\/a>\n\t<\/div>\n<\/div>\n\n\t\n<\/div>\n<\/li>\n\t\t\t\n\t\t\t\n\t\t\t\t\t\t\t\t\t\t\t\t\t\t\t\t\t\t\t\t\t\t\t\t\t\t\t\t\t\t\t\t\t\t\t\t\t\t\t\t\t\t\t\t\t\t\t\t\t\t\t\t\t\t\t\t\t\t\t\t\t\t\t\t\t\t\t\t<\/ul>\n\t<\/div>\n\t<div class=\"fusion-post-content-wrapper\" style=\"padding:30px 25px 20px 25px;\"><div class=\"fusion-post-content post-content\"><h2 class=\"blog-shortcode-post-title entry-title\"><a href=\"http:\/\/www.ukd-stuttgart.de\/wordpress\/kyu-pruefung-anfaengerkurs-05-02-2018\/\">Kyu-Pr\u00fcfung Anf\u00e4ngerkurs 05.02.2018<\/a><\/h2><p class=\"fusion-single-line-meta\">By <span class=\"vcard\"><span class=\"fn\"><a href=\"http:\/\/www.ukd-stuttgart.de\/wordpress\/author\/admin\/\" title=\"Beitr\u00e4ge von admin\" rel=\"author\">admin<\/a><\/span><\/span><span class=\"fusion-inline-sep\">|<\/span><span class=\"updated\" style=\"display:none;\">2018-02-06T11:31:37+01:00<\/span><span>6. Februar 2018<\/span><span class=\"fusion-inline-sep\">|<\/span>Categories: <a href=\"http:\/\/www.ukd-stuttgart.de\/wordpress\/category\/pruefungen\/\" rel=\"category tag\">Pr\u00fcfungen<\/a><span class=\"fusion-inline-sep\">|<\/span><\/p><div class=\"fusion-content-sep sep-double sep-solid\" style=\"border-color:#e0dede;\"><\/div><div class=\"fusion-post-content-container\"><p>Am Montag den 05.02.2018 fand unsere Kyu-Pr\u00fcfung statt. Alle Pr\u00fcflinge haben sich sehr gut vorbereitet und zeigten gute Leistungen. Herzlichen Gl\u00fcckwunsch zur bestandenen Pr\u00fcfung! Trainiert flei\u00dfig weiter. ?<\/p><\/div><\/div><div class=\"fusion-meta-info\"><div class=\"fusion-alignleft\"><a class=\"fusion-read-more\" href=\"http:\/\/www.ukd-stuttgart.de\/wordpress\/kyu-pruefung-anfaengerkurs-05-02-2018\/\">Read More<\/a><\/div><\/div><\/div><div class=\"fusion-clearfix\"><\/div><\/div>\n<\/article>\n<article id=\"blog-1-post-13249\" class=\"fusion-post-grid post-13249 post type-post status-publish format-standard has-post-thumbnail hentry category-lehrgaenge\">\n<div class=\"fusion-post-wrapper\" style=\"background-color:rgba(255,255,255,0);border:1px solid #ebeaea;border-bottom-width:3px;\">\n\n\t\t\t<div class=\"fusion-flexslider flexslider fusion-flexslider-loading fusion-post-slideshow\" style=\"border-color:#ebeaea;\">\n\t\t<ul class=\"slides\">\n\t\t\t\n\t\t\t\t\t\t\t\t\t\t\t\t\t\t<li>\n\n<div  class=\"fusion-image-wrapper\" aria-haspopup=\"true\">\n\t\n\t\n\t\t\n\t\t\t\t\t<img src=\"http:\/\/www.ukd-stuttgart.de\/wordpress\/wp-content\/uploads\/2017\/11\/DSCN0874.jpg\" class=\"attachment-full size-full wp-post-image\" alt=\"\" loading=\"lazy\" \/>\n\t\n\n\t\t<div class=\"fusion-rollover\">\n\t<div class=\"fusion-rollover-content\">\n\n\t\t\t\t\t\t\t\t\t\t\t\t\t\t<a class=\"fusion-rollover-link\" href=\"http:\/\/www.ukd-stuttgart.de\/wordpress\/6-stuttgarter-kumite-tag-25-11-2017\/\">6. Stuttgarter Kumite Tag<\/a>\n\t\t\t\n\t\t\t\t\t\t\t\t\t\t\t\t\t\t\n\t\t\t\t\t\t\t\t\n\t\t\t\t\t\t\t\t\t\t\t\t\t<div class=\"fusion-rollover-sep\"><\/div>\n\t\t\t\t\n\t\t\t\t\t\t\t\t\t\t\t\t\t\t\t\t\t\t<a class=\"fusion-rollover-gallery\" href=\"http:\/\/www.ukd-stuttgart.de\/wordpress\/wp-content\/uploads\/2017\/11\/DSCN0874.jpg\" data-id=\"13249\" data-rel=\"iLightbox[gallery]\" data-title=\"DSCN0874\" data-caption=\"\">\n\t\t\t\t\t\tGallery\t\t\t\t\t<\/a>\n\t\t\t\t\t\t\t\t\t\t\t\t\t\t\n\t\t\t\t\n\t\t\t\t\t\t\t\t\t\t\t\t<h4 class=\"fusion-rollover-title\">\n\t\t\t\t\t<a class=\"fusion-rollover-title-link\" href=\"http:\/\/www.ukd-stuttgart.de\/wordpress\/6-stuttgarter-kumite-tag-25-11-2017\/\">\n\t\t\t\t\t\t6. Stuttgarter Kumite Tag\t\t\t\t\t<\/a>\n\t\t\t\t<\/h4>\n\t\t\t\n\t\t\t\t\t\t\t\t\t\t\t\t\t\t<div class=\"fusion-rollover-categories\"><a href=\"http:\/\/www.ukd-stuttgart.de\/wordpress\/category\/lehrgaenge\/\" rel=\"tag\">Lehrg\u00e4nge<\/a><\/div>\t\t\t\t\t\n\t\t\n\t\t\t\t<a class=\"fusion-link-wrapper\" href=\"http:\/\/www.ukd-stuttgart.de\/wordpress\/6-stuttgarter-kumite-tag-25-11-2017\/\" aria-label=\"6. Stuttgarter Kumite Tag\"><\/a>\n\t<\/div>\n<\/div>\n\n\t\n<\/div>\n<\/li>\n\t\t\t\n\t\t\t\n\t\t\t\t\t\t\t\t\t\t\t\t\t\t\t\t\t\t\t\t\t\t\t\t\t\t\t\t\t\t\t\t\t\t\t\t\t\t\t\t\t\t\t\t\t\t\t\t\t\t\t\t\t\t\t\t\t\t\t\t\t\t\t\t\t\t\t\t<\/ul>\n\t<\/div>\n\t<div class=\"fusion-post-content-wrapper\" style=\"padding:30px 25px 20px 25px;\"><div class=\"fusion-post-content post-content\"><h2 class=\"blog-shortcode-post-title entry-title\"><a href=\"http:\/\/www.ukd-stuttgart.de\/wordpress\/6-stuttgarter-kumite-tag-25-11-2017\/\">6. Stuttgarter Kumite Tag<\/a><\/h2><p class=\"fusion-single-line-meta\">By <span class=\"vcard\"><span class=\"fn\"><a href=\"http:\/\/www.ukd-stuttgart.de\/wordpress\/author\/admin\/\" title=\"Beitr\u00e4ge von admin\" rel=\"author\">admin<\/a><\/span><\/span><span class=\"fusion-inline-sep\">|<\/span><span class=\"updated\" style=\"display:none;\">2017-11-29T18:45:29+01:00<\/span><span>29. November 2017<\/span><span class=\"fusion-inline-sep\">|<\/span>Categories: <a href=\"http:\/\/www.ukd-stuttgart.de\/wordpress\/category\/lehrgaenge\/\" rel=\"category tag\">Lehrg\u00e4nge<\/a><span class=\"fusion-inline-sep\">|<\/span><\/p><div class=\"fusion-content-sep sep-double sep-solid\" style=\"border-color:#e0dede;\"><\/div><div class=\"fusion-post-content-container\"><p>Am Samstag trafen sich etwa 50 Karate Begeisterte in Stuttgart zum 6. Stuttgarter Kumite Tag. Zu Gast waren die Trainer Roman Kalbacher, Dietmar Wagner und Ian Afful, also 6. Dan hoch 3 \ud83d\ude42 In entspannter [...]<\/p><\/div><\/div><div class=\"fusion-meta-info\"><div class=\"fusion-alignleft\"><a class=\"fusion-read-more\" href=\"http:\/\/www.ukd-stuttgart.de\/wordpress\/6-stuttgarter-kumite-tag-25-11-2017\/\">Read More<\/a><\/div><\/div><\/div><div class=\"fusion-clearfix\"><\/div><\/div>\n<\/article>\n<article id=\"blog-1-post-13201\" class=\"fusion-post-grid post-13201 post type-post status-publish format-standard has-post-thumbnail hentry category-pruefungen\">\n<div class=\"fusion-post-wrapper\" style=\"background-color:rgba(255,255,255,0);border:1px solid #ebeaea;border-bottom-width:3px;\">\n\n\t\t\t<div class=\"fusion-flexslider flexslider fusion-flexslider-loading fusion-post-slideshow\" style=\"border-color:#ebeaea;\">\n\t\t<ul class=\"slides\">\n\t\t\t\n\t\t\t\t\t\t\t\t\t\t\t\t\t\t<li>\n\n<div  class=\"fusion-image-wrapper\" aria-haspopup=\"true\">\n\t\n\t\n\t\t\n\t\t\t\t\t<img width=\"3497\" height=\"2041\" src=\"http:\/\/www.ukd-stuttgart.de\/wordpress\/wp-content\/uploads\/2017\/07\/Kyu_PRuefung_240717.jpg\" class=\"attachment-full size-full wp-post-image\" alt=\"\" loading=\"lazy\" \/>\n\t\n\n\t\t<div class=\"fusion-rollover\">\n\t<div class=\"fusion-rollover-content\">\n\n\t\t\t\t\t\t\t\t\t\t\t\t\t\t<a class=\"fusion-rollover-link\" href=\"http:\/\/www.ukd-stuttgart.de\/wordpress\/kyu-pruefung-am-24-07-2017\/\">Kyu-Pr\u00fcfung am 24.07.2017<\/a>\n\t\t\t\n\t\t\t\t\t\t\t\t\t\t\t\t\t\t\n\t\t\t\t\t\t\t\t\n\t\t\t\t\t\t\t\t\t\t\t\t\t<div class=\"fusion-rollover-sep\"><\/div>\n\t\t\t\t\n\t\t\t\t\t\t\t\t\t\t\t\t\t\t\t\t\t\t<a class=\"fusion-rollover-gallery\" href=\"http:\/\/www.ukd-stuttgart.de\/wordpress\/wp-content\/uploads\/2017\/07\/Kyu_PRuefung_240717.jpg\" data-id=\"13201\" data-rel=\"iLightbox[gallery]\" data-title=\"Kyu_PRuefung_240717\" data-caption=\"\">\n\t\t\t\t\t\tGallery\t\t\t\t\t<\/a>\n\t\t\t\t\t\t\t\t\t\t\t\t\t\t\n\t\t\t\t\n\t\t\t\t\t\t\t\t\t\t\t\t<h4 class=\"fusion-rollover-title\">\n\t\t\t\t\t<a class=\"fusion-rollover-title-link\" href=\"http:\/\/www.ukd-stuttgart.de\/wordpress\/kyu-pruefung-am-24-07-2017\/\">\n\t\t\t\t\t\tKyu-Pr\u00fcfung am 24.07.2017\t\t\t\t\t<\/a>\n\t\t\t\t<\/h4>\n\t\t\t\n\t\t\t\t\t\t\t\t\t\t\t\t\t\t<div class=\"fusion-rollover-categories\"><a href=\"http:\/\/www.ukd-stuttgart.de\/wordpress\/category\/pruefungen\/\" rel=\"tag\">Pr\u00fcfungen<\/a><\/div>\t\t\t\t\t\n\t\t\n\t\t\t\t<a class=\"fusion-link-wrapper\" href=\"http:\/\/www.ukd-stuttgart.de\/wordpress\/kyu-pruefung-am-24-07-2017\/\" aria-label=\"Kyu-Pr\u00fcfung am 24.07.2017\"><\/a>\n\t<\/div>\n<\/div>\n\n\t\n<\/div>\n<\/li>\n\t\t\t\n\t\t\t\n\t\t\t\t\t\t\t\t\t\t\t\t\t\t\t\t\t\t\t\t\t\t\t\t\t\t\t\t\t\t\t\t\t\t\t\t\t\t\t\t\t\t\t\t\t\t\t\t\t\t\t\t\t\t\t\t\t\t\t\t\t\t\t\t\t\t\t\t<\/ul>\n\t<\/div>\n\t<div class=\"fusion-post-content-wrapper\" style=\"padding:30px 25px 20px 25px;\"><div class=\"fusion-post-content post-content\"><h2 class=\"blog-shortcode-post-title entry-title\"><a href=\"http:\/\/www.ukd-stuttgart.de\/wordpress\/kyu-pruefung-am-24-07-2017\/\">Kyu-Pr\u00fcfung am 24.07.2017<\/a><\/h2><p class=\"fusion-single-line-meta\">By <span class=\"vcard\"><span class=\"fn\"><a href=\"http:\/\/www.ukd-stuttgart.de\/wordpress\/author\/admin\/\" title=\"Beitr\u00e4ge von admin\" rel=\"author\">admin<\/a><\/span><\/span><span class=\"fusion-inline-sep\">|<\/span><span class=\"updated\" style=\"display:none;\">2017-07-26T11:31:15+02:00<\/span><span>26. Juli 2017<\/span><span class=\"fusion-inline-sep\">|<\/span>Categories: <a href=\"http:\/\/www.ukd-stuttgart.de\/wordpress\/category\/pruefungen\/\" rel=\"category tag\">Pr\u00fcfungen<\/a><span class=\"fusion-inline-sep\">|<\/span><\/p><div class=\"fusion-content-sep sep-double sep-solid\" style=\"border-color:#e0dede;\"><\/div><div class=\"fusion-post-content-container\"><p>Am Montag den 24.07.2017 fand unsere Kyu-Pr\u00fcfung statt. Alle Pr\u00fcflinge haben sich sehr gut vorbereitet und zeigten gute Leistungen. Herzlichen Gl\u00fcckwunsch zur bestandenen Pr\u00fcfung! Macht weiter so ?<\/p><\/div><\/div><div class=\"fusion-meta-info\"><div class=\"fusion-alignleft\"><a class=\"fusion-read-more\" href=\"http:\/\/www.ukd-stuttgart.de\/wordpress\/kyu-pruefung-am-24-07-2017\/\">Read More<\/a><\/div><\/div><\/div><div class=\"fusion-clearfix\"><\/div><\/div>\n<\/article>\n<article id=\"blog-1-post-13199\" class=\"fusion-post-grid post-13199 post type-post status-publish format-standard has-post-thumbnail hentry category-lehrgaenge\">\n<div class=\"fusion-post-wrapper\" style=\"background-color:rgba(255,255,255,0);border:1px solid #ebeaea;border-bottom-width:3px;\">\n\n\t\t\t<div class=\"fusion-flexslider flexslider fusion-flexslider-loading fusion-post-slideshow\" style=\"border-color:#ebeaea;\">\n\t\t<ul class=\"slides\">\n\t\t\t\n\t\t\t\t\t\t\t\t\t\t\t\t\t\t<li>\n\n<div  class=\"fusion-image-wrapper\" aria-haspopup=\"true\">\n\t\n\t\n\t\t\n\t\t\t\t\t<img width=\"720\" height=\"261\" src=\"http:\/\/www.ukd-stuttgart.de\/wordpress\/wp-content\/uploads\/2017\/07\/1511977482644.jpg\" class=\"attachment-full size-full wp-post-image\" alt=\"\" loading=\"lazy\" \/>\n\t\n\n\t\t<div class=\"fusion-rollover\">\n\t<div class=\"fusion-rollover-content\">\n\n\t\t\t\t\t\t\t\t\t\t\t\t\t\t<a class=\"fusion-rollover-link\" href=\"http:\/\/www.ukd-stuttgart.de\/wordpress\/9-bunkai-und-sv-tage-mit-iain-abernethy\/\">9. Bunkai und SV-Tage mit Iain Abernethy<\/a>\n\t\t\t\n\t\t\t\t\t\t\t\t\t\t\t\t\t\t\n\t\t\t\t\t\t\t\t\n\t\t\t\t\t\t\t\t\t\t\t\t\t<div class=\"fusion-rollover-sep\"><\/div>\n\t\t\t\t\n\t\t\t\t\t\t\t\t\t\t\t\t\t\t\t\t\t\t<a class=\"fusion-rollover-gallery\" href=\"http:\/\/www.ukd-stuttgart.de\/wordpress\/wp-content\/uploads\/2017\/07\/1511977482644.jpg\" data-id=\"13199\" data-rel=\"iLightbox[gallery]\" data-title=\"1511977482644\" data-caption=\"\">\n\t\t\t\t\t\tGallery\t\t\t\t\t<\/a>\n\t\t\t\t\t\t\t\t\t\t\t\t\t\t\n\t\t\t\t\n\t\t\t\t\t\t\t\t\t\t\t\t<h4 class=\"fusion-rollover-title\">\n\t\t\t\t\t<a class=\"fusion-rollover-title-link\" href=\"http:\/\/www.ukd-stuttgart.de\/wordpress\/9-bunkai-und-sv-tage-mit-iain-abernethy\/\">\n\t\t\t\t\t\t9. Bunkai und SV-Tage mit Iain Abernethy\t\t\t\t\t<\/a>\n\t\t\t\t<\/h4>\n\t\t\t\n\t\t\t\t\t\t\t\t\t\t\t\t\t\t<div class=\"fusion-rollover-categories\"><a href=\"http:\/\/www.ukd-stuttgart.de\/wordpress\/category\/lehrgaenge\/\" rel=\"tag\">Lehrg\u00e4nge<\/a><\/div>\t\t\t\t\t\n\t\t\n\t\t\t\t<a class=\"fusion-link-wrapper\" href=\"http:\/\/www.ukd-stuttgart.de\/wordpress\/9-bunkai-und-sv-tage-mit-iain-abernethy\/\" aria-label=\"9. Bunkai und SV-Tage mit Iain Abernethy\"><\/a>\n\t<\/div>\n<\/div>\n\n\t\n<\/div>\n<\/li>\n\t\t\t\n\t\t\t\n\t\t\t\t\t\t\t\t\t\t\t\t\t\t\t\t\t\t\t\t\t\t\t\t\t\t\t\t\t\t\t\t\t\t\t\t\t\t\t\t\t\t\t\t\t\t\t\t\t\t\t\t\t\t\t\t\t\t\t\t\t\t\t\t\t\t\t\t<\/ul>\n\t<\/div>\n\t<div class=\"fusion-post-content-wrapper\" style=\"padding:30px 25px 20px 25px;\"><div class=\"fusion-post-content post-content\"><h2 class=\"blog-shortcode-post-title entry-title\"><a href=\"http:\/\/www.ukd-stuttgart.de\/wordpress\/9-bunkai-und-sv-tage-mit-iain-abernethy\/\">9. Bunkai und SV-Tage mit Iain Abernethy<\/a><\/h2><p class=\"fusion-single-line-meta\">By <span class=\"vcard\"><span class=\"fn\"><a href=\"http:\/\/www.ukd-stuttgart.de\/wordpress\/author\/admin\/\" title=\"Beitr\u00e4ge von admin\" rel=\"author\">admin<\/a><\/span><\/span><span class=\"fusion-inline-sep\">|<\/span><span class=\"updated\" style=\"display:none;\">2017-11-29T18:47:42+01:00<\/span><span>26. Juli 2017<\/span><span class=\"fusion-inline-sep\">|<\/span>Categories: <a href=\"http:\/\/www.ukd-stuttgart.de\/wordpress\/category\/lehrgaenge\/\" rel=\"category tag\">Lehrg\u00e4nge<\/a><span class=\"fusion-inline-sep\">|<\/span><\/p><div class=\"fusion-content-sep sep-double sep-solid\" style=\"border-color:#e0dede;\"><\/div><div class=\"fusion-post-content-container\"><p>Mit der Hilfe einiger engagierter Mitglieder konnten wir auch in diesem Jahr wieder einen interessanten Lehrgang mit Iain Abernethy ausrichten. Diesmal ging es dabei um Techniken der Katas Naihanchi und Tekki. Basierend auf den beiden [...]<\/p><\/div><\/div><div class=\"fusion-meta-info\"><div class=\"fusion-alignleft\"><a class=\"fusion-read-more\" href=\"http:\/\/www.ukd-stuttgart.de\/wordpress\/9-bunkai-und-sv-tage-mit-iain-abernethy\/\">Read More<\/a><\/div><\/div><\/div><div class=\"fusion-clearfix\"><\/div><\/div>\n<\/article>\n<article id=\"blog-1-post-13166\" class=\"fusion-post-grid post-13166 post type-post status-publish format-standard has-post-thumbnail hentry category-lehrgaenge\">\n<div class=\"fusion-post-wrapper\" style=\"background-color:rgba(255,255,255,0);border:1px solid #ebeaea;border-bottom-width:3px;\">\n\n\t\t\t<div class=\"fusion-flexslider flexslider fusion-flexslider-loading fusion-post-slideshow\" style=\"border-color:#ebeaea;\">\n\t\t<ul class=\"slides\">\n\t\t\t\n\t\t\t\t\t\t\t\t\t\t\t\t\t\t<li>\n\n<div  class=\"fusion-image-wrapper\" aria-haspopup=\"true\">\n\t\n\t\n\t\t\n\t\t\t\t\t<img width=\"4196\" height=\"1185\" src=\"http:\/\/www.ukd-stuttgart.de\/wordpress\/wp-content\/uploads\/2017\/05\/DSC_7738.jpg\" class=\"attachment-full size-full wp-post-image\" alt=\"\" loading=\"lazy\" \/>\n\t\n\n\t\t<div class=\"fusion-rollover\">\n\t<div class=\"fusion-rollover-content\">\n\n\t\t\t\t\t\t\t\t\t\t\t\t\t\t<a class=\"fusion-rollover-link\" href=\"http:\/\/www.ukd-stuttgart.de\/wordpress\/11-stuttgarter-kata-tag\/\">11. Stuttgarter Kata-Tag<\/a>\n\t\t\t\n\t\t\t\t\t\t\t\t\t\t\t\t\t\t\n\t\t\t\t\t\t\t\t\n\t\t\t\t\t\t\t\t\t\t\t\t\t<div class=\"fusion-rollover-sep\"><\/div>\n\t\t\t\t\n\t\t\t\t\t\t\t\t\t\t\t\t\t\t\t\t\t\t<a class=\"fusion-rollover-gallery\" href=\"http:\/\/www.ukd-stuttgart.de\/wordpress\/wp-content\/uploads\/2017\/05\/DSC_7738.jpg\" data-id=\"13166\" data-rel=\"iLightbox[gallery]\" data-title=\"DSC_7738\" data-caption=\"????????????????????????????????????\">\n\t\t\t\t\t\tGallery\t\t\t\t\t<\/a>\n\t\t\t\t\t\t\t\t\t\t\t\t\t\t\n\t\t\t\t\n\t\t\t\t\t\t\t\t\t\t\t\t<h4 class=\"fusion-rollover-title\">\n\t\t\t\t\t<a class=\"fusion-rollover-title-link\" href=\"http:\/\/www.ukd-stuttgart.de\/wordpress\/11-stuttgarter-kata-tag\/\">\n\t\t\t\t\t\t11. Stuttgarter Kata-Tag\t\t\t\t\t<\/a>\n\t\t\t\t<\/h4>\n\t\t\t\n\t\t\t\t\t\t\t\t\t\t\t\t\t\t<div class=\"fusion-rollover-categories\"><a href=\"http:\/\/www.ukd-stuttgart.de\/wordpress\/category\/lehrgaenge\/\" rel=\"tag\">Lehrg\u00e4nge<\/a><\/div>\t\t\t\t\t\n\t\t\n\t\t\t\t<a class=\"fusion-link-wrapper\" href=\"http:\/\/www.ukd-stuttgart.de\/wordpress\/11-stuttgarter-kata-tag\/\" aria-label=\"11. Stuttgarter Kata-Tag\"><\/a>\n\t<\/div>\n<\/div>\n\n\t\n<\/div>\n<\/li>\n\t\t\t\n\t\t\t\n\t\t\t\t\t\t\t\t\t\t\t\t\t\t\t\t\t\t\t\t\t\t\t\t\t\t\t\t\t\t\t\t\t\t\t\t\t\t\t\t\t\t\t\t\t\t\t\t\t\t\t\t\t\t\t\t\t\t\t\t\t\t\t\t\t\t\t\t<\/ul>\n\t<\/div>\n\t<div class=\"fusion-post-content-wrapper\" style=\"padding:30px 25px 20px 25px;\"><div class=\"fusion-post-content post-content\"><h2 class=\"blog-shortcode-post-title entry-title\"><a href=\"http:\/\/www.ukd-stuttgart.de\/wordpress\/11-stuttgarter-kata-tag\/\">11. Stuttgarter Kata-Tag<\/a><\/h2><p class=\"fusion-single-line-meta\">By <span class=\"vcard\"><span class=\"fn\"><a href=\"http:\/\/www.ukd-stuttgart.de\/wordpress\/author\/admin\/\" title=\"Beitr\u00e4ge von admin\" rel=\"author\">admin<\/a><\/span><\/span><span class=\"fusion-inline-sep\">|<\/span><span class=\"updated\" style=\"display:none;\">2017-07-26T11:26:23+02:00<\/span><span>3. Mai 2017<\/span><span class=\"fusion-inline-sep\">|<\/span>Categories: <a href=\"http:\/\/www.ukd-stuttgart.de\/wordpress\/category\/lehrgaenge\/\" rel=\"category tag\">Lehrg\u00e4nge<\/a><span class=\"fusion-inline-sep\">|<\/span><\/p><div class=\"fusion-content-sep sep-double sep-solid\" style=\"border-color:#e0dede;\"><\/div><div class=\"fusion-post-content-container\"><p>Dieses Jahr waren zwei neue Trainer bei uns zu Gast in Stuttgart, n\u00e4mlich Martin H\u00e4ckl (4. Dan und erfahrener Wettk\u00e4mpfer) und Thorsten Steiner (3. Dan, Landestrainer Kata und Referent f\u00fcr Aus- und Fortbildung Hessen) In [...]<\/p><\/div><\/div><div class=\"fusion-meta-info\"><div class=\"fusion-alignleft\"><a class=\"fusion-read-more\" href=\"http:\/\/www.ukd-stuttgart.de\/wordpress\/11-stuttgarter-kata-tag\/\">Read More<\/a><\/div><\/div><\/div><div class=\"fusion-clearfix\"><\/div><\/div>\n<\/article>\n<article id=\"blog-1-post-13140\" class=\"fusion-post-grid post-13140 post type-post status-publish format-standard has-post-thumbnail hentry category-pruefungen\">\n<div class=\"fusion-post-wrapper\" style=\"background-color:rgba(255,255,255,0);border:1px solid #ebeaea;border-bottom-width:3px;\">\n\n\t\t\t<div class=\"fusion-flexslider flexslider fusion-flexslider-loading fusion-post-slideshow\" style=\"border-color:#ebeaea;\">\n\t\t<ul class=\"slides\">\n\t\t\t\n\t\t\t\t\t\t\t\t\t\t\t\t\t\t<li>\n\n<div  class=\"fusion-image-wrapper\" aria-haspopup=\"true\">\n\t\n\t\n\t\t\n\t\t\t\t\t<img src=\"http:\/\/www.ukd-stuttgart.de\/wordpress\/wp-content\/uploads\/2017\/03\/20170213_KyuPrufung.jpg\" class=\"attachment-full size-full wp-post-image\" alt=\"\" loading=\"lazy\" \/>\n\t\n\n\t\t<div class=\"fusion-rollover\">\n\t<div class=\"fusion-rollover-content\">\n\n\t\t\t\t\t\t\t\t\t\t\t\t\t\t<a class=\"fusion-rollover-link\" href=\"http:\/\/www.ukd-stuttgart.de\/wordpress\/kyu-pruefung-am-13-02-2017\/\">Kyu-Pr\u00fcfung am 13.02.2017<\/a>\n\t\t\t\n\t\t\t\t\t\t\t\t\t\t\t\t\t\t\n\t\t\t\t\t\t\t\t\n\t\t\t\t\t\t\t\t\t\t\t\t\t<div class=\"fusion-rollover-sep\"><\/div>\n\t\t\t\t\n\t\t\t\t\t\t\t\t\t\t\t\t\t\t\t\t\t\t<a class=\"fusion-rollover-gallery\" href=\"http:\/\/www.ukd-stuttgart.de\/wordpress\/wp-content\/uploads\/2017\/03\/20170213_KyuPrufung.jpg\" data-id=\"13140\" data-rel=\"iLightbox[gallery]\" data-title=\"Kyu Pr\u00fcfung 13.02.2017\" data-caption=\"\">\n\t\t\t\t\t\tGallery\t\t\t\t\t<\/a>\n\t\t\t\t\t\t\t\t\t\t\t\t\t\t\n\t\t\t\t\n\t\t\t\t\t\t\t\t\t\t\t\t<h4 class=\"fusion-rollover-title\">\n\t\t\t\t\t<a class=\"fusion-rollover-title-link\" href=\"http:\/\/www.ukd-stuttgart.de\/wordpress\/kyu-pruefung-am-13-02-2017\/\">\n\t\t\t\t\t\tKyu-Pr\u00fcfung am 13.02.2017\t\t\t\t\t<\/a>\n\t\t\t\t<\/h4>\n\t\t\t\n\t\t\t\t\t\t\t\t\t\t\t\t\t\t<div class=\"fusion-rollover-categories\"><a href=\"http:\/\/www.ukd-stuttgart.de\/wordpress\/category\/pruefungen\/\" rel=\"tag\">Pr\u00fcfungen<\/a><\/div>\t\t\t\t\t\n\t\t\n\t\t\t\t<a class=\"fusion-link-wrapper\" href=\"http:\/\/www.ukd-stuttgart.de\/wordpress\/kyu-pruefung-am-13-02-2017\/\" aria-label=\"Kyu-Pr\u00fcfung am 13.02.2017\"><\/a>\n\t<\/div>\n<\/div>\n\n\t\n<\/div>\n<\/li>\n\t\t\t\n\t\t\t\n\t\t\t\t\t\t\t\t\t\t\t\t\t\t\t\t\t\t\t\t\t\t\t\t\t\t\t\t\t\t\t\t\t\t\t\t\t\t\t\t\t\t\t\t\t\t\t\t\t\t\t\t\t\t\t\t\t\t\t\t\t\t\t\t\t\t\t\t<\/ul>\n\t<\/div>\n\t<div class=\"fusion-post-content-wrapper\" style=\"padding:30px 25px 20px 25px;\"><div class=\"fusion-post-content post-content\"><h2 class=\"blog-shortcode-post-title entry-title\"><a href=\"http:\/\/www.ukd-stuttgart.de\/wordpress\/kyu-pruefung-am-13-02-2017\/\">Kyu-Pr\u00fcfung am 13.02.2017<\/a><\/h2><p class=\"fusion-single-line-meta\">By <span class=\"vcard\"><span class=\"fn\"><a href=\"http:\/\/www.ukd-stuttgart.de\/wordpress\/author\/admin\/\" title=\"Beitr\u00e4ge von admin\" rel=\"author\">admin<\/a><\/span><\/span><span class=\"fusion-inline-sep\">|<\/span><span class=\"updated\" style=\"display:none;\">2017-03-03T14:08:49+01:00<\/span><span>3. M\u00e4rz 2017<\/span><span class=\"fusion-inline-sep\">|<\/span>Categories: <a href=\"http:\/\/www.ukd-stuttgart.de\/wordpress\/category\/pruefungen\/\" rel=\"category tag\">Pr\u00fcfungen<\/a><span class=\"fusion-inline-sep\">|<\/span><\/p><div class=\"fusion-content-sep sep-double sep-solid\" style=\"border-color:#e0dede;\"><\/div><div class=\"fusion-post-content-container\"><p>Am Montag den 13.02.2017 fand unsere Kyu-Pr\u00fcfung statt. Alle Pr\u00fcflinge haben sich sehr gut vorbereitet und zeigten gute Leistungen. Herzlichen Gl\u00fcckwunsch zur bestandenen Pr\u00fcfung! Macht weiter so ?<\/p><\/div><\/div><div class=\"fusion-meta-info\"><div class=\"fusion-alignleft\"><a class=\"fusion-read-more\" href=\"http:\/\/www.ukd-stuttgart.de\/wordpress\/kyu-pruefung-am-13-02-2017\/\">Read More<\/a><\/div><\/div><\/div><div class=\"fusion-clearfix\"><\/div><\/div>\n<\/article>\n<article id=\"blog-1-post-12996\" class=\"fusion-post-grid post-12996 post type-post status-publish format-standard has-post-thumbnail hentry category-pruefungen\">\n<div class=\"fusion-post-wrapper\" style=\"background-color:rgba(255,255,255,0);border:1px solid #ebeaea;border-bottom-width:3px;\">\n\n\t\t\t<div class=\"fusion-flexslider flexslider fusion-flexslider-loading fusion-post-slideshow\" style=\"border-color:#ebeaea;\">\n\t\t<ul class=\"slides\">\n\t\t\t\n\t\t\t\t\t\t\t\t\t\t\t\t\t\t<li>\n\n<div  class=\"fusion-image-wrapper\" aria-haspopup=\"true\">\n\t\n\t\n\t\t\n\t\t\t\t\t<img width=\"3990\" height=\"1821\" src=\"http:\/\/www.ukd-stuttgart.de\/wordpress\/wp-content\/uploads\/2016\/07\/DSC_7222.jpg\" class=\"attachment-full size-full wp-post-image\" alt=\"\" loading=\"lazy\" \/>\n\t\n\n\t\t<div class=\"fusion-rollover\">\n\t<div class=\"fusion-rollover-content\">\n\n\t\t\t\t\t\t\t\t\t\t\t\t\t\t<a class=\"fusion-rollover-link\" href=\"http:\/\/www.ukd-stuttgart.de\/wordpress\/kyu-pruefung-am-25-07-2016\/\">Kyu-Pr\u00fcfung am 25.07.2016<\/a>\n\t\t\t\n\t\t\t\t\t\t\t\t\t\t\t\t\t\t\n\t\t\t\t\t\t\t\t\n\t\t\t\t\t\t\t\t\t\t\t\t\t<div class=\"fusion-rollover-sep\"><\/div>\n\t\t\t\t\n\t\t\t\t\t\t\t\t\t\t\t\t\t\t\t\t\t\t<a class=\"fusion-rollover-gallery\" href=\"http:\/\/www.ukd-stuttgart.de\/wordpress\/wp-content\/uploads\/2016\/07\/DSC_7222.jpg\" data-id=\"12996\" data-rel=\"iLightbox[gallery]\" data-title=\"DSC_7222\" data-caption=\"\">\n\t\t\t\t\t\tGallery\t\t\t\t\t<\/a>\n\t\t\t\t\t\t\t\t\t\t\t\t\t\t\n\t\t\t\t\n\t\t\t\t\t\t\t\t\t\t\t\t<h4 class=\"fusion-rollover-title\">\n\t\t\t\t\t<a class=\"fusion-rollover-title-link\" href=\"http:\/\/www.ukd-stuttgart.de\/wordpress\/kyu-pruefung-am-25-07-2016\/\">\n\t\t\t\t\t\tKyu-Pr\u00fcfung am 25.07.2016\t\t\t\t\t<\/a>\n\t\t\t\t<\/h4>\n\t\t\t\n\t\t\t\t\t\t\t\t\t\t\t\t\t\t<div class=\"fusion-rollover-categories\"><a href=\"http:\/\/www.ukd-stuttgart.de\/wordpress\/category\/pruefungen\/\" rel=\"tag\">Pr\u00fcfungen<\/a><\/div>\t\t\t\t\t\n\t\t\n\t\t\t\t<a class=\"fusion-link-wrapper\" href=\"http:\/\/www.ukd-stuttgart.de\/wordpress\/kyu-pruefung-am-25-07-2016\/\" aria-label=\"Kyu-Pr\u00fcfung am 25.07.2016\"><\/a>\n\t<\/div>\n<\/div>\n\n\t\n<\/div>\n<\/li>\n\t\t\t\n\t\t\t\n\t\t\t\t\t\t\t\t\t\t\t\t\t\t\t\t\t\t\t\t\t\t\t\t\t\t\t\t\t\t\t\t\t\t\t\t\t\t\t\t\t\t\t\t\t\t\t\t\t\t\t\t\t\t\t\t\t\t\t\t\t\t\t\t\t\t\t\t<\/ul>\n\t<\/div>\n\t<div class=\"fusion-post-content-wrapper\" style=\"padding:30px 25px 20px 25px;\"><div class=\"fusion-post-content post-content\"><h2 class=\"blog-shortcode-post-title entry-title\"><a href=\"http:\/\/www.ukd-stuttgart.de\/wordpress\/kyu-pruefung-am-25-07-2016\/\">Kyu-Pr\u00fcfung am 25.07.2016<\/a><\/h2><p class=\"fusion-single-line-meta\">By <span class=\"vcard\"><span class=\"fn\"><a href=\"http:\/\/www.ukd-stuttgart.de\/wordpress\/author\/admin\/\" title=\"Beitr\u00e4ge von admin\" rel=\"author\">admin<\/a><\/span><\/span><span class=\"fusion-inline-sep\">|<\/span><span class=\"updated\" style=\"display:none;\">2016-07-26T17:51:59+02:00<\/span><span>26. Juli 2016<\/span><span class=\"fusion-inline-sep\">|<\/span>Categories: <a href=\"http:\/\/www.ukd-stuttgart.de\/wordpress\/category\/pruefungen\/\" rel=\"category tag\">Pr\u00fcfungen<\/a><span class=\"fusion-inline-sep\">|<\/span><\/p><div class=\"fusion-content-sep sep-double sep-solid\" style=\"border-color:#e0dede;\"><\/div><div class=\"fusion-post-content-container\"><p>Am Montag den 25.07.2016 fand unsere Sommer-Kyu-Pr\u00fcfung statt. Alle 15 Pr\u00fcflinge zeigten gute Leistungen und haben mit Bravour bestanden. Herzlichen Gl\u00fcckwunsch! Macht weiter so \ud83d\ude42<\/p><\/div><\/div><div class=\"fusion-meta-info\"><div class=\"fusion-alignleft\"><a class=\"fusion-read-more\" href=\"http:\/\/www.ukd-stuttgart.de\/wordpress\/kyu-pruefung-am-25-07-2016\/\">Read More<\/a><\/div><\/div><\/div><div class=\"fusion-clearfix\"><\/div><\/div>\n<\/article>\n<article id=\"blog-1-post-12753\" class=\"fusion-post-grid post-12753 post type-post status-publish format-standard has-post-thumbnail hentry category-lehrgaenge\">\n<div class=\"fusion-post-wrapper\" style=\"background-color:rgba(255,255,255,0);border:1px solid #ebeaea;border-bottom-width:3px;\">\n\n\t\t\t<div class=\"fusion-flexslider flexslider fusion-flexslider-loading fusion-post-slideshow\" style=\"border-color:#ebeaea;\">\n\t\t<ul class=\"slides\">\n\t\t\t\n\t\t\t\t\t\t\t\t\t\t\t\t\t\t<li>\n\n<div  class=\"fusion-image-wrapper\" aria-haspopup=\"true\">\n\t\n\t\n\t\t\n\t\t\t\t\t<img width=\"4492\" height=\"940\" src=\"http:\/\/www.ukd-stuttgart.de\/wordpress\/wp-content\/uploads\/2016\/04\/www-dojo-events-2016-04-09stuttgarterkatatag-kata-tag_2016.jpg\" class=\"attachment-full size-full wp-post-image\" alt=\"\" loading=\"lazy\" \/>\n\t\n\n\t\t<div class=\"fusion-rollover\">\n\t<div class=\"fusion-rollover-content\">\n\n\t\t\t\t\t\t\t\t\t\t\t\t\t\t<a class=\"fusion-rollover-link\" href=\"http:\/\/www.ukd-stuttgart.de\/wordpress\/musterbeitrag-2\/\">10. Stuttgarter Kata-Tag<\/a>\n\t\t\t\n\t\t\t\t\t\t\t\t\t\t\t\t\t\t\n\t\t\t\t\t\t\t\t\n\t\t\t\t\t\t\t\t\t\t\t\t\t<div class=\"fusion-rollover-sep\"><\/div>\n\t\t\t\t\n\t\t\t\t\t\t\t\t\t\t\t\t\t\t\t\t\t\t<a class=\"fusion-rollover-gallery\" href=\"http:\/\/www.ukd-stuttgart.de\/wordpress\/wp-content\/uploads\/2016\/04\/www-dojo-events-2016-04-09stuttgarterkatatag-kata-tag_2016.jpg\" data-id=\"12753\" data-rel=\"iLightbox[gallery]\" data-title=\"10. Stuttgarter Kata-Tag\" data-caption=\"\">\n\t\t\t\t\t\tGallery\t\t\t\t\t<\/a>\n\t\t\t\t\t\t\t\t\t\t\t\t\t\t\n\t\t\t\t\n\t\t\t\t\t\t\t\t\t\t\t\t<h4 class=\"fusion-rollover-title\">\n\t\t\t\t\t<a class=\"fusion-rollover-title-link\" href=\"http:\/\/www.ukd-stuttgart.de\/wordpress\/musterbeitrag-2\/\">\n\t\t\t\t\t\t10. Stuttgarter Kata-Tag\t\t\t\t\t<\/a>\n\t\t\t\t<\/h4>\n\t\t\t\n\t\t\t\t\t\t\t\t\t\t\t\t\t\t<div class=\"fusion-rollover-categories\"><a href=\"http:\/\/www.ukd-stuttgart.de\/wordpress\/category\/lehrgaenge\/\" rel=\"tag\">Lehrg\u00e4nge<\/a><\/div>\t\t\t\t\t\n\t\t\n\t\t\t\t<a class=\"fusion-link-wrapper\" href=\"http:\/\/www.ukd-stuttgart.de\/wordpress\/musterbeitrag-2\/\" aria-label=\"10. Stuttgarter Kata-Tag\"><\/a>\n\t<\/div>\n<\/div>\n\n\t\n<\/div>\n<\/li>\n\t\t\t\n\t\t\t\n\t\t\t\t\t\t\t\t\t\t\t\t\t\t\t\t\t\t\t\t\t\t\t\t\t\t\t\t\t\t\t\t\t\t\t\t\t\t\t\t\t\t\t\t\t\t\t\t\t\t\t\t\t\t\t\t\t\t\t\t\t\t\t\t\t\t\t\t<\/ul>\n\t<\/div>\n\t<div class=\"fusion-post-content-wrapper\" style=\"padding:30px 25px 20px 25px;\"><div class=\"fusion-post-content post-content\"><h2 class=\"blog-shortcode-post-title entry-title\"><a href=\"http:\/\/www.ukd-stuttgart.de\/wordpress\/musterbeitrag-2\/\">10. Stuttgarter Kata-Tag<\/a><\/h2><p class=\"fusion-single-line-meta\">By <span class=\"vcard\"><span class=\"fn\"><a href=\"http:\/\/www.ukd-stuttgart.de\/wordpress\/author\/admin\/\" title=\"Beitr\u00e4ge von admin\" rel=\"author\">admin<\/a><\/span><\/span><span class=\"fusion-inline-sep\">|<\/span><span class=\"updated\" style=\"display:none;\">2016-05-16T22:08:38+02:00<\/span><span>27. April 2016<\/span><span class=\"fusion-inline-sep\">|<\/span>Categories: <a href=\"http:\/\/www.ukd-stuttgart.de\/wordpress\/category\/lehrgaenge\/\" rel=\"category tag\">Lehrg\u00e4nge<\/a><span class=\"fusion-inline-sep\">|<\/span><\/p><div class=\"fusion-content-sep sep-double sep-solid\" style=\"border-color:#e0dede;\"><\/div><div class=\"fusion-post-content-container\"><p>In diesem Jahr hie\u00df es zum 10. Mal \u2026 Stuttgarter Kata-Tag. Wieder mit dabei waren Udo Boppr\u00e9, Andreas Ginger und Andreas Heinrich, Michael Sch\u00f6lz und ca. 100 Teilnehmer. Ein zentrales Thema war dieses Jahr die [...]<\/p><\/div><\/div><div class=\"fusion-meta-info\"><div class=\"fusion-alignleft\"><a class=\"fusion-read-more\" href=\"http:\/\/www.ukd-stuttgart.de\/wordpress\/musterbeitrag-2\/\">Read More<\/a><\/div><\/div><\/div><div class=\"fusion-clearfix\"><\/div><\/div>\n<\/article>\n<article id=\"blog-1-post-12383\" class=\"fusion-post-grid post-12383 post type-post status-publish format-standard has-post-thumbnail hentry category-pruefungen\">\n<div class=\"fusion-post-wrapper\" style=\"background-color:rgba(255,255,255,0);border:1px solid #ebeaea;border-bottom-width:3px;\">\n\n\t\t\t<div class=\"fusion-flexslider flexslider fusion-flexslider-loading fusion-post-slideshow\" style=\"border-color:#ebeaea;\">\n\t\t<ul class=\"slides\">\n\t\t\t\n\t\t\t\t\t\t\t\t\t\t\t\t\t\t<li>\n\n<div  class=\"fusion-image-wrapper\" aria-haspopup=\"true\">\n\t\n\t\n\t\t\n\t\t\t\t\t<img width=\"3264\" height=\"1456\" src=\"http:\/\/www.ukd-stuttgart.de\/wordpress\/wp-content\/uploads\/2016\/03\/www-dojo-events-wp_20160229_006.jpg\" class=\"attachment-full size-full wp-post-image\" alt=\"\" loading=\"lazy\" \/>\n\t\n\n\t\t<div class=\"fusion-rollover\">\n\t<div class=\"fusion-rollover-content\">\n\n\t\t\t\t\t\t\t\t\t\t\t\t\t\t<a class=\"fusion-rollover-link\" href=\"http:\/\/www.ukd-stuttgart.de\/wordpress\/ukd-website-relaunch\/\">Kyu-Pr\u00fcfung am 29.02.2016<\/a>\n\t\t\t\n\t\t\t\t\t\t\t\t\t\t\t\t\t\t\n\t\t\t\t\t\t\t\t\n\t\t\t\t\t\t\t\t\t\t\t\t\t<div class=\"fusion-rollover-sep\"><\/div>\n\t\t\t\t\n\t\t\t\t\t\t\t\t\t\t\t\t\t\t\t\t\t\t<a class=\"fusion-rollover-gallery\" href=\"http:\/\/www.ukd-stuttgart.de\/wordpress\/wp-content\/uploads\/2016\/03\/www-dojo-events-wp_20160229_006.jpg\" data-id=\"12383\" data-rel=\"iLightbox[gallery]\" data-title=\"Kyu Pr\u00fcfung am 29.02.2016\" data-caption=\"\">\n\t\t\t\t\t\tGallery\t\t\t\t\t<\/a>\n\t\t\t\t\t\t\t\t\t\t\t\t\t\t\n\t\t\t\t\n\t\t\t\t\t\t\t\t\t\t\t\t<h4 class=\"fusion-rollover-title\">\n\t\t\t\t\t<a class=\"fusion-rollover-title-link\" href=\"http:\/\/www.ukd-stuttgart.de\/wordpress\/ukd-website-relaunch\/\">\n\t\t\t\t\t\tKyu-Pr\u00fcfung am 29.02.2016\t\t\t\t\t<\/a>\n\t\t\t\t<\/h4>\n\t\t\t\n\t\t\t\t\t\t\t\t\t\t\t\t\t\t<div class=\"fusion-rollover-categories\"><a href=\"http:\/\/www.ukd-stuttgart.de\/wordpress\/category\/pruefungen\/\" rel=\"tag\">Pr\u00fcfungen<\/a><\/div>\t\t\t\t\t\n\t\t\n\t\t\t\t<a class=\"fusion-link-wrapper\" href=\"http:\/\/www.ukd-stuttgart.de\/wordpress\/ukd-website-relaunch\/\" aria-label=\"Kyu-Pr\u00fcfung am 29.02.2016\"><\/a>\n\t<\/div>\n<\/div>\n\n\t\n<\/div>\n<\/li>\n\t\t\t\n\t\t\t\n\t\t\t\t\t\t\t\t\t\t\t\t\t\t\t\t\t\t\t\t\t\t\t\t\t\t\t\t\t\t\t\t\t\t\t\t\t\t\t\t\t\t\t\t\t\t\t\t\t\t\t\t\t\t\t\t\t\t\t\t\t\t\t\t\t\t\t\t<\/ul>\n\t<\/div>\n\t<div class=\"fusion-post-content-wrapper\" style=\"padding:30px 25px 20px 25px;\"><div class=\"fusion-post-content post-content\"><h2 class=\"blog-shortcode-post-title entry-title\"><a href=\"http:\/\/www.ukd-stuttgart.de\/wordpress\/ukd-website-relaunch\/\">Kyu-Pr\u00fcfung am 29.02.2016<\/a><\/h2><p class=\"fusion-single-line-meta\">By <span class=\"vcard\"><span class=\"fn\"><a href=\"http:\/\/www.ukd-stuttgart.de\/wordpress\/author\/admin\/\" title=\"Beitr\u00e4ge von admin\" rel=\"author\">admin<\/a><\/span><\/span><span class=\"fusion-inline-sep\">|<\/span><span class=\"updated\" style=\"display:none;\">2018-11-17T00:58:39+01:00<\/span><span>8. M\u00e4rz 2016<\/span><span class=\"fusion-inline-sep\">|<\/span>Categories: <a href=\"http:\/\/www.ukd-stuttgart.de\/wordpress\/category\/pruefungen\/\" rel=\"category tag\">Pr\u00fcfungen<\/a><span class=\"fusion-inline-sep\">|<\/span><\/p><div class=\"fusion-content-sep sep-double sep-solid\" style=\"border-color:#e0dede;\"><\/div><div class=\"fusion-post-content-container\"><p>Am Montag den 29.02.2016 stellten sich 12 Karateka Ihrer Kyu-Pr\u00fcfung. Diese findet meist am Ende der Einsteigerkurse (UKD und Hochschulsport) statt. Einer trat f\u00fcr den 9.Kyu an, neun f\u00fcr den 8.Kyu und zwei f\u00fcr den [...]<\/p><\/div><\/div><div class=\"fusion-meta-info\"><div class=\"fusion-alignleft\"><a class=\"fusion-read-more\" href=\"http:\/\/www.ukd-stuttgart.de\/wordpress\/ukd-website-relaunch\/\">Read More<\/a><\/div><\/div><\/div><div class=\"fusion-clearfix\"><\/div><\/div>\n<\/article>\n<div class=\"fusion-clearfix\"><\/div><\/div><\/div><div class=\"fusion-clearfix\"><\/div><\/div><\/div><\/div><\/div><style type=\"text\/css\">.fusion-fullwidth.fusion-builder-row-3 a:not(.fusion-button):not(.fusion-builder-module-control):not(.fusion-social-network-icon):not(.fb-icon-element):not(.fusion-countdown-link):not(.fusion-rollover-link):not(.fusion-rollover-gallery):not(.fusion-button-bar):not(.add_to_cart_button):not(.show_details_button):not(.product_type_external):not(.fusion-quick-view):not(.fusion-rollover-title-link):not(.fusion-breadcrumb-link) , .fusion-fullwidth.fusion-builder-row-3 a:not(.fusion-button):not(.fusion-builder-module-control):not(.fusion-social-network-icon):not(.fb-icon-element):not(.fusion-countdown-link):not(.fusion-rollover-link):not(.fusion-rollover-gallery):not(.fusion-button-bar):not(.add_to_cart_button):not(.show_details_button):not(.product_type_external):not(.fusion-quick-view):not(.fusion-rollover-title-link):not(.fusion-breadcrumb-link):before, .fusion-fullwidth.fusion-builder-row-3 a:not(.fusion-button):not(.fusion-builder-module-control):not(.fusion-social-network-icon):not(.fb-icon-element):not(.fusion-countdown-link):not(.fusion-rollover-link):not(.fusion-rollover-gallery):not(.fusion-button-bar):not(.add_to_cart_button):not(.show_details_button):not(.product_type_external):not(.fusion-quick-view):not(.fusion-rollover-title-link):not(.fusion-breadcrumb-link):after {color: #333333;}.fusion-fullwidth.fusion-builder-row-3 a:not(.fusion-button):not(.fusion-builder-module-control):not(.fusion-social-network-icon):not(.fb-icon-element):not(.fusion-countdown-link):not(.fusion-rollover-link):not(.fusion-rollover-gallery):not(.fusion-button-bar):not(.add_to_cart_button):not(.show_details_button):not(.product_type_external):not(.fusion-quick-view):not(.fusion-rollover-title-link):not(.fusion-breadcrumb-link):hover, .fusion-fullwidth.fusion-builder-row-3 a:not(.fusion-button):not(.fusion-builder-module-control):not(.fusion-social-network-icon):not(.fb-icon-element):not(.fusion-countdown-link):not(.fusion-rollover-link):not(.fusion-rollover-gallery):not(.fusion-button-bar):not(.add_to_cart_button):not(.show_details_button):not(.product_type_external):not(.fusion-quick-view):not(.fusion-rollover-title-link):not(.fusion-breadcrumb-link):hover:before, .fusion-fullwidth.fusion-builder-row-3 a:not(.fusion-button):not(.fusion-builder-module-control):not(.fusion-social-network-icon):not(.fb-icon-element):not(.fusion-countdown-link):not(.fusion-rollover-link):not(.fusion-rollover-gallery):not(.fusion-button-bar):not(.add_to_cart_button):not(.show_details_button):not(.product_type_external):not(.fusion-quick-view):not(.fusion-rollover-title-link):not(.fusion-breadcrumb-link):hover:after {color: #9e9e9e;}.fusion-fullwidth.fusion-builder-row-3 .pagination a.inactive:hover, .fusion-fullwidth.fusion-builder-row-3 .fusion-filters .fusion-filter.fusion-active a {border-color: #9e9e9e;}.fusion-fullwidth.fusion-builder-row-3 .pagination .current {border-color: #9e9e9e; background-color: #9e9e9e;}.fusion-fullwidth.fusion-builder-row-3 .fusion-filters .fusion-filter.fusion-active a, .fusion-fullwidth.fusion-builder-row-3 .fusion-date-and-formats .fusion-format-box, .fusion-fullwidth.fusion-builder-row-3 .fusion-popover, .fusion-fullwidth.fusion-builder-row-3 .tooltip-shortcode {color: #9e9e9e;}#main .fusion-fullwidth.fusion-builder-row-3 .post .blog-shortcode-post-title a:hover {color: #9e9e9e;}<\/style><div class=\"fusion-fullwidth fullwidth-box fusion-builder-row-4 hundred-percent-fullwidth non-hundred-percent-height-scrolling\"  style='background-color: rgba(255,255,255,0);background-position: center center;background-repeat: no-repeat;padding-top:0px;padding-right:20px;padding-bottom:0px;padding-left:20px;margin-bottom: 40px;margin-top: 25px;border-top-width:0px;border-bottom-width:0px;border-color:#eae9e9;border-top-style:solid;border-bottom-style:solid;'><div class=\"fusion-builder-row fusion-row \"><div  class=\"fusion-layout-column fusion_builder_column fusion_builder_column_1_1 fusion-builder-column-3 fusion-one-full fusion-column-first fusion-column-last fusion-column-no-min-height 1_1\"  style='margin-top:0px;margin-bottom:0px;width:100%'><div class=\"fusion-column-wrapper\" style=\"padding: 0px 0px 0px 0px;background-position:left top;background-repeat:no-repeat;-webkit-background-size:cover;-moz-background-size:cover;-o-background-size:cover;background-size:cover;\"   data-bg-url=\"\"><div class=\"fusion-sep-clear\"><\/div><div class=\"fusion-separator fusion-full-width-sep sep-single sep-solid\" style=\"border-color:#cdcdcd;border-top-width:1px;margin-left: auto;margin-right: auto;margin-top:;\"><span class=\"icon-wrapper\" style=\"border-color:transparent;width: calc(13px * 2 );height: calc(13px * 2 );border-width:1px;padding:1px;margin-top:-0.5px\"><i class=\"fa-chevron-down fas\" style=\"color:#cdcdcd;font-size:13px;\"><\/i><\/span><\/div><div class=\"fusion-clearfix\"><\/div><\/div><\/div><\/div><\/div><div class=\"fusion-fullwidth fullwidth-box fusion-builder-row-5 nonhundred-percent-fullwidth non-hundred-percent-height-scrolling\"  style='background-color: rgba(255,255,255,0);background-position: left top;background-repeat: no-repeat;padding-top:25px;padding-right:0px;padding-bottom:20px;padding-left:0px;border-top-width:0px;border-bottom-width:0px;border-color:#eae9e9;border-top-style:solid;border-bottom-style:solid;'><div class=\"fusion-builder-row fusion-row \"><div  class=\"fusion-layout-column fusion_builder_column fusion_builder_column_1_2 fusion-builder-column-4 fusion-one-half fusion-column-first 1_2\"  style='margin-top:0px;margin-bottom:20px;width:48%; margin-right: 4%;'><div class=\"fusion-column-wrapper\" style=\"padding: 0px 0px 0px 0px;background-position:left top;background-repeat:no-repeat;-webkit-background-size:cover;-moz-background-size:cover;-o-background-size:cover;background-size:cover;\"   data-bg-url=\"\"><div class=\"fusion-text\"><p>Unser Karateverein ist Mitglied im <a href=\"http:\/\/www.karate.de\/\" target=\"_blank\" rel=\"noopener\">Deutschen Karate Verband (DKV)<\/a> und im <a href=\"http:\/\/www.karate-kvbw.de\/\" target=\"_blank\" rel=\"noopener\">Karate Verband Baden-W\u00fcrttemberg (KVBW)<\/a>. Wir werden unterst\u00fctzt vom <a href=\"http:\/\/www.wlsb.de\/\" target=\"_blank\" rel=\"noopener\">W\u00fcrttembergischen Landessportbund (WLSB)<\/a> und von der Sportverwaltung der Stadt Stuttgart.<\/p>\n<p><img loading=\"lazy\" class=\"alignleft wp-image-11851 size-full\" src=\"http:\/\/www.ukd-stuttgart.de\/wordpress\/wp-content\/uploads\/2014\/11\/mitgliedschaften.jpg\" alt=\"mitgliedschaften\" width=\"706\" height=\"191\" srcset=\"http:\/\/www.ukd-stuttgart.de\/wordpress\/wp-content\/uploads\/2014\/11\/mitgliedschaften-300x81.jpg 300w, http:\/\/www.ukd-stuttgart.de\/wordpress\/wp-content\/uploads\/2014\/11\/mitgliedschaften.jpg 706w\" sizes=\"(max-width: 706px) 100vw, 706px\" \/><\/p>\n<\/div><div class=\"fusion-clearfix\"><\/div><\/div><\/div><div  class=\"fusion-layout-column fusion_builder_column fusion_builder_column_1_2 fusion-builder-column-5 fusion-one-half fusion-column-last 1_2\"  style='margin-top:0px;margin-bottom:20px;width:48%'><div class=\"fusion-column-wrapper\" style=\"padding: 0px 0px 0px 0px;background-position:left top;background-repeat:no-repeat;-webkit-background-size:cover;-moz-background-size:cover;-o-background-size:cover;background-size:cover;\"   data-bg-url=\"\"><div class=\"fusion-text\"><p>Wir trainieren Shotokan Karate und sind stilrichtungsoffen ausgelegt. Kostenloses Probetraining ist jederzeit m\u00f6glich \u2013 wir freuen uns auf Dich! F\u00fcr Anf\u00e4ngerinnen und Anf\u00e4nger bieten wir regelm\u00e4\u00dfig Kurse an.<\/p>\n<p>Wichtige Vereinsinformationen gibt es unter <a href=\"http:\/\/www.ukd-stuttgart.de\/wordpress\/aktuelles\/\">Aktuelles<\/a>.<\/p>\n<\/div><div class=\"fusion-clearfix\"><\/div><\/div><\/div><\/div><\/div><\/p>\n","protected":false},"excerpt":{"rendered":"","protected":false},"author":1,"featured_media":0,"parent":0,"menu_order":0,"comment_status":"closed","ping_status":"closed","template":"100-width.php","meta":{"ngg_post_thumbnail":0},"_links":{"self":[{"href":"http:\/\/www.ukd-stuttgart.de\/wordpress\/wp-json\/wp\/v2\/pages\/10709"}],"collection":[{"href":"http:\/\/www.ukd-stuttgart.de\/wordpress\/wp-json\/wp\/v2\/pages"}],"about":[{"href":"http:\/\/www.ukd-stuttgart.de\/wordpress\/wp-json\/wp\/v2\/types\/page"}],"author":[{"embeddable":true,"href":"http:\/\/www.ukd-stuttgart.de\/wordpress\/wp-json\/wp\/v2\/users\/1"}],"replies":[{"embeddable":true,"href":"http:\/\/www.ukd-stuttgart.de\/wordpress\/wp-json\/wp\/v2\/comments?post=10709"}],"version-history":[{"count":33,"href":"http:\/\/www.ukd-stuttgart.de\/wordpress\/wp-json\/wp\/v2\/pages\/10709\/revisions"}],"predecessor-version":[{"id":13852,"href":"http:\/\/www.ukd-stuttgart.de\/wordpress\/wp-json\/wp\/v2\/pages\/10709\/revisions\/13852"}],"wp:attachment":[{"href":"http:\/\/www.ukd-stuttgart.de\/wordpress\/wp-json\/wp\/v2\/media?parent=10709"}],"curies":[{"name":"wp","href":"https:\/\/api.w.org\/{rel}","templated":true}]}}